{"id":25993,"date":"2022-08-30T16:49:11","date_gmt":"2022-08-30T13:49:11","guid":{"rendered":"https:\/\/reciclador.green\/?page_id=25993"},"modified":"2023-01-22T13:40:27","modified_gmt":"2023-01-22T11:40:27","slug":"2022-letape-romania-by-tour-de-france","status":"publish","type":"page","link":"https:\/\/reciclador.green\/en\/2022-letape-romania-by-tour-de-france\/","title":{"rendered":"2022 -L\u2019\u00c9tape Rom\u00e2nia by Tour de France"},"content":{"rendered":"<section  class='av_textblock_section av-l7g952z0-2cb72b4fd5c72b4db1ab45186a1dc60d '   itemscope=\"itemscope\" itemtype=\"https:\/\/schema.org\/CreativeWork\" ><div class='avia_textblock'  itemprop=\"text\" ><h2>L&#8217;\u00c9tape Rom\u00e2nia by Tour de France, 28 august 2022<\/h2>\n<\/div><\/section>\n\n<style type=\"text\/css\" data-created_by=\"avia_inline_auto\" id=\"style-css-av-l7g8wrpr-3b660a36938bafa39e1d3e286bd8fc46\">\n#top .avia-gallery.av-l7g8wrpr-3b660a36938bafa39e1d3e286bd8fc46 .avia-gallery-thumb a{\nwidth:33.3333%;\n}\n<\/style>\n<div  class='avia-gallery av-l7g8wrpr-3b660a36938bafa39e1d3e286bd8fc46 avia_animate_when_visible  avia-builder-el-1  el_after_av_textblock  avia-builder-el-last  animations_off avia-gallery-1'  itemprop=\"image\" itemscope=\"itemscope\" itemtype=\"https:\/\/schema.org\/ImageObject\" ><meta itemprop=\"contentURL\" content=\"https:\/\/reciclador.green\/en\/2022-letape-romania-by-tour-de-france\/\"><div class='avia-gallery-thumb'><a href=\"https:\/\/reciclador.green\/wp-content\/uploads\/2022\/08\/LEtape-Romania-by-Tour-de-France-1-1030x687.jpg\" data-srcset=\"https:\/\/reciclador.green\/wp-content\/uploads\/2022\/08\/LEtape-Romania-by-Tour-de-France-1-1030x687.jpg 1030w, https:\/\/reciclador.green\/wp-content\/uploads\/2022\/08\/LEtape-Romania-by-Tour-de-France-1-300x200.jpg 300w, https:\/\/reciclador.green\/wp-content\/uploads\/2022\/08\/LEtape-Romania-by-Tour-de-France-1-768x512.jpg 768w, https:\/\/reciclador.green\/wp-content\/uploads\/2022\/08\/LEtape-Romania-by-Tour-de-France-1-600x400.jpg 600w, https:\/\/reciclador.green\/wp-content\/uploads\/2022\/08\/LEtape-Romania-by-Tour-de-France-1-705x470.jpg 705w, https:\/\/reciclador.green\/wp-content\/uploads\/2022\/08\/LEtape-Romania-by-Tour-de-France-1.jpg 1080w\" data-sizes=\"(max-width: 1030px) 100vw, 1030px\" data-rel='gallery-1' data-prev-img='https:\/\/reciclador.green\/wp-content\/uploads\/2022\/08\/LEtape-Romania-by-Tour-de-France-1-495x400.jpg' class='first_thumb lightbox ' data-onclick='1' title='L&#039;\u00c9tape Rom\u00e2nia by Tour de France (1)'  itemprop=\"thumbnailUrl\"  ><img decoding=\"async\" fetchpriority=\"high\" class=\"wp-image-23306 avia-img-lazy-loading-not-23306\"   src=\"https:\/\/reciclador.green\/wp-content\/uploads\/2022\/08\/LEtape-Romania-by-Tour-de-France-1-495x400.jpg\" width=\"495\" height=\"400\"  title='L&#039;\u00c9tape Rom\u00e2nia by Tour de France (1)' alt='' srcset=\"https:\/\/reciclador.green\/wp-content\/uploads\/2022\/08\/LEtape-Romania-by-Tour-de-France-1-495x400.jpg 495w, https:\/\/reciclador.green\/wp-content\/uploads\/2022\/08\/LEtape-Romania-by-Tour-de-France-1-845x684.jpg 845w\" sizes=\"(max-width: 495px) 100vw, 495px\" \/><div class='big-prev-fake'><img decoding=\"async\" loading=\"lazy\" class=\"wp-image-23306 avia-img-lazy-loading-23306\"  width=\"495\" height=\"400\" src=\"https:\/\/reciclador.green\/wp-content\/uploads\/2022\/08\/LEtape-Romania-by-Tour-de-France-1-495x400.jpg\" title='L&#039;\u00c9tape Rom\u00e2nia by Tour de France (1)' alt='' srcset=\"https:\/\/reciclador.green\/wp-content\/uploads\/2022\/08\/LEtape-Romania-by-Tour-de-France-1-495x400.jpg 495w, https:\/\/reciclador.green\/wp-content\/uploads\/2022\/08\/LEtape-Romania-by-Tour-de-France-1-845x684.jpg 845w\" sizes=\"auto, (max-width: 495px) 100vw, 495px\" \/><\/div><\/a><a href=\"https:\/\/reciclador.green\/wp-content\/uploads\/2022\/08\/LEtape-Romania-by-Tour-de-France-2-1030x687.jpg\" data-srcset=\"https:\/\/reciclador.green\/wp-content\/uploads\/2022\/08\/LEtape-Romania-by-Tour-de-France-2-1030x687.jpg 1030w, https:\/\/reciclador.green\/wp-content\/uploads\/2022\/08\/LEtape-Romania-by-Tour-de-France-2-300x200.jpg 300w, https:\/\/reciclador.green\/wp-content\/uploads\/2022\/08\/LEtape-Romania-by-Tour-de-France-2-768x512.jpg 768w, https:\/\/reciclador.green\/wp-content\/uploads\/2022\/08\/LEtape-Romania-by-Tour-de-France-2-600x400.jpg 600w, https:\/\/reciclador.green\/wp-content\/uploads\/2022\/08\/LEtape-Romania-by-Tour-de-France-2-705x470.jpg 705w, https:\/\/reciclador.green\/wp-content\/uploads\/2022\/08\/LEtape-Romania-by-Tour-de-France-2.jpg 1080w\" data-sizes=\"(max-width: 1030px) 100vw, 1030px\" data-rel='gallery-1' data-prev-img='https:\/\/reciclador.green\/wp-content\/uploads\/2022\/08\/LEtape-Romania-by-Tour-de-France-2-495x400.jpg' class='lightbox ' data-onclick='2' title='L&#039;\u00c9tape Rom\u00e2nia by Tour de France (2)'  itemprop=\"thumbnailUrl\"  ><img decoding=\"async\" fetchpriority=\"high\" class=\"wp-image-23308 avia-img-lazy-loading-not-23308\"   src=\"https:\/\/reciclador.green\/wp-content\/uploads\/2022\/08\/LEtape-Romania-by-Tour-de-France-2-495x400.jpg\" width=\"495\" height=\"400\"  title='L&#039;\u00c9tape Rom\u00e2nia by Tour de France (2)' alt='' srcset=\"https:\/\/reciclador.green\/wp-content\/uploads\/2022\/08\/LEtape-Romania-by-Tour-de-France-2-495x400.jpg 495w, https:\/\/reciclador.green\/wp-content\/uploads\/2022\/08\/LEtape-Romania-by-Tour-de-France-2-845x684.jpg 845w\" sizes=\"(max-width: 495px) 100vw, 495px\" \/><div class='big-prev-fake'><img decoding=\"async\" loading=\"lazy\" class=\"wp-image-23308 avia-img-lazy-loading-23308\"  width=\"495\" height=\"400\" src=\"https:\/\/reciclador.green\/wp-content\/uploads\/2022\/08\/LEtape-Romania-by-Tour-de-France-2-495x400.jpg\" title='L&#039;\u00c9tape Rom\u00e2nia by Tour de France (2)' alt='' srcset=\"https:\/\/reciclador.green\/wp-content\/uploads\/2022\/08\/LEtape-Romania-by-Tour-de-France-2-495x400.jpg 495w, https:\/\/reciclador.green\/wp-content\/uploads\/2022\/08\/LEtape-Romania-by-Tour-de-France-2-845x684.jpg 845w\" sizes=\"auto, (max-width: 495px) 100vw, 495px\" \/><\/div><\/a><a href=\"https:\/\/reciclador.green\/wp-content\/uploads\/2022\/08\/LEtape-Romania-by-Tour-de-France-3-1030x687.jpg\" data-srcset=\"https:\/\/reciclador.green\/wp-content\/uploads\/2022\/08\/LEtape-Romania-by-Tour-de-France-3-1030x687.jpg 1030w, https:\/\/reciclador.green\/wp-content\/uploads\/2022\/08\/LEtape-Romania-by-Tour-de-France-3-300x200.jpg 300w, https:\/\/reciclador.green\/wp-content\/uploads\/2022\/08\/LEtape-Romania-by-Tour-de-France-3-768x512.jpg 768w, https:\/\/reciclador.green\/wp-content\/uploads\/2022\/08\/LEtape-Romania-by-Tour-de-France-3-600x400.jpg 600w, https:\/\/reciclador.green\/wp-content\/uploads\/2022\/08\/LEtape-Romania-by-Tour-de-France-3-705x470.jpg 705w, https:\/\/reciclador.green\/wp-content\/uploads\/2022\/08\/LEtape-Romania-by-Tour-de-France-3.jpg 1080w\" data-sizes=\"(max-width: 1030px) 100vw, 1030px\" data-rel='gallery-1' data-prev-img='https:\/\/reciclador.green\/wp-content\/uploads\/2022\/08\/LEtape-Romania-by-Tour-de-France-3-495x400.jpg' class='lightbox ' data-onclick='3' title='L&#039;\u00c9tape Rom\u00e2nia by Tour de France (3)'  itemprop=\"thumbnailUrl\"  ><img decoding=\"async\" fetchpriority=\"high\" class=\"wp-image-23310 avia-img-lazy-loading-not-23310\"   src=\"https:\/\/reciclador.green\/wp-content\/uploads\/2022\/08\/LEtape-Romania-by-Tour-de-France-3-495x400.jpg\" width=\"495\" height=\"400\"  title='L&#039;\u00c9tape Rom\u00e2nia by Tour de France (3)' alt='' srcset=\"https:\/\/reciclador.green\/wp-content\/uploads\/2022\/08\/LEtape-Romania-by-Tour-de-France-3-495x400.jpg 495w, https:\/\/reciclador.green\/wp-content\/uploads\/2022\/08\/LEtape-Romania-by-Tour-de-France-3-845x684.jpg 845w\" sizes=\"(max-width: 495px) 100vw, 495px\" \/><div class='big-prev-fake'><img decoding=\"async\" loading=\"lazy\" class=\"wp-image-23310 avia-img-lazy-loading-23310\"  width=\"495\" height=\"400\" src=\"https:\/\/reciclador.green\/wp-content\/uploads\/2022\/08\/LEtape-Romania-by-Tour-de-France-3-495x400.jpg\" title='L&#039;\u00c9tape Rom\u00e2nia by Tour de France (3)' alt='' srcset=\"https:\/\/reciclador.green\/wp-content\/uploads\/2022\/08\/LEtape-Romania-by-Tour-de-France-3-495x400.jpg 495w, https:\/\/reciclador.green\/wp-content\/uploads\/2022\/08\/LEtape-Romania-by-Tour-de-France-3-845x684.jpg 845w\" sizes=\"auto, (max-width: 495px) 100vw, 495px\" \/><\/div><\/a><a href=\"https:\/\/reciclador.green\/wp-content\/uploads\/2022\/08\/LEtape-Romania-by-Tour-de-France-4-1030x687.jpg\" data-srcset=\"https:\/\/reciclador.green\/wp-content\/uploads\/2022\/08\/LEtape-Romania-by-Tour-de-France-4-1030x687.jpg 1030w, https:\/\/reciclador.green\/wp-content\/uploads\/2022\/08\/LEtape-Romania-by-Tour-de-France-4-300x200.jpg 300w, https:\/\/reciclador.green\/wp-content\/uploads\/2022\/08\/LEtape-Romania-by-Tour-de-France-4-768x512.jpg 768w, https:\/\/reciclador.green\/wp-content\/uploads\/2022\/08\/LEtape-Romania-by-Tour-de-France-4-600x400.jpg 600w, https:\/\/reciclador.green\/wp-content\/uploads\/2022\/08\/LEtape-Romania-by-Tour-de-France-4-705x470.jpg 705w, https:\/\/reciclador.green\/wp-content\/uploads\/2022\/08\/LEtape-Romania-by-Tour-de-France-4.jpg 1080w\" data-sizes=\"(max-width: 1030px) 100vw, 1030px\" data-rel='gallery-1' data-prev-img='https:\/\/reciclador.green\/wp-content\/uploads\/2022\/08\/LEtape-Romania-by-Tour-de-France-4-495x400.jpg' class='first_thumb lightbox ' data-onclick='4' title='L&#039;\u00c9tape Rom\u00e2nia by Tour de France (4)'  itemprop=\"thumbnailUrl\"  ><img decoding=\"async\" fetchpriority=\"high\" class=\"wp-image-23312 avia-img-lazy-loading-not-23312\"   src=\"https:\/\/reciclador.green\/wp-content\/uploads\/2022\/08\/LEtape-Romania-by-Tour-de-France-4-495x400.jpg\" width=\"495\" height=\"400\"  title='L&#039;\u00c9tape Rom\u00e2nia by Tour de France (4)' alt='' srcset=\"https:\/\/reciclador.green\/wp-content\/uploads\/2022\/08\/LEtape-Romania-by-Tour-de-France-4-495x400.jpg 495w, https:\/\/reciclador.green\/wp-content\/uploads\/2022\/08\/LEtape-Romania-by-Tour-de-France-4-845x684.jpg 845w\" sizes=\"(max-width: 495px) 100vw, 495px\" \/><div class='big-prev-fake'><img decoding=\"async\" loading=\"lazy\" class=\"wp-image-23312 avia-img-lazy-loading-23312\"  width=\"495\" height=\"400\" src=\"https:\/\/reciclador.green\/wp-content\/uploads\/2022\/08\/LEtape-Romania-by-Tour-de-France-4-495x400.jpg\" title='L&#039;\u00c9tape Rom\u00e2nia by Tour de France (4)' alt='' srcset=\"https:\/\/reciclador.green\/wp-content\/uploads\/2022\/08\/LEtape-Romania-by-Tour-de-France-4-495x400.jpg 495w, https:\/\/reciclador.green\/wp-content\/uploads\/2022\/08\/LEtape-Romania-by-Tour-de-France-4-845x684.jpg 845w\" sizes=\"auto, (max-width: 495px) 100vw, 495px\" \/><\/div><\/a><a href=\"https:\/\/reciclador.green\/wp-content\/uploads\/2022\/08\/LEtape-Romania-by-Tour-de-France-5-1030x687.jpg\" data-srcset=\"https:\/\/reciclador.green\/wp-content\/uploads\/2022\/08\/LEtape-Romania-by-Tour-de-France-5-1030x687.jpg 1030w, https:\/\/reciclador.green\/wp-content\/uploads\/2022\/08\/LEtape-Romania-by-Tour-de-France-5-300x200.jpg 300w, https:\/\/reciclador.green\/wp-content\/uploads\/2022\/08\/LEtape-Romania-by-Tour-de-France-5-768x512.jpg 768w, https:\/\/reciclador.green\/wp-content\/uploads\/2022\/08\/LEtape-Romania-by-Tour-de-France-5-600x400.jpg 600w, https:\/\/reciclador.green\/wp-content\/uploads\/2022\/08\/LEtape-Romania-by-Tour-de-France-5-705x470.jpg 705w, https:\/\/reciclador.green\/wp-content\/uploads\/2022\/08\/LEtape-Romania-by-Tour-de-France-5.jpg 1080w\" data-sizes=\"(max-width: 1030px) 100vw, 1030px\" data-rel='gallery-1' data-prev-img='https:\/\/reciclador.green\/wp-content\/uploads\/2022\/08\/LEtape-Romania-by-Tour-de-France-5-495x400.jpg' class='lightbox ' data-onclick='5' title='L&#039;\u00c9tape Rom\u00e2nia by Tour de France (5)'  itemprop=\"thumbnailUrl\"  ><img decoding=\"async\" fetchpriority=\"high\" class=\"wp-image-23314 avia-img-lazy-loading-not-23314\"   src=\"https:\/\/reciclador.green\/wp-content\/uploads\/2022\/08\/LEtape-Romania-by-Tour-de-France-5-495x400.jpg\" width=\"495\" height=\"400\"  title='L&#039;\u00c9tape Rom\u00e2nia by Tour de France (5)' alt='' srcset=\"https:\/\/reciclador.green\/wp-content\/uploads\/2022\/08\/LEtape-Romania-by-Tour-de-France-5-495x400.jpg 495w, https:\/\/reciclador.green\/wp-content\/uploads\/2022\/08\/LEtape-Romania-by-Tour-de-France-5-845x684.jpg 845w\" sizes=\"(max-width: 495px) 100vw, 495px\" \/><div class='big-prev-fake'><img decoding=\"async\" loading=\"lazy\" class=\"wp-image-23314 avia-img-lazy-loading-23314\"  width=\"495\" height=\"400\" src=\"https:\/\/reciclador.green\/wp-content\/uploads\/2022\/08\/LEtape-Romania-by-Tour-de-France-5-495x400.jpg\" title='L&#039;\u00c9tape Rom\u00e2nia by Tour de France (5)' alt='' srcset=\"https:\/\/reciclador.green\/wp-content\/uploads\/2022\/08\/LEtape-Romania-by-Tour-de-France-5-495x400.jpg 495w, https:\/\/reciclador.green\/wp-content\/uploads\/2022\/08\/LEtape-Romania-by-Tour-de-France-5-845x684.jpg 845w\" sizes=\"auto, (max-width: 495px) 100vw, 495px\" \/><\/div><\/a><a href=\"https:\/\/reciclador.green\/wp-content\/uploads\/2022\/08\/LEtape-Romania-by-Tour-de-France-6-1030x687.jpg\" data-srcset=\"https:\/\/reciclador.green\/wp-content\/uploads\/2022\/08\/LEtape-Romania-by-Tour-de-France-6-1030x687.jpg 1030w, https:\/\/reciclador.green\/wp-content\/uploads\/2022\/08\/LEtape-Romania-by-Tour-de-France-6-300x200.jpg 300w, https:\/\/reciclador.green\/wp-content\/uploads\/2022\/08\/LEtape-Romania-by-Tour-de-France-6-768x512.jpg 768w, https:\/\/reciclador.green\/wp-content\/uploads\/2022\/08\/LEtape-Romania-by-Tour-de-France-6-600x400.jpg 600w, https:\/\/reciclador.green\/wp-content\/uploads\/2022\/08\/LEtape-Romania-by-Tour-de-France-6-705x470.jpg 705w, https:\/\/reciclador.green\/wp-content\/uploads\/2022\/08\/LEtape-Romania-by-Tour-de-France-6.jpg 1080w\" data-sizes=\"(max-width: 1030px) 100vw, 1030px\" data-rel='gallery-1' data-prev-img='https:\/\/reciclador.green\/wp-content\/uploads\/2022\/08\/LEtape-Romania-by-Tour-de-France-6-495x400.jpg' class='lightbox ' data-onclick='6' title='L&#039;\u00c9tape Rom\u00e2nia by Tour de France (6)'  itemprop=\"thumbnailUrl\"  ><img decoding=\"async\" fetchpriority=\"high\" class=\"wp-image-23316 avia-img-lazy-loading-not-23316\"   src=\"https:\/\/reciclador.green\/wp-content\/uploads\/2022\/08\/LEtape-Romania-by-Tour-de-France-6-495x400.jpg\" width=\"495\" height=\"400\"  title='L&#039;\u00c9tape Rom\u00e2nia by Tour de France (6)' alt='' srcset=\"https:\/\/reciclador.green\/wp-content\/uploads\/2022\/08\/LEtape-Romania-by-Tour-de-France-6-495x400.jpg 495w, https:\/\/reciclador.green\/wp-content\/uploads\/2022\/08\/LEtape-Romania-by-Tour-de-France-6-845x684.jpg 845w\" sizes=\"(max-width: 495px) 100vw, 495px\" \/><div class='big-prev-fake'><img decoding=\"async\" loading=\"lazy\" class=\"wp-image-23316 avia-img-lazy-loading-23316\"  width=\"495\" height=\"400\" src=\"https:\/\/reciclador.green\/wp-content\/uploads\/2022\/08\/LEtape-Romania-by-Tour-de-France-6-495x400.jpg\" title='L&#039;\u00c9tape Rom\u00e2nia by Tour de France (6)' alt='' srcset=\"https:\/\/reciclador.green\/wp-content\/uploads\/2022\/08\/LEtape-Romania-by-Tour-de-France-6-495x400.jpg 495w, https:\/\/reciclador.green\/wp-content\/uploads\/2022\/08\/LEtape-Romania-by-Tour-de-France-6-845x684.jpg 845w\" sizes=\"auto, (max-width: 495px) 100vw, 495px\" \/><\/div><\/a><a href=\"https:\/\/reciclador.green\/wp-content\/uploads\/2022\/08\/LEtape-Romania-by-Tour-de-France-7-1030x687.jpg\" data-srcset=\"https:\/\/reciclador.green\/wp-content\/uploads\/2022\/08\/LEtape-Romania-by-Tour-de-France-7-1030x687.jpg 1030w, https:\/\/reciclador.green\/wp-content\/uploads\/2022\/08\/LEtape-Romania-by-Tour-de-France-7-300x200.jpg 300w, https:\/\/reciclador.green\/wp-content\/uploads\/2022\/08\/LEtape-Romania-by-Tour-de-France-7-768x512.jpg 768w, https:\/\/reciclador.green\/wp-content\/uploads\/2022\/08\/LEtape-Romania-by-Tour-de-France-7-600x400.jpg 600w, https:\/\/reciclador.green\/wp-content\/uploads\/2022\/08\/LEtape-Romania-by-Tour-de-France-7-705x470.jpg 705w, https:\/\/reciclador.green\/wp-content\/uploads\/2022\/08\/LEtape-Romania-by-Tour-de-France-7.jpg 1080w\" data-sizes=\"(max-width: 1030px) 100vw, 1030px\" data-rel='gallery-1' data-prev-img='https:\/\/reciclador.green\/wp-content\/uploads\/2022\/08\/LEtape-Romania-by-Tour-de-France-7-495x400.jpg' class='first_thumb lightbox ' data-onclick='7' title='L&#039;\u00c9tape Rom\u00e2nia by Tour de France (7)'  itemprop=\"thumbnailUrl\"  ><img decoding=\"async\" fetchpriority=\"high\" class=\"wp-image-23318 avia-img-lazy-loading-not-23318\"   src=\"https:\/\/reciclador.green\/wp-content\/uploads\/2022\/08\/LEtape-Romania-by-Tour-de-France-7-495x400.jpg\" width=\"495\" height=\"400\"  title='L&#039;\u00c9tape Rom\u00e2nia by Tour de France (7)' alt='' srcset=\"https:\/\/reciclador.green\/wp-content\/uploads\/2022\/08\/LEtape-Romania-by-Tour-de-France-7-495x400.jpg 495w, https:\/\/reciclador.green\/wp-content\/uploads\/2022\/08\/LEtape-Romania-by-Tour-de-France-7-845x684.jpg 845w\" sizes=\"(max-width: 495px) 100vw, 495px\" \/><div class='big-prev-fake'><img decoding=\"async\" loading=\"lazy\" class=\"wp-image-23318 avia-img-lazy-loading-23318\"  width=\"495\" height=\"400\" src=\"https:\/\/reciclador.green\/wp-content\/uploads\/2022\/08\/LEtape-Romania-by-Tour-de-France-7-495x400.jpg\" title='L&#039;\u00c9tape Rom\u00e2nia by Tour de France (7)' alt='' srcset=\"https:\/\/reciclador.green\/wp-content\/uploads\/2022\/08\/LEtape-Romania-by-Tour-de-France-7-495x400.jpg 495w, https:\/\/reciclador.green\/wp-content\/uploads\/2022\/08\/LEtape-Romania-by-Tour-de-France-7-845x684.jpg 845w\" sizes=\"auto, (max-width: 495px) 100vw, 495px\" \/><\/div><\/a><a href=\"https:\/\/reciclador.green\/wp-content\/uploads\/2022\/08\/LEtape-Romania-by-Tour-de-France-8-1030x687.jpg\" data-srcset=\"https:\/\/reciclador.green\/wp-content\/uploads\/2022\/08\/LEtape-Romania-by-Tour-de-France-8-1030x687.jpg 1030w, https:\/\/reciclador.green\/wp-content\/uploads\/2022\/08\/LEtape-Romania-by-Tour-de-France-8-300x200.jpg 300w, https:\/\/reciclador.green\/wp-content\/uploads\/2022\/08\/LEtape-Romania-by-Tour-de-France-8-768x512.jpg 768w, https:\/\/reciclador.green\/wp-content\/uploads\/2022\/08\/LEtape-Romania-by-Tour-de-France-8-600x400.jpg 600w, https:\/\/reciclador.green\/wp-content\/uploads\/2022\/08\/LEtape-Romania-by-Tour-de-France-8-705x470.jpg 705w, https:\/\/reciclador.green\/wp-content\/uploads\/2022\/08\/LEtape-Romania-by-Tour-de-France-8.jpg 1080w\" data-sizes=\"(max-width: 1030px) 100vw, 1030px\" data-rel='gallery-1' data-prev-img='https:\/\/reciclador.green\/wp-content\/uploads\/2022\/08\/LEtape-Romania-by-Tour-de-France-8-495x400.jpg' class='lightbox ' data-onclick='8' title='L&#039;\u00c9tape Rom\u00e2nia by Tour de France (8)'  itemprop=\"thumbnailUrl\"  ><img decoding=\"async\" fetchpriority=\"high\" class=\"wp-image-23320 avia-img-lazy-loading-not-23320\"   src=\"https:\/\/reciclador.green\/wp-content\/uploads\/2022\/08\/LEtape-Romania-by-Tour-de-France-8-495x400.jpg\" width=\"495\" height=\"400\"  title='L&#039;\u00c9tape Rom\u00e2nia by Tour de France (8)' alt='' srcset=\"https:\/\/reciclador.green\/wp-content\/uploads\/2022\/08\/LEtape-Romania-by-Tour-de-France-8-495x400.jpg 495w, https:\/\/reciclador.green\/wp-content\/uploads\/2022\/08\/LEtape-Romania-by-Tour-de-France-8-845x684.jpg 845w\" sizes=\"(max-width: 495px) 100vw, 495px\" \/><div class='big-prev-fake'><img decoding=\"async\" loading=\"lazy\" class=\"wp-image-23320 avia-img-lazy-loading-23320\"  width=\"495\" height=\"400\" src=\"https:\/\/reciclador.green\/wp-content\/uploads\/2022\/08\/LEtape-Romania-by-Tour-de-France-8-495x400.jpg\" title='L&#039;\u00c9tape Rom\u00e2nia by Tour de France (8)' alt='' srcset=\"https:\/\/reciclador.green\/wp-content\/uploads\/2022\/08\/LEtape-Romania-by-Tour-de-France-8-495x400.jpg 495w, https:\/\/reciclador.green\/wp-content\/uploads\/2022\/08\/LEtape-Romania-by-Tour-de-France-8-845x684.jpg 845w\" sizes=\"auto, (max-width: 495px) 100vw, 495px\" \/><\/div><\/a><a href=\"https:\/\/reciclador.green\/wp-content\/uploads\/2022\/08\/LEtape-Romania-by-Tour-de-France-9-1030x687.jpg\" data-srcset=\"https:\/\/reciclador.green\/wp-content\/uploads\/2022\/08\/LEtape-Romania-by-Tour-de-France-9-1030x687.jpg 1030w, https:\/\/reciclador.green\/wp-content\/uploads\/2022\/08\/LEtape-Romania-by-Tour-de-France-9-300x200.jpg 300w, https:\/\/reciclador.green\/wp-content\/uploads\/2022\/08\/LEtape-Romania-by-Tour-de-France-9-768x512.jpg 768w, https:\/\/reciclador.green\/wp-content\/uploads\/2022\/08\/LEtape-Romania-by-Tour-de-France-9-600x400.jpg 600w, https:\/\/reciclador.green\/wp-content\/uploads\/2022\/08\/LEtape-Romania-by-Tour-de-France-9-705x470.jpg 705w, https:\/\/reciclador.green\/wp-content\/uploads\/2022\/08\/LEtape-Romania-by-Tour-de-France-9.jpg 1080w\" data-sizes=\"(max-width: 1030px) 100vw, 1030px\" data-rel='gallery-1' data-prev-img='https:\/\/reciclador.green\/wp-content\/uploads\/2022\/08\/LEtape-Romania-by-Tour-de-France-9-495x400.jpg' class='lightbox ' data-onclick='9' title='L&#039;\u00c9tape Rom\u00e2nia by Tour de France (9)'  itemprop=\"thumbnailUrl\"  ><img decoding=\"async\" fetchpriority=\"high\" class=\"wp-image-23322 avia-img-lazy-loading-not-23322\"   src=\"https:\/\/reciclador.green\/wp-content\/uploads\/2022\/08\/LEtape-Romania-by-Tour-de-France-9-495x400.jpg\" width=\"495\" height=\"400\"  title='L&#039;\u00c9tape Rom\u00e2nia by Tour de France (9)' alt='' srcset=\"https:\/\/reciclador.green\/wp-content\/uploads\/2022\/08\/LEtape-Romania-by-Tour-de-France-9-495x400.jpg 495w, https:\/\/reciclador.green\/wp-content\/uploads\/2022\/08\/LEtape-Romania-by-Tour-de-France-9-845x684.jpg 845w\" sizes=\"(max-width: 495px) 100vw, 495px\" \/><div class='big-prev-fake'><img decoding=\"async\" loading=\"lazy\" class=\"wp-image-23322 avia-img-lazy-loading-23322\"  width=\"495\" height=\"400\" src=\"https:\/\/reciclador.green\/wp-content\/uploads\/2022\/08\/LEtape-Romania-by-Tour-de-France-9-495x400.jpg\" title='L&#039;\u00c9tape Rom\u00e2nia by Tour de France (9)' alt='' srcset=\"https:\/\/reciclador.green\/wp-content\/uploads\/2022\/08\/LEtape-Romania-by-Tour-de-France-9-495x400.jpg 495w, https:\/\/reciclador.green\/wp-content\/uploads\/2022\/08\/LEtape-Romania-by-Tour-de-France-9-845x684.jpg 845w\" sizes=\"auto, (max-width: 495px) 100vw, 495px\" \/><\/div><\/a><a href=\"https:\/\/reciclador.green\/wp-content\/uploads\/2022\/08\/LEtape-Romania-by-Tour-de-France-10-1030x687.jpg\" data-srcset=\"https:\/\/reciclador.green\/wp-content\/uploads\/2022\/08\/LEtape-Romania-by-Tour-de-France-10-1030x687.jpg 1030w, https:\/\/reciclador.green\/wp-content\/uploads\/2022\/08\/LEtape-Romania-by-Tour-de-France-10-300x200.jpg 300w, https:\/\/reciclador.green\/wp-content\/uploads\/2022\/08\/LEtape-Romania-by-Tour-de-France-10-768x512.jpg 768w, https:\/\/reciclador.green\/wp-content\/uploads\/2022\/08\/LEtape-Romania-by-Tour-de-France-10-600x400.jpg 600w, https:\/\/reciclador.green\/wp-content\/uploads\/2022\/08\/LEtape-Romania-by-Tour-de-France-10-705x470.jpg 705w, https:\/\/reciclador.green\/wp-content\/uploads\/2022\/08\/LEtape-Romania-by-Tour-de-France-10.jpg 1080w\" data-sizes=\"(max-width: 1030px) 100vw, 1030px\" data-rel='gallery-1' data-prev-img='https:\/\/reciclador.green\/wp-content\/uploads\/2022\/08\/LEtape-Romania-by-Tour-de-France-10-495x400.jpg' class='first_thumb lightbox ' data-onclick='10' title='L&#039;\u00c9tape Rom\u00e2nia by Tour de France (10)'  itemprop=\"thumbnailUrl\"  ><img decoding=\"async\" fetchpriority=\"high\" class=\"wp-image-23324 avia-img-lazy-loading-not-23324\"   src=\"https:\/\/reciclador.green\/wp-content\/uploads\/2022\/08\/LEtape-Romania-by-Tour-de-France-10-495x400.jpg\" width=\"495\" height=\"400\"  title='L&#039;\u00c9tape Rom\u00e2nia by Tour de France (10)' alt='' srcset=\"https:\/\/reciclador.green\/wp-content\/uploads\/2022\/08\/LEtape-Romania-by-Tour-de-France-10-495x400.jpg 495w, https:\/\/reciclador.green\/wp-content\/uploads\/2022\/08\/LEtape-Romania-by-Tour-de-France-10-845x684.jpg 845w\" sizes=\"(max-width: 495px) 100vw, 495px\" \/><div class='big-prev-fake'><img decoding=\"async\" loading=\"lazy\" class=\"wp-image-23324 avia-img-lazy-loading-23324\"  width=\"495\" height=\"400\" src=\"https:\/\/reciclador.green\/wp-content\/uploads\/2022\/08\/LEtape-Romania-by-Tour-de-France-10-495x400.jpg\" title='L&#039;\u00c9tape Rom\u00e2nia by Tour de France (10)' alt='' srcset=\"https:\/\/reciclador.green\/wp-content\/uploads\/2022\/08\/LEtape-Romania-by-Tour-de-France-10-495x400.jpg 495w, https:\/\/reciclador.green\/wp-content\/uploads\/2022\/08\/LEtape-Romania-by-Tour-de-France-10-845x684.jpg 845w\" sizes=\"auto, (max-width: 495px) 100vw, 495px\" \/><\/div><\/a><a href=\"https:\/\/reciclador.green\/wp-content\/uploads\/2022\/08\/LEtape-Romania-by-Tour-de-France-11-1030x687.jpg\" data-srcset=\"https:\/\/reciclador.green\/wp-content\/uploads\/2022\/08\/LEtape-Romania-by-Tour-de-France-11-1030x687.jpg 1030w, https:\/\/reciclador.green\/wp-content\/uploads\/2022\/08\/LEtape-Romania-by-Tour-de-France-11-300x200.jpg 300w, https:\/\/reciclador.green\/wp-content\/uploads\/2022\/08\/LEtape-Romania-by-Tour-de-France-11-768x512.jpg 768w, https:\/\/reciclador.green\/wp-content\/uploads\/2022\/08\/LEtape-Romania-by-Tour-de-France-11-600x400.jpg 600w, https:\/\/reciclador.green\/wp-content\/uploads\/2022\/08\/LEtape-Romania-by-Tour-de-France-11-705x470.jpg 705w, https:\/\/reciclador.green\/wp-content\/uploads\/2022\/08\/LEtape-Romania-by-Tour-de-France-11.jpg 1080w\" data-sizes=\"(max-width: 1030px) 100vw, 1030px\" data-rel='gallery-1' data-prev-img='https:\/\/reciclador.green\/wp-content\/uploads\/2022\/08\/LEtape-Romania-by-Tour-de-France-11-495x400.jpg' class='lightbox ' data-onclick='11' title='L&#039;\u00c9tape Rom\u00e2nia by Tour de France (11)'  itemprop=\"thumbnailUrl\"  ><img decoding=\"async\" fetchpriority=\"high\" class=\"wp-image-23326 avia-img-lazy-loading-not-23326\"   src=\"https:\/\/reciclador.green\/wp-content\/uploads\/2022\/08\/LEtape-Romania-by-Tour-de-France-11-495x400.jpg\" width=\"495\" height=\"400\"  title='L&#039;\u00c9tape Rom\u00e2nia by Tour de France (11)' alt='' srcset=\"https:\/\/reciclador.green\/wp-content\/uploads\/2022\/08\/LEtape-Romania-by-Tour-de-France-11-495x400.jpg 495w, https:\/\/reciclador.green\/wp-content\/uploads\/2022\/08\/LEtape-Romania-by-Tour-de-France-11-845x684.jpg 845w\" sizes=\"(max-width: 495px) 100vw, 495px\" \/><div class='big-prev-fake'><img decoding=\"async\" loading=\"lazy\" class=\"wp-image-23326 avia-img-lazy-loading-23326\"  width=\"495\" height=\"400\" src=\"https:\/\/reciclador.green\/wp-content\/uploads\/2022\/08\/LEtape-Romania-by-Tour-de-France-11-495x400.jpg\" title='L&#039;\u00c9tape Rom\u00e2nia by Tour de France (11)' alt='' srcset=\"https:\/\/reciclador.green\/wp-content\/uploads\/2022\/08\/LEtape-Romania-by-Tour-de-France-11-495x400.jpg 495w, https:\/\/reciclador.green\/wp-content\/uploads\/2022\/08\/LEtape-Romania-by-Tour-de-France-11-845x684.jpg 845w\" sizes=\"auto, (max-width: 495px) 100vw, 495px\" \/><\/div><\/a><a href=\"https:\/\/reciclador.green\/wp-content\/uploads\/2022\/08\/LEtape-Romania-by-Tour-de-France-12-1030x687.jpg\" data-srcset=\"https:\/\/reciclador.green\/wp-content\/uploads\/2022\/08\/LEtape-Romania-by-Tour-de-France-12-1030x687.jpg 1030w, https:\/\/reciclador.green\/wp-content\/uploads\/2022\/08\/LEtape-Romania-by-Tour-de-France-12-300x200.jpg 300w, https:\/\/reciclador.green\/wp-content\/uploads\/2022\/08\/LEtape-Romania-by-Tour-de-France-12-768x512.jpg 768w, https:\/\/reciclador.green\/wp-content\/uploads\/2022\/08\/LEtape-Romania-by-Tour-de-France-12-600x400.jpg 600w, https:\/\/reciclador.green\/wp-content\/uploads\/2022\/08\/LEtape-Romania-by-Tour-de-France-12-705x470.jpg 705w, https:\/\/reciclador.green\/wp-content\/uploads\/2022\/08\/LEtape-Romania-by-Tour-de-France-12.jpg 1080w\" data-sizes=\"(max-width: 1030px) 100vw, 1030px\" data-rel='gallery-1' data-prev-img='https:\/\/reciclador.green\/wp-content\/uploads\/2022\/08\/LEtape-Romania-by-Tour-de-France-12-495x400.jpg' class='lightbox ' data-onclick='12' title='L&#039;\u00c9tape Rom\u00e2nia by Tour de France (12)'  itemprop=\"thumbnailUrl\"  ><img decoding=\"async\" fetchpriority=\"high\" class=\"wp-image-23328 avia-img-lazy-loading-not-23328\"   src=\"https:\/\/reciclador.green\/wp-content\/uploads\/2022\/08\/LEtape-Romania-by-Tour-de-France-12-495x400.jpg\" width=\"495\" height=\"400\"  title='L&#039;\u00c9tape Rom\u00e2nia by Tour de France (12)' alt='' srcset=\"https:\/\/reciclador.green\/wp-content\/uploads\/2022\/08\/LEtape-Romania-by-Tour-de-France-12-495x400.jpg 495w, https:\/\/reciclador.green\/wp-content\/uploads\/2022\/08\/LEtape-Romania-by-Tour-de-France-12-845x684.jpg 845w\" sizes=\"(max-width: 495px) 100vw, 495px\" \/><div class='big-prev-fake'><img decoding=\"async\" loading=\"lazy\" class=\"wp-image-23328 avia-img-lazy-loading-23328\"  width=\"495\" height=\"400\" src=\"https:\/\/reciclador.green\/wp-content\/uploads\/2022\/08\/LEtape-Romania-by-Tour-de-France-12-495x400.jpg\" title='L&#039;\u00c9tape Rom\u00e2nia by Tour de France (12)' alt='' srcset=\"https:\/\/reciclador.green\/wp-content\/uploads\/2022\/08\/LEtape-Romania-by-Tour-de-France-12-495x400.jpg 495w, https:\/\/reciclador.green\/wp-content\/uploads\/2022\/08\/LEtape-Romania-by-Tour-de-France-12-845x684.jpg 845w\" sizes=\"auto, (max-width: 495px) 100vw, 495px\" \/><\/div><\/a><a href=\"https:\/\/reciclador.green\/wp-content\/uploads\/2022\/08\/LEtape-Romania-by-Tour-de-France-13-1030x687.jpg\" data-srcset=\"https:\/\/reciclador.green\/wp-content\/uploads\/2022\/08\/LEtape-Romania-by-Tour-de-France-13-1030x687.jpg 1030w, https:\/\/reciclador.green\/wp-content\/uploads\/2022\/08\/LEtape-Romania-by-Tour-de-France-13-300x200.jpg 300w, https:\/\/reciclador.green\/wp-content\/uploads\/2022\/08\/LEtape-Romania-by-Tour-de-France-13-768x512.jpg 768w, https:\/\/reciclador.green\/wp-content\/uploads\/2022\/08\/LEtape-Romania-by-Tour-de-France-13-600x400.jpg 600w, https:\/\/reciclador.green\/wp-content\/uploads\/2022\/08\/LEtape-Romania-by-Tour-de-France-13-705x470.jpg 705w, https:\/\/reciclador.green\/wp-content\/uploads\/2022\/08\/LEtape-Romania-by-Tour-de-France-13.jpg 1080w\" data-sizes=\"(max-width: 1030px) 100vw, 1030px\" data-rel='gallery-1' data-prev-img='https:\/\/reciclador.green\/wp-content\/uploads\/2022\/08\/LEtape-Romania-by-Tour-de-France-13-495x400.jpg' class='first_thumb lightbox ' data-onclick='13' title='L&#039;\u00c9tape Rom\u00e2nia by Tour de France (13)'  itemprop=\"thumbnailUrl\"  ><img decoding=\"async\" fetchpriority=\"high\" class=\"wp-image-23330 avia-img-lazy-loading-not-23330\"   src=\"https:\/\/reciclador.green\/wp-content\/uploads\/2022\/08\/LEtape-Romania-by-Tour-de-France-13-495x400.jpg\" width=\"495\" height=\"400\"  title='L&#039;\u00c9tape Rom\u00e2nia by Tour de France (13)' alt='' srcset=\"https:\/\/reciclador.green\/wp-content\/uploads\/2022\/08\/LEtape-Romania-by-Tour-de-France-13-495x400.jpg 495w, https:\/\/reciclador.green\/wp-content\/uploads\/2022\/08\/LEtape-Romania-by-Tour-de-France-13-845x684.jpg 845w\" sizes=\"(max-width: 495px) 100vw, 495px\" \/><div class='big-prev-fake'><img decoding=\"async\" loading=\"lazy\" class=\"wp-image-23330 avia-img-lazy-loading-23330\"  width=\"495\" height=\"400\" src=\"https:\/\/reciclador.green\/wp-content\/uploads\/2022\/08\/LEtape-Romania-by-Tour-de-France-13-495x400.jpg\" title='L&#039;\u00c9tape Rom\u00e2nia by Tour de France (13)' alt='' srcset=\"https:\/\/reciclador.green\/wp-content\/uploads\/2022\/08\/LEtape-Romania-by-Tour-de-France-13-495x400.jpg 495w, https:\/\/reciclador.green\/wp-content\/uploads\/2022\/08\/LEtape-Romania-by-Tour-de-France-13-845x684.jpg 845w\" sizes=\"auto, (max-width: 495px) 100vw, 495px\" \/><\/div><\/a><a href=\"https:\/\/reciclador.green\/wp-content\/uploads\/2022\/08\/LEtape-Romania-by-Tour-de-France-14-1030x687.jpg\" data-srcset=\"https:\/\/reciclador.green\/wp-content\/uploads\/2022\/08\/LEtape-Romania-by-Tour-de-France-14-1030x687.jpg 1030w, https:\/\/reciclador.green\/wp-content\/uploads\/2022\/08\/LEtape-Romania-by-Tour-de-France-14-300x200.jpg 300w, https:\/\/reciclador.green\/wp-content\/uploads\/2022\/08\/LEtape-Romania-by-Tour-de-France-14-768x512.jpg 768w, https:\/\/reciclador.green\/wp-content\/uploads\/2022\/08\/LEtape-Romania-by-Tour-de-France-14-600x400.jpg 600w, https:\/\/reciclador.green\/wp-content\/uploads\/2022\/08\/LEtape-Romania-by-Tour-de-France-14-705x470.jpg 705w, https:\/\/reciclador.green\/wp-content\/uploads\/2022\/08\/LEtape-Romania-by-Tour-de-France-14.jpg 1080w\" data-sizes=\"(max-width: 1030px) 100vw, 1030px\" data-rel='gallery-1' data-prev-img='https:\/\/reciclador.green\/wp-content\/uploads\/2022\/08\/LEtape-Romania-by-Tour-de-France-14-495x400.jpg' class='lightbox ' data-onclick='14' title='L&#039;\u00c9tape Rom\u00e2nia by Tour de France (14)'  itemprop=\"thumbnailUrl\"  ><img decoding=\"async\" fetchpriority=\"high\" class=\"wp-image-23332 avia-img-lazy-loading-not-23332\"   src=\"https:\/\/reciclador.green\/wp-content\/uploads\/2022\/08\/LEtape-Romania-by-Tour-de-France-14-495x400.jpg\" width=\"495\" height=\"400\"  title='L&#039;\u00c9tape Rom\u00e2nia by Tour de France (14)' alt='' srcset=\"https:\/\/reciclador.green\/wp-content\/uploads\/2022\/08\/LEtape-Romania-by-Tour-de-France-14-495x400.jpg 495w, https:\/\/reciclador.green\/wp-content\/uploads\/2022\/08\/LEtape-Romania-by-Tour-de-France-14-845x684.jpg 845w\" sizes=\"(max-width: 495px) 100vw, 495px\" \/><div class='big-prev-fake'><img decoding=\"async\" loading=\"lazy\" class=\"wp-image-23332 avia-img-lazy-loading-23332\"  width=\"495\" height=\"400\" src=\"https:\/\/reciclador.green\/wp-content\/uploads\/2022\/08\/LEtape-Romania-by-Tour-de-France-14-495x400.jpg\" title='L&#039;\u00c9tape Rom\u00e2nia by Tour de France (14)' alt='' srcset=\"https:\/\/reciclador.green\/wp-content\/uploads\/2022\/08\/LEtape-Romania-by-Tour-de-France-14-495x400.jpg 495w, https:\/\/reciclador.green\/wp-content\/uploads\/2022\/08\/LEtape-Romania-by-Tour-de-France-14-845x684.jpg 845w\" sizes=\"auto, (max-width: 495px) 100vw, 495px\" \/><\/div><\/a><a href=\"https:\/\/reciclador.green\/wp-content\/uploads\/2022\/08\/LEtape-Romania-by-Tour-de-France-15-1030x687.jpg\" data-srcset=\"https:\/\/reciclador.green\/wp-content\/uploads\/2022\/08\/LEtape-Romania-by-Tour-de-France-15-1030x687.jpg 1030w, https:\/\/reciclador.green\/wp-content\/uploads\/2022\/08\/LEtape-Romania-by-Tour-de-France-15-300x200.jpg 300w, https:\/\/reciclador.green\/wp-content\/uploads\/2022\/08\/LEtape-Romania-by-Tour-de-France-15-768x512.jpg 768w, https:\/\/reciclador.green\/wp-content\/uploads\/2022\/08\/LEtape-Romania-by-Tour-de-France-15-600x400.jpg 600w, https:\/\/reciclador.green\/wp-content\/uploads\/2022\/08\/LEtape-Romania-by-Tour-de-France-15-705x470.jpg 705w, https:\/\/reciclador.green\/wp-content\/uploads\/2022\/08\/LEtape-Romania-by-Tour-de-France-15.jpg 1080w\" data-sizes=\"(max-width: 1030px) 100vw, 1030px\" data-rel='gallery-1' data-prev-img='https:\/\/reciclador.green\/wp-content\/uploads\/2022\/08\/LEtape-Romania-by-Tour-de-France-15-495x400.jpg' class='lightbox ' data-onclick='15' title='L&#039;\u00c9tape Rom\u00e2nia by Tour de France (15)'  itemprop=\"thumbnailUrl\"  ><img decoding=\"async\" fetchpriority=\"high\" class=\"wp-image-23334 avia-img-lazy-loading-not-23334\"   src=\"https:\/\/reciclador.green\/wp-content\/uploads\/2022\/08\/LEtape-Romania-by-Tour-de-France-15-495x400.jpg\" width=\"495\" height=\"400\"  title='L&#039;\u00c9tape Rom\u00e2nia by Tour de France (15)' alt='' srcset=\"https:\/\/reciclador.green\/wp-content\/uploads\/2022\/08\/LEtape-Romania-by-Tour-de-France-15-495x400.jpg 495w, https:\/\/reciclador.green\/wp-content\/uploads\/2022\/08\/LEtape-Romania-by-Tour-de-France-15-845x684.jpg 845w\" sizes=\"(max-width: 495px) 100vw, 495px\" \/><div class='big-prev-fake'><img decoding=\"async\" loading=\"lazy\" class=\"wp-image-23334 avia-img-lazy-loading-23334\"  width=\"495\" height=\"400\" src=\"https:\/\/reciclador.green\/wp-content\/uploads\/2022\/08\/LEtape-Romania-by-Tour-de-France-15-495x400.jpg\" title='L&#039;\u00c9tape Rom\u00e2nia by Tour de France (15)' alt='' srcset=\"https:\/\/reciclador.green\/wp-content\/uploads\/2022\/08\/LEtape-Romania-by-Tour-de-France-15-495x400.jpg 495w, https:\/\/reciclador.green\/wp-content\/uploads\/2022\/08\/LEtape-Romania-by-Tour-de-France-15-845x684.jpg 845w\" sizes=\"auto, (max-width: 495px) 100vw, 495px\" \/><\/div><\/a><a href=\"https:\/\/reciclador.green\/wp-content\/uploads\/2022\/08\/LEtape-Romania-by-Tour-de-France-16-1030x687.jpg\" data-srcset=\"https:\/\/reciclador.green\/wp-content\/uploads\/2022\/08\/LEtape-Romania-by-Tour-de-France-16-1030x687.jpg 1030w, https:\/\/reciclador.green\/wp-content\/uploads\/2022\/08\/LEtape-Romania-by-Tour-de-France-16-300x200.jpg 300w, https:\/\/reciclador.green\/wp-content\/uploads\/2022\/08\/LEtape-Romania-by-Tour-de-France-16-768x512.jpg 768w, https:\/\/reciclador.green\/wp-content\/uploads\/2022\/08\/LEtape-Romania-by-Tour-de-France-16-600x400.jpg 600w, https:\/\/reciclador.green\/wp-content\/uploads\/2022\/08\/LEtape-Romania-by-Tour-de-France-16-705x470.jpg 705w, https:\/\/reciclador.green\/wp-content\/uploads\/2022\/08\/LEtape-Romania-by-Tour-de-France-16.jpg 1080w\" data-sizes=\"(max-width: 1030px) 100vw, 1030px\" data-rel='gallery-1' data-prev-img='https:\/\/reciclador.green\/wp-content\/uploads\/2022\/08\/LEtape-Romania-by-Tour-de-France-16-495x400.jpg' class='first_thumb lightbox ' data-onclick='16' title='L&#039;\u00c9tape Rom\u00e2nia by Tour de France (16)'  itemprop=\"thumbnailUrl\"  ><img decoding=\"async\" fetchpriority=\"high\" class=\"wp-image-23336 avia-img-lazy-loading-not-23336\"   src=\"https:\/\/reciclador.green\/wp-content\/uploads\/2022\/08\/LEtape-Romania-by-Tour-de-France-16-495x400.jpg\" width=\"495\" height=\"400\"  title='L&#039;\u00c9tape Rom\u00e2nia by Tour de France (16)' alt='' srcset=\"https:\/\/reciclador.green\/wp-content\/uploads\/2022\/08\/LEtape-Romania-by-Tour-de-France-16-495x400.jpg 495w, https:\/\/reciclador.green\/wp-content\/uploads\/2022\/08\/LEtape-Romania-by-Tour-de-France-16-845x684.jpg 845w\" sizes=\"(max-width: 495px) 100vw, 495px\" \/><div class='big-prev-fake'><img decoding=\"async\" loading=\"lazy\" class=\"wp-image-23336 avia-img-lazy-loading-23336\"  width=\"495\" height=\"400\" src=\"https:\/\/reciclador.green\/wp-content\/uploads\/2022\/08\/LEtape-Romania-by-Tour-de-France-16-495x400.jpg\" title='L&#039;\u00c9tape Rom\u00e2nia by Tour de France (16)' alt='' srcset=\"https:\/\/reciclador.green\/wp-content\/uploads\/2022\/08\/LEtape-Romania-by-Tour-de-France-16-495x400.jpg 495w, https:\/\/reciclador.green\/wp-content\/uploads\/2022\/08\/LEtape-Romania-by-Tour-de-France-16-845x684.jpg 845w\" sizes=\"auto, (max-width: 495px) 100vw, 495px\" \/><\/div><\/a><a href=\"https:\/\/reciclador.green\/wp-content\/uploads\/2022\/08\/LEtape-Romania-by-Tour-de-France-17-1030x687.jpg\" data-srcset=\"https:\/\/reciclador.green\/wp-content\/uploads\/2022\/08\/LEtape-Romania-by-Tour-de-France-17-1030x687.jpg 1030w, https:\/\/reciclador.green\/wp-content\/uploads\/2022\/08\/LEtape-Romania-by-Tour-de-France-17-300x200.jpg 300w, https:\/\/reciclador.green\/wp-content\/uploads\/2022\/08\/LEtape-Romania-by-Tour-de-France-17-768x512.jpg 768w, https:\/\/reciclador.green\/wp-content\/uploads\/2022\/08\/LEtape-Romania-by-Tour-de-France-17-600x400.jpg 600w, https:\/\/reciclador.green\/wp-content\/uploads\/2022\/08\/LEtape-Romania-by-Tour-de-France-17-705x470.jpg 705w, https:\/\/reciclador.green\/wp-content\/uploads\/2022\/08\/LEtape-Romania-by-Tour-de-France-17.jpg 1080w\" data-sizes=\"(max-width: 1030px) 100vw, 1030px\" data-rel='gallery-1' data-prev-img='https:\/\/reciclador.green\/wp-content\/uploads\/2022\/08\/LEtape-Romania-by-Tour-de-France-17-495x400.jpg' class='lightbox ' data-onclick='17' title='L&#039;\u00c9tape Rom\u00e2nia by Tour de France (17)'  itemprop=\"thumbnailUrl\"  ><img decoding=\"async\" fetchpriority=\"high\" class=\"wp-image-23338 avia-img-lazy-loading-not-23338\"   src=\"https:\/\/reciclador.green\/wp-content\/uploads\/2022\/08\/LEtape-Romania-by-Tour-de-France-17-495x400.jpg\" width=\"495\" height=\"400\"  title='L&#039;\u00c9tape Rom\u00e2nia by Tour de France (17)' alt='' srcset=\"https:\/\/reciclador.green\/wp-content\/uploads\/2022\/08\/LEtape-Romania-by-Tour-de-France-17-495x400.jpg 495w, https:\/\/reciclador.green\/wp-content\/uploads\/2022\/08\/LEtape-Romania-by-Tour-de-France-17-845x684.jpg 845w\" sizes=\"(max-width: 495px) 100vw, 495px\" \/><div class='big-prev-fake'><img decoding=\"async\" loading=\"lazy\" class=\"wp-image-23338 avia-img-lazy-loading-23338\"  width=\"495\" height=\"400\" src=\"https:\/\/reciclador.green\/wp-content\/uploads\/2022\/08\/LEtape-Romania-by-Tour-de-France-17-495x400.jpg\" title='L&#039;\u00c9tape Rom\u00e2nia by Tour de France (17)' alt='' srcset=\"https:\/\/reciclador.green\/wp-content\/uploads\/2022\/08\/LEtape-Romania-by-Tour-de-France-17-495x400.jpg 495w, https:\/\/reciclador.green\/wp-content\/uploads\/2022\/08\/LEtape-Romania-by-Tour-de-France-17-845x684.jpg 845w\" sizes=\"auto, (max-width: 495px) 100vw, 495px\" \/><\/div><\/a><a href=\"https:\/\/reciclador.green\/wp-content\/uploads\/2022\/08\/LEtape-Romania-by-Tour-de-France-18-687x1030.jpg\" data-srcset=\"https:\/\/reciclador.green\/wp-content\/uploads\/2022\/08\/LEtape-Romania-by-Tour-de-France-18-687x1030.jpg 687w, https:\/\/reciclador.green\/wp-content\/uploads\/2022\/08\/LEtape-Romania-by-Tour-de-France-18-200x300.jpg 200w, https:\/\/reciclador.green\/wp-content\/uploads\/2022\/08\/LEtape-Romania-by-Tour-de-France-18-470x705.jpg 470w, https:\/\/reciclador.green\/wp-content\/uploads\/2022\/08\/LEtape-Romania-by-Tour-de-France-18.jpg 720w\" data-sizes=\"(max-width: 687px) 100vw, 687px\" data-rel='gallery-1' data-prev-img='https:\/\/reciclador.green\/wp-content\/uploads\/2022\/08\/LEtape-Romania-by-Tour-de-France-18-495x400.jpg' class='lightbox ' data-onclick='18' title='L&#039;\u00c9tape Rom\u00e2nia by Tour de France (18)'  itemprop=\"thumbnailUrl\"  ><img decoding=\"async\" fetchpriority=\"high\" class=\"wp-image-23340 avia-img-lazy-loading-not-23340\"   src=\"https:\/\/reciclador.green\/wp-content\/uploads\/2022\/08\/LEtape-Romania-by-Tour-de-France-18-495x400.jpg\" width=\"495\" height=\"400\"  title='L&#039;\u00c9tape Rom\u00e2nia by Tour de France (18)' alt='' \/><div class='big-prev-fake'><img decoding=\"async\" loading=\"lazy\" class=\"wp-image-23340 avia-img-lazy-loading-23340\"  width=\"495\" height=\"400\" src=\"https:\/\/reciclador.green\/wp-content\/uploads\/2022\/08\/LEtape-Romania-by-Tour-de-France-18-495x400.jpg\" title='L&#039;\u00c9tape Rom\u00e2nia by Tour de France (18)' alt='' \/><\/div><\/a><a href=\"https:\/\/reciclador.green\/wp-content\/uploads\/2022\/08\/LEtape-Romania-by-Tour-de-France-19-1030x687.jpg\" data-srcset=\"https:\/\/reciclador.green\/wp-content\/uploads\/2022\/08\/LEtape-Romania-by-Tour-de-France-19-1030x687.jpg 1030w, https:\/\/reciclador.green\/wp-content\/uploads\/2022\/08\/LEtape-Romania-by-Tour-de-France-19-300x200.jpg 300w, https:\/\/reciclador.green\/wp-content\/uploads\/2022\/08\/LEtape-Romania-by-Tour-de-France-19-768x512.jpg 768w, https:\/\/reciclador.green\/wp-content\/uploads\/2022\/08\/LEtape-Romania-by-Tour-de-France-19-600x400.jpg 600w, https:\/\/reciclador.green\/wp-content\/uploads\/2022\/08\/LEtape-Romania-by-Tour-de-France-19-705x470.jpg 705w, https:\/\/reciclador.green\/wp-content\/uploads\/2022\/08\/LEtape-Romania-by-Tour-de-France-19.jpg 1080w\" data-sizes=\"(max-width: 1030px) 100vw, 1030px\" data-rel='gallery-1' data-prev-img='https:\/\/reciclador.green\/wp-content\/uploads\/2022\/08\/LEtape-Romania-by-Tour-de-France-19-495x400.jpg' class='first_thumb lightbox ' data-onclick='19' title='L&#039;\u00c9tape Rom\u00e2nia by Tour de France (19)'  itemprop=\"thumbnailUrl\"  ><img decoding=\"async\" fetchpriority=\"high\" class=\"wp-image-23342 avia-img-lazy-loading-not-23342\"   src=\"https:\/\/reciclador.green\/wp-content\/uploads\/2022\/08\/LEtape-Romania-by-Tour-de-France-19-495x400.jpg\" width=\"495\" height=\"400\"  title='L&#039;\u00c9tape Rom\u00e2nia by Tour de France (19)' alt='' srcset=\"https:\/\/reciclador.green\/wp-content\/uploads\/2022\/08\/LEtape-Romania-by-Tour-de-France-19-495x400.jpg 495w, https:\/\/reciclador.green\/wp-content\/uploads\/2022\/08\/LEtape-Romania-by-Tour-de-France-19-845x684.jpg 845w\" sizes=\"(max-width: 495px) 100vw, 495px\" \/><div class='big-prev-fake'><img decoding=\"async\" loading=\"lazy\" class=\"wp-image-23342 avia-img-lazy-loading-23342\"  width=\"495\" height=\"400\" src=\"https:\/\/reciclador.green\/wp-content\/uploads\/2022\/08\/LEtape-Romania-by-Tour-de-France-19-495x400.jpg\" title='L&#039;\u00c9tape Rom\u00e2nia by Tour de France (19)' alt='' srcset=\"https:\/\/reciclador.green\/wp-content\/uploads\/2022\/08\/LEtape-Romania-by-Tour-de-France-19-495x400.jpg 495w, https:\/\/reciclador.green\/wp-content\/uploads\/2022\/08\/LEtape-Romania-by-Tour-de-France-19-845x684.jpg 845w\" sizes=\"auto, (max-width: 495px) 100vw, 495px\" \/><\/div><\/a><a href=\"https:\/\/reciclador.green\/wp-content\/uploads\/2022\/08\/LEtape-Romania-by-Tour-de-France-20-1030x687.jpg\" data-srcset=\"https:\/\/reciclador.green\/wp-content\/uploads\/2022\/08\/LEtape-Romania-by-Tour-de-France-20-1030x687.jpg 1030w, https:\/\/reciclador.green\/wp-content\/uploads\/2022\/08\/LEtape-Romania-by-Tour-de-France-20-300x200.jpg 300w, https:\/\/reciclador.green\/wp-content\/uploads\/2022\/08\/LEtape-Romania-by-Tour-de-France-20-768x512.jpg 768w, https:\/\/reciclador.green\/wp-content\/uploads\/2022\/08\/LEtape-Romania-by-Tour-de-France-20-600x400.jpg 600w, https:\/\/reciclador.green\/wp-content\/uploads\/2022\/08\/LEtape-Romania-by-Tour-de-France-20-705x470.jpg 705w, https:\/\/reciclador.green\/wp-content\/uploads\/2022\/08\/LEtape-Romania-by-Tour-de-France-20.jpg 1080w\" data-sizes=\"(max-width: 1030px) 100vw, 1030px\" data-rel='gallery-1' data-prev-img='https:\/\/reciclador.green\/wp-content\/uploads\/2022\/08\/LEtape-Romania-by-Tour-de-France-20-495x400.jpg' class='lightbox ' data-onclick='20' title='L&#039;\u00c9tape Rom\u00e2nia by Tour de France (20)'  itemprop=\"thumbnailUrl\"  ><img decoding=\"async\" fetchpriority=\"high\" class=\"wp-image-23344 avia-img-lazy-loading-not-23344\"   src=\"https:\/\/reciclador.green\/wp-content\/uploads\/2022\/08\/LEtape-Romania-by-Tour-de-France-20-495x400.jpg\" width=\"495\" height=\"400\"  title='L&#039;\u00c9tape Rom\u00e2nia by Tour de France (20)' alt='' srcset=\"https:\/\/reciclador.green\/wp-content\/uploads\/2022\/08\/LEtape-Romania-by-Tour-de-France-20-495x400.jpg 495w, https:\/\/reciclador.green\/wp-content\/uploads\/2022\/08\/LEtape-Romania-by-Tour-de-France-20-845x684.jpg 845w\" sizes=\"(max-width: 495px) 100vw, 495px\" \/><div class='big-prev-fake'><img decoding=\"async\" loading=\"lazy\" class=\"wp-image-23344 avia-img-lazy-loading-23344\"  width=\"495\" height=\"400\" src=\"https:\/\/reciclador.green\/wp-content\/uploads\/2022\/08\/LEtape-Romania-by-Tour-de-France-20-495x400.jpg\" title='L&#039;\u00c9tape Rom\u00e2nia by Tour de France (20)' alt='' srcset=\"https:\/\/reciclador.green\/wp-content\/uploads\/2022\/08\/LEtape-Romania-by-Tour-de-France-20-495x400.jpg 495w, https:\/\/reciclador.green\/wp-content\/uploads\/2022\/08\/LEtape-Romania-by-Tour-de-France-20-845x684.jpg 845w\" sizes=\"auto, (max-width: 495px) 100vw, 495px\" \/><\/div><\/a><a href=\"https:\/\/reciclador.green\/wp-content\/uploads\/2022\/08\/LEtape-Romania-by-Tour-de-France-21-1030x687.jpg\" data-srcset=\"https:\/\/reciclador.green\/wp-content\/uploads\/2022\/08\/LEtape-Romania-by-Tour-de-France-21-1030x687.jpg 1030w, https:\/\/reciclador.green\/wp-content\/uploads\/2022\/08\/LEtape-Romania-by-Tour-de-France-21-300x200.jpg 300w, https:\/\/reciclador.green\/wp-content\/uploads\/2022\/08\/LEtape-Romania-by-Tour-de-France-21-768x512.jpg 768w, https:\/\/reciclador.green\/wp-content\/uploads\/2022\/08\/LEtape-Romania-by-Tour-de-France-21-600x400.jpg 600w, https:\/\/reciclador.green\/wp-content\/uploads\/2022\/08\/LEtape-Romania-by-Tour-de-France-21-705x470.jpg 705w, https:\/\/reciclador.green\/wp-content\/uploads\/2022\/08\/LEtape-Romania-by-Tour-de-France-21.jpg 1080w\" data-sizes=\"(max-width: 1030px) 100vw, 1030px\" data-rel='gallery-1' data-prev-img='https:\/\/reciclador.green\/wp-content\/uploads\/2022\/08\/LEtape-Romania-by-Tour-de-France-21-495x400.jpg' class='lightbox ' data-onclick='21' title='L&#039;\u00c9tape Rom\u00e2nia by Tour de France (21)'  itemprop=\"thumbnailUrl\"  ><img decoding=\"async\" fetchpriority=\"high\" class=\"wp-image-23346 avia-img-lazy-loading-not-23346\"   src=\"https:\/\/reciclador.green\/wp-content\/uploads\/2022\/08\/LEtape-Romania-by-Tour-de-France-21-495x400.jpg\" width=\"495\" height=\"400\"  title='L&#039;\u00c9tape Rom\u00e2nia by Tour de France (21)' alt='' srcset=\"https:\/\/reciclador.green\/wp-content\/uploads\/2022\/08\/LEtape-Romania-by-Tour-de-France-21-495x400.jpg 495w, https:\/\/reciclador.green\/wp-content\/uploads\/2022\/08\/LEtape-Romania-by-Tour-de-France-21-845x684.jpg 845w\" sizes=\"(max-width: 495px) 100vw, 495px\" \/><div class='big-prev-fake'><img decoding=\"async\" loading=\"lazy\" class=\"wp-image-23346 avia-img-lazy-loading-23346\"  width=\"495\" height=\"400\" src=\"https:\/\/reciclador.green\/wp-content\/uploads\/2022\/08\/LEtape-Romania-by-Tour-de-France-21-495x400.jpg\" title='L&#039;\u00c9tape Rom\u00e2nia by Tour de France (21)' alt='' srcset=\"https:\/\/reciclador.green\/wp-content\/uploads\/2022\/08\/LEtape-Romania-by-Tour-de-France-21-495x400.jpg 495w, https:\/\/reciclador.green\/wp-content\/uploads\/2022\/08\/LEtape-Romania-by-Tour-de-France-21-845x684.jpg 845w\" sizes=\"auto, (max-width: 495px) 100vw, 495px\" \/><\/div><\/a><a href=\"https:\/\/reciclador.green\/wp-content\/uploads\/2022\/08\/LEtape-Romania-by-Tour-de-France-22-1030x687.jpg\" data-srcset=\"https:\/\/reciclador.green\/wp-content\/uploads\/2022\/08\/LEtape-Romania-by-Tour-de-France-22-1030x687.jpg 1030w, https:\/\/reciclador.green\/wp-content\/uploads\/2022\/08\/LEtape-Romania-by-Tour-de-France-22-300x200.jpg 300w, https:\/\/reciclador.green\/wp-content\/uploads\/2022\/08\/LEtape-Romania-by-Tour-de-France-22-768x512.jpg 768w, https:\/\/reciclador.green\/wp-content\/uploads\/2022\/08\/LEtape-Romania-by-Tour-de-France-22-600x400.jpg 600w, https:\/\/reciclador.green\/wp-content\/uploads\/2022\/08\/LEtape-Romania-by-Tour-de-France-22-705x470.jpg 705w, https:\/\/reciclador.green\/wp-content\/uploads\/2022\/08\/LEtape-Romania-by-Tour-de-France-22.jpg 1080w\" data-sizes=\"(max-width: 1030px) 100vw, 1030px\" data-rel='gallery-1' data-prev-img='https:\/\/reciclador.green\/wp-content\/uploads\/2022\/08\/LEtape-Romania-by-Tour-de-France-22-495x400.jpg' class='first_thumb lightbox ' data-onclick='22' title='L&#039;\u00c9tape Rom\u00e2nia by Tour de France (22)'  itemprop=\"thumbnailUrl\"  ><img decoding=\"async\" fetchpriority=\"high\" class=\"wp-image-23348 avia-img-lazy-loading-not-23348\"   src=\"https:\/\/reciclador.green\/wp-content\/uploads\/2022\/08\/LEtape-Romania-by-Tour-de-France-22-495x400.jpg\" width=\"495\" height=\"400\"  title='L&#039;\u00c9tape Rom\u00e2nia by Tour de France (22)' alt='' srcset=\"https:\/\/reciclador.green\/wp-content\/uploads\/2022\/08\/LEtape-Romania-by-Tour-de-France-22-495x400.jpg 495w, https:\/\/reciclador.green\/wp-content\/uploads\/2022\/08\/LEtape-Romania-by-Tour-de-France-22-845x684.jpg 845w\" sizes=\"(max-width: 495px) 100vw, 495px\" \/><div class='big-prev-fake'><img decoding=\"async\" loading=\"lazy\" class=\"wp-image-23348 avia-img-lazy-loading-23348\"  width=\"495\" height=\"400\" src=\"https:\/\/reciclador.green\/wp-content\/uploads\/2022\/08\/LEtape-Romania-by-Tour-de-France-22-495x400.jpg\" title='L&#039;\u00c9tape Rom\u00e2nia by Tour de France (22)' alt='' srcset=\"https:\/\/reciclador.green\/wp-content\/uploads\/2022\/08\/LEtape-Romania-by-Tour-de-France-22-495x400.jpg 495w, https:\/\/reciclador.green\/wp-content\/uploads\/2022\/08\/LEtape-Romania-by-Tour-de-France-22-845x684.jpg 845w\" sizes=\"auto, (max-width: 495px) 100vw, 495px\" \/><\/div><\/a><a href=\"https:\/\/reciclador.green\/wp-content\/uploads\/2022\/08\/LEtape-Romania-by-Tour-de-France-23-1030x687.jpg\" data-srcset=\"https:\/\/reciclador.green\/wp-content\/uploads\/2022\/08\/LEtape-Romania-by-Tour-de-France-23-1030x687.jpg 1030w, https:\/\/reciclador.green\/wp-content\/uploads\/2022\/08\/LEtape-Romania-by-Tour-de-France-23-300x200.jpg 300w, https:\/\/reciclador.green\/wp-content\/uploads\/2022\/08\/LEtape-Romania-by-Tour-de-France-23-768x512.jpg 768w, https:\/\/reciclador.green\/wp-content\/uploads\/2022\/08\/LEtape-Romania-by-Tour-de-France-23-600x400.jpg 600w, https:\/\/reciclador.green\/wp-content\/uploads\/2022\/08\/LEtape-Romania-by-Tour-de-France-23-705x470.jpg 705w, https:\/\/reciclador.green\/wp-content\/uploads\/2022\/08\/LEtape-Romania-by-Tour-de-France-23.jpg 1080w\" data-sizes=\"(max-width: 1030px) 100vw, 1030px\" data-rel='gallery-1' data-prev-img='https:\/\/reciclador.green\/wp-content\/uploads\/2022\/08\/LEtape-Romania-by-Tour-de-France-23-495x400.jpg' class='lightbox ' data-onclick='23' title='L&#039;\u00c9tape Rom\u00e2nia by Tour de France (23)'  itemprop=\"thumbnailUrl\"  ><img decoding=\"async\" fetchpriority=\"high\" class=\"wp-image-23350 avia-img-lazy-loading-not-23350\"   src=\"https:\/\/reciclador.green\/wp-content\/uploads\/2022\/08\/LEtape-Romania-by-Tour-de-France-23-495x400.jpg\" width=\"495\" height=\"400\"  title='L&#039;\u00c9tape Rom\u00e2nia by Tour de France (23)' alt='' srcset=\"https:\/\/reciclador.green\/wp-content\/uploads\/2022\/08\/LEtape-Romania-by-Tour-de-France-23-495x400.jpg 495w, https:\/\/reciclador.green\/wp-content\/uploads\/2022\/08\/LEtape-Romania-by-Tour-de-France-23-845x684.jpg 845w\" sizes=\"(max-width: 495px) 100vw, 495px\" \/><div class='big-prev-fake'><img decoding=\"async\" loading=\"lazy\" class=\"wp-image-23350 avia-img-lazy-loading-23350\"  width=\"495\" height=\"400\" src=\"https:\/\/reciclador.green\/wp-content\/uploads\/2022\/08\/LEtape-Romania-by-Tour-de-France-23-495x400.jpg\" title='L&#039;\u00c9tape Rom\u00e2nia by Tour de France (23)' alt='' srcset=\"https:\/\/reciclador.green\/wp-content\/uploads\/2022\/08\/LEtape-Romania-by-Tour-de-France-23-495x400.jpg 495w, https:\/\/reciclador.green\/wp-content\/uploads\/2022\/08\/LEtape-Romania-by-Tour-de-France-23-845x684.jpg 845w\" sizes=\"auto, (max-width: 495px) 100vw, 495px\" \/><\/div><\/a><a href=\"https:\/\/reciclador.green\/wp-content\/uploads\/2022\/08\/LEtape-Romania-by-Tour-de-France-24-687x1030.jpg\" data-srcset=\"https:\/\/reciclador.green\/wp-content\/uploads\/2022\/08\/LEtape-Romania-by-Tour-de-France-24-687x1030.jpg 687w, https:\/\/reciclador.green\/wp-content\/uploads\/2022\/08\/LEtape-Romania-by-Tour-de-France-24-200x300.jpg 200w, https:\/\/reciclador.green\/wp-content\/uploads\/2022\/08\/LEtape-Romania-by-Tour-de-France-24-470x705.jpg 470w, https:\/\/reciclador.green\/wp-content\/uploads\/2022\/08\/LEtape-Romania-by-Tour-de-France-24.jpg 720w\" data-sizes=\"(max-width: 687px) 100vw, 687px\" data-rel='gallery-1' data-prev-img='https:\/\/reciclador.green\/wp-content\/uploads\/2022\/08\/LEtape-Romania-by-Tour-de-France-24-495x400.jpg' class='lightbox ' data-onclick='24' title='L&#039;\u00c9tape Rom\u00e2nia by Tour de France (24)'  itemprop=\"thumbnailUrl\"  ><img decoding=\"async\" fetchpriority=\"high\" class=\"wp-image-23352 avia-img-lazy-loading-not-23352\"   src=\"https:\/\/reciclador.green\/wp-content\/uploads\/2022\/08\/LEtape-Romania-by-Tour-de-France-24-495x400.jpg\" width=\"495\" height=\"400\"  title='L&#039;\u00c9tape Rom\u00e2nia by Tour de France (24)' alt='' \/><div class='big-prev-fake'><img decoding=\"async\" loading=\"lazy\" class=\"wp-image-23352 avia-img-lazy-loading-23352\"  width=\"495\" height=\"400\" src=\"https:\/\/reciclador.green\/wp-content\/uploads\/2022\/08\/LEtape-Romania-by-Tour-de-France-24-495x400.jpg\" title='L&#039;\u00c9tape Rom\u00e2nia by Tour de France (24)' alt='' \/><\/div><\/a><a href=\"https:\/\/reciclador.green\/wp-content\/uploads\/2022\/08\/Recicla-dor-1-1030x687.jpg\" data-srcset=\"https:\/\/reciclador.green\/wp-content\/uploads\/2022\/08\/Recicla-dor-1-1030x687.jpg 1030w, https:\/\/reciclador.green\/wp-content\/uploads\/2022\/08\/Recicla-dor-1-300x200.jpg 300w, https:\/\/reciclador.green\/wp-content\/uploads\/2022\/08\/Recicla-dor-1-768x512.jpg 768w, https:\/\/reciclador.green\/wp-content\/uploads\/2022\/08\/Recicla-dor-1-600x400.jpg 600w, https:\/\/reciclador.green\/wp-content\/uploads\/2022\/08\/Recicla-dor-1-705x470.jpg 705w, https:\/\/reciclador.green\/wp-content\/uploads\/2022\/08\/Recicla-dor-1.jpg 1080w\" data-sizes=\"(max-width: 1030px) 100vw, 1030px\" data-rel='gallery-1' data-prev-img='https:\/\/reciclador.green\/wp-content\/uploads\/2022\/08\/Recicla-dor-1-495x400.jpg' class='first_thumb lightbox ' data-onclick='25' title='Recicla dor (1)'  itemprop=\"thumbnailUrl\"  ><img decoding=\"async\" fetchpriority=\"high\" class=\"wp-image-23384 avia-img-lazy-loading-not-23384\"   src=\"https:\/\/reciclador.green\/wp-content\/uploads\/2022\/08\/Recicla-dor-1-495x400.jpg\" width=\"495\" height=\"400\"  title='Recicla dor (1)' alt='' srcset=\"https:\/\/reciclador.green\/wp-content\/uploads\/2022\/08\/Recicla-dor-1-495x400.jpg 495w, https:\/\/reciclador.green\/wp-content\/uploads\/2022\/08\/Recicla-dor-1-845x684.jpg 845w\" sizes=\"(max-width: 495px) 100vw, 495px\" \/><div class='big-prev-fake'><img decoding=\"async\" loading=\"lazy\" class=\"wp-image-23384 avia-img-lazy-loading-23384\"  width=\"495\" height=\"400\" src=\"https:\/\/reciclador.green\/wp-content\/uploads\/2022\/08\/Recicla-dor-1-495x400.jpg\" title='Recicla dor (1)' alt='' srcset=\"https:\/\/reciclador.green\/wp-content\/uploads\/2022\/08\/Recicla-dor-1-495x400.jpg 495w, https:\/\/reciclador.green\/wp-content\/uploads\/2022\/08\/Recicla-dor-1-845x684.jpg 845w\" sizes=\"auto, (max-width: 495px) 100vw, 495px\" \/><\/div><\/a><a href=\"https:\/\/reciclador.green\/wp-content\/uploads\/2022\/08\/Recicla-dor-2-687x1030.jpg\" data-srcset=\"https:\/\/reciclador.green\/wp-content\/uploads\/2022\/08\/Recicla-dor-2-687x1030.jpg 687w, https:\/\/reciclador.green\/wp-content\/uploads\/2022\/08\/Recicla-dor-2-200x300.jpg 200w, https:\/\/reciclador.green\/wp-content\/uploads\/2022\/08\/Recicla-dor-2-470x705.jpg 470w, https:\/\/reciclador.green\/wp-content\/uploads\/2022\/08\/Recicla-dor-2.jpg 720w\" data-sizes=\"(max-width: 687px) 100vw, 687px\" data-rel='gallery-1' data-prev-img='https:\/\/reciclador.green\/wp-content\/uploads\/2022\/08\/Recicla-dor-2-495x400.jpg' class='lightbox ' data-onclick='26' title='Recicla dor (2)'  itemprop=\"thumbnailUrl\"  ><img decoding=\"async\" fetchpriority=\"high\" class=\"wp-image-23386 avia-img-lazy-loading-not-23386\"   src=\"https:\/\/reciclador.green\/wp-content\/uploads\/2022\/08\/Recicla-dor-2-495x400.jpg\" width=\"495\" height=\"400\"  title='Recicla dor (2)' alt='' \/><div class='big-prev-fake'><img decoding=\"async\" loading=\"lazy\" class=\"wp-image-23386 avia-img-lazy-loading-23386\"  width=\"495\" height=\"400\" src=\"https:\/\/reciclador.green\/wp-content\/uploads\/2022\/08\/Recicla-dor-2-495x400.jpg\" title='Recicla dor (2)' alt='' \/><\/div><\/a><a href=\"https:\/\/reciclador.green\/wp-content\/uploads\/2022\/08\/Recicla-dor-3-1030x687.jpg\" data-srcset=\"https:\/\/reciclador.green\/wp-content\/uploads\/2022\/08\/Recicla-dor-3-1030x687.jpg 1030w, https:\/\/reciclador.green\/wp-content\/uploads\/2022\/08\/Recicla-dor-3-300x200.jpg 300w, https:\/\/reciclador.green\/wp-content\/uploads\/2022\/08\/Recicla-dor-3-768x512.jpg 768w, https:\/\/reciclador.green\/wp-content\/uploads\/2022\/08\/Recicla-dor-3-600x400.jpg 600w, https:\/\/reciclador.green\/wp-content\/uploads\/2022\/08\/Recicla-dor-3-705x470.jpg 705w, https:\/\/reciclador.green\/wp-content\/uploads\/2022\/08\/Recicla-dor-3.jpg 1080w\" data-sizes=\"(max-width: 1030px) 100vw, 1030px\" data-rel='gallery-1' data-prev-img='https:\/\/reciclador.green\/wp-content\/uploads\/2022\/08\/Recicla-dor-3-495x400.jpg' class='lightbox ' data-onclick='27' title='Recicla dor (3)'  itemprop=\"thumbnailUrl\"  ><img decoding=\"async\" fetchpriority=\"high\" class=\"wp-image-23388 avia-img-lazy-loading-not-23388\"   src=\"https:\/\/reciclador.green\/wp-content\/uploads\/2022\/08\/Recicla-dor-3-495x400.jpg\" width=\"495\" height=\"400\"  title='Recicla dor (3)' alt='' srcset=\"https:\/\/reciclador.green\/wp-content\/uploads\/2022\/08\/Recicla-dor-3-495x400.jpg 495w, https:\/\/reciclador.green\/wp-content\/uploads\/2022\/08\/Recicla-dor-3-845x684.jpg 845w\" sizes=\"(max-width: 495px) 100vw, 495px\" \/><div class='big-prev-fake'><img decoding=\"async\" loading=\"lazy\" class=\"wp-image-23388 avia-img-lazy-loading-23388\"  width=\"495\" height=\"400\" src=\"https:\/\/reciclador.green\/wp-content\/uploads\/2022\/08\/Recicla-dor-3-495x400.jpg\" title='Recicla dor (3)' alt='' srcset=\"https:\/\/reciclador.green\/wp-content\/uploads\/2022\/08\/Recicla-dor-3-495x400.jpg 495w, https:\/\/reciclador.green\/wp-content\/uploads\/2022\/08\/Recicla-dor-3-845x684.jpg 845w\" sizes=\"auto, (max-width: 495px) 100vw, 495px\" \/><\/div><\/a><a href=\"https:\/\/reciclador.green\/wp-content\/uploads\/2022\/08\/Recicla-dor-4-687x1030.jpg\" data-srcset=\"https:\/\/reciclador.green\/wp-content\/uploads\/2022\/08\/Recicla-dor-4-687x1030.jpg 687w, https:\/\/reciclador.green\/wp-content\/uploads\/2022\/08\/Recicla-dor-4-200x300.jpg 200w, https:\/\/reciclador.green\/wp-content\/uploads\/2022\/08\/Recicla-dor-4-470x705.jpg 470w, https:\/\/reciclador.green\/wp-content\/uploads\/2022\/08\/Recicla-dor-4.jpg 720w\" data-sizes=\"(max-width: 687px) 100vw, 687px\" data-rel='gallery-1' data-prev-img='https:\/\/reciclador.green\/wp-content\/uploads\/2022\/08\/Recicla-dor-4-495x400.jpg' class='first_thumb lightbox ' data-onclick='28' title='Recicla dor (4)'  itemprop=\"thumbnailUrl\"  ><img decoding=\"async\" fetchpriority=\"high\" class=\"wp-image-23390 avia-img-lazy-loading-not-23390\"   src=\"https:\/\/reciclador.green\/wp-content\/uploads\/2022\/08\/Recicla-dor-4-495x400.jpg\" width=\"495\" height=\"400\"  title='Recicla dor (4)' alt='' \/><div class='big-prev-fake'><img decoding=\"async\" loading=\"lazy\" class=\"wp-image-23390 avia-img-lazy-loading-23390\"  width=\"495\" height=\"400\" src=\"https:\/\/reciclador.green\/wp-content\/uploads\/2022\/08\/Recicla-dor-4-495x400.jpg\" title='Recicla dor (4)' alt='' \/><\/div><\/a><a href=\"https:\/\/reciclador.green\/wp-content\/uploads\/2022\/08\/Recicla-dor-5-1030x687.jpg\" data-srcset=\"https:\/\/reciclador.green\/wp-content\/uploads\/2022\/08\/Recicla-dor-5-1030x687.jpg 1030w, https:\/\/reciclador.green\/wp-content\/uploads\/2022\/08\/Recicla-dor-5-300x200.jpg 300w, https:\/\/reciclador.green\/wp-content\/uploads\/2022\/08\/Recicla-dor-5-768x512.jpg 768w, https:\/\/reciclador.green\/wp-content\/uploads\/2022\/08\/Recicla-dor-5-600x400.jpg 600w, https:\/\/reciclador.green\/wp-content\/uploads\/2022\/08\/Recicla-dor-5-705x470.jpg 705w, https:\/\/reciclador.green\/wp-content\/uploads\/2022\/08\/Recicla-dor-5.jpg 1080w\" data-sizes=\"(max-width: 1030px) 100vw, 1030px\" data-rel='gallery-1' data-prev-img='https:\/\/reciclador.green\/wp-content\/uploads\/2022\/08\/Recicla-dor-5-495x400.jpg' class='lightbox ' data-onclick='29' title='Recicla dor (5)'  itemprop=\"thumbnailUrl\"  ><img decoding=\"async\" fetchpriority=\"high\" class=\"wp-image-23392 avia-img-lazy-loading-not-23392\"   src=\"https:\/\/reciclador.green\/wp-content\/uploads\/2022\/08\/Recicla-dor-5-495x400.jpg\" width=\"495\" height=\"400\"  title='Recicla dor (5)' alt='' srcset=\"https:\/\/reciclador.green\/wp-content\/uploads\/2022\/08\/Recicla-dor-5-495x400.jpg 495w, https:\/\/reciclador.green\/wp-content\/uploads\/2022\/08\/Recicla-dor-5-845x684.jpg 845w\" sizes=\"(max-width: 495px) 100vw, 495px\" \/><div class='big-prev-fake'><img decoding=\"async\" loading=\"lazy\" class=\"wp-image-23392 avia-img-lazy-loading-23392\"  width=\"495\" height=\"400\" src=\"https:\/\/reciclador.green\/wp-content\/uploads\/2022\/08\/Recicla-dor-5-495x400.jpg\" title='Recicla dor (5)' alt='' srcset=\"https:\/\/reciclador.green\/wp-content\/uploads\/2022\/08\/Recicla-dor-5-495x400.jpg 495w, https:\/\/reciclador.green\/wp-content\/uploads\/2022\/08\/Recicla-dor-5-845x684.jpg 845w\" sizes=\"auto, (max-width: 495px) 100vw, 495px\" \/><\/div><\/a><a href=\"https:\/\/reciclador.green\/wp-content\/uploads\/2022\/08\/Recicla-dor-6-687x1030.jpg\" data-srcset=\"https:\/\/reciclador.green\/wp-content\/uploads\/2022\/08\/Recicla-dor-6-687x1030.jpg 687w, https:\/\/reciclador.green\/wp-content\/uploads\/2022\/08\/Recicla-dor-6-200x300.jpg 200w, https:\/\/reciclador.green\/wp-content\/uploads\/2022\/08\/Recicla-dor-6-470x705.jpg 470w, https:\/\/reciclador.green\/wp-content\/uploads\/2022\/08\/Recicla-dor-6.jpg 720w\" data-sizes=\"(max-width: 687px) 100vw, 687px\" data-rel='gallery-1' data-prev-img='https:\/\/reciclador.green\/wp-content\/uploads\/2022\/08\/Recicla-dor-6-495x400.jpg' class='lightbox ' data-onclick='30' title='Recicla dor (6)'  itemprop=\"thumbnailUrl\"  ><img decoding=\"async\" fetchpriority=\"high\" class=\"wp-image-23394 avia-img-lazy-loading-not-23394\"   src=\"https:\/\/reciclador.green\/wp-content\/uploads\/2022\/08\/Recicla-dor-6-495x400.jpg\" width=\"495\" height=\"400\"  title='Recicla dor (6)' alt='' \/><div class='big-prev-fake'><img decoding=\"async\" loading=\"lazy\" class=\"wp-image-23394 avia-img-lazy-loading-23394\"  width=\"495\" height=\"400\" src=\"https:\/\/reciclador.green\/wp-content\/uploads\/2022\/08\/Recicla-dor-6-495x400.jpg\" title='Recicla dor (6)' alt='' \/><\/div><\/a><a href=\"https:\/\/reciclador.green\/wp-content\/uploads\/2022\/08\/Recicla-dor-7-1030x687.jpg\" data-srcset=\"https:\/\/reciclador.green\/wp-content\/uploads\/2022\/08\/Recicla-dor-7-1030x687.jpg 1030w, https:\/\/reciclador.green\/wp-content\/uploads\/2022\/08\/Recicla-dor-7-300x200.jpg 300w, https:\/\/reciclador.green\/wp-content\/uploads\/2022\/08\/Recicla-dor-7-768x512.jpg 768w, https:\/\/reciclador.green\/wp-content\/uploads\/2022\/08\/Recicla-dor-7-600x400.jpg 600w, https:\/\/reciclador.green\/wp-content\/uploads\/2022\/08\/Recicla-dor-7-705x470.jpg 705w, https:\/\/reciclador.green\/wp-content\/uploads\/2022\/08\/Recicla-dor-7.jpg 1080w\" data-sizes=\"(max-width: 1030px) 100vw, 1030px\" data-rel='gallery-1' data-prev-img='https:\/\/reciclador.green\/wp-content\/uploads\/2022\/08\/Recicla-dor-7-495x400.jpg' class='first_thumb lightbox ' data-onclick='31' title='Recicla dor (7)'  itemprop=\"thumbnailUrl\"  ><img decoding=\"async\" fetchpriority=\"high\" class=\"wp-image-23396 avia-img-lazy-loading-not-23396\"   src=\"https:\/\/reciclador.green\/wp-content\/uploads\/2022\/08\/Recicla-dor-7-495x400.jpg\" width=\"495\" height=\"400\"  title='Recicla dor (7)' alt='' srcset=\"https:\/\/reciclador.green\/wp-content\/uploads\/2022\/08\/Recicla-dor-7-495x400.jpg 495w, https:\/\/reciclador.green\/wp-content\/uploads\/2022\/08\/Recicla-dor-7-845x684.jpg 845w\" sizes=\"(max-width: 495px) 100vw, 495px\" \/><div class='big-prev-fake'><img decoding=\"async\" loading=\"lazy\" class=\"wp-image-23396 avia-img-lazy-loading-23396\"  width=\"495\" height=\"400\" src=\"https:\/\/reciclador.green\/wp-content\/uploads\/2022\/08\/Recicla-dor-7-495x400.jpg\" title='Recicla dor (7)' alt='' srcset=\"https:\/\/reciclador.green\/wp-content\/uploads\/2022\/08\/Recicla-dor-7-495x400.jpg 495w, https:\/\/reciclador.green\/wp-content\/uploads\/2022\/08\/Recicla-dor-7-845x684.jpg 845w\" sizes=\"auto, (max-width: 495px) 100vw, 495px\" \/><\/div><\/a><a href=\"https:\/\/reciclador.green\/wp-content\/uploads\/2022\/08\/Recicla-dor-8-1030x687.jpg\" data-srcset=\"https:\/\/reciclador.green\/wp-content\/uploads\/2022\/08\/Recicla-dor-8-1030x687.jpg 1030w, https:\/\/reciclador.green\/wp-content\/uploads\/2022\/08\/Recicla-dor-8-300x200.jpg 300w, https:\/\/reciclador.green\/wp-content\/uploads\/2022\/08\/Recicla-dor-8-768x512.jpg 768w, https:\/\/reciclador.green\/wp-content\/uploads\/2022\/08\/Recicla-dor-8-600x400.jpg 600w, https:\/\/reciclador.green\/wp-content\/uploads\/2022\/08\/Recicla-dor-8-705x470.jpg 705w, https:\/\/reciclador.green\/wp-content\/uploads\/2022\/08\/Recicla-dor-8.jpg 1080w\" data-sizes=\"(max-width: 1030px) 100vw, 1030px\" data-rel='gallery-1' data-prev-img='https:\/\/reciclador.green\/wp-content\/uploads\/2022\/08\/Recicla-dor-8-495x400.jpg' class='lightbox ' data-onclick='32' title='Recicla dor (8)'  itemprop=\"thumbnailUrl\"  ><img decoding=\"async\" fetchpriority=\"high\" class=\"wp-image-23398 avia-img-lazy-loading-not-23398\"   src=\"https:\/\/reciclador.green\/wp-content\/uploads\/2022\/08\/Recicla-dor-8-495x400.jpg\" width=\"495\" height=\"400\"  title='Recicla dor (8)' alt='' srcset=\"https:\/\/reciclador.green\/wp-content\/uploads\/2022\/08\/Recicla-dor-8-495x400.jpg 495w, https:\/\/reciclador.green\/wp-content\/uploads\/2022\/08\/Recicla-dor-8-845x684.jpg 845w\" sizes=\"(max-width: 495px) 100vw, 495px\" \/><div class='big-prev-fake'><img decoding=\"async\" loading=\"lazy\" class=\"wp-image-23398 avia-img-lazy-loading-23398\"  width=\"495\" height=\"400\" src=\"https:\/\/reciclador.green\/wp-content\/uploads\/2022\/08\/Recicla-dor-8-495x400.jpg\" title='Recicla dor (8)' alt='' srcset=\"https:\/\/reciclador.green\/wp-content\/uploads\/2022\/08\/Recicla-dor-8-495x400.jpg 495w, https:\/\/reciclador.green\/wp-content\/uploads\/2022\/08\/Recicla-dor-8-845x684.jpg 845w\" sizes=\"auto, (max-width: 495px) 100vw, 495px\" \/><\/div><\/a><a href=\"https:\/\/reciclador.green\/wp-content\/uploads\/2022\/08\/Recicla-dor-9-1030x687.jpg\" data-srcset=\"https:\/\/reciclador.green\/wp-content\/uploads\/2022\/08\/Recicla-dor-9-1030x687.jpg 1030w, https:\/\/reciclador.green\/wp-content\/uploads\/2022\/08\/Recicla-dor-9-300x200.jpg 300w, https:\/\/reciclador.green\/wp-content\/uploads\/2022\/08\/Recicla-dor-9-768x512.jpg 768w, https:\/\/reciclador.green\/wp-content\/uploads\/2022\/08\/Recicla-dor-9-600x400.jpg 600w, https:\/\/reciclador.green\/wp-content\/uploads\/2022\/08\/Recicla-dor-9-705x470.jpg 705w, https:\/\/reciclador.green\/wp-content\/uploads\/2022\/08\/Recicla-dor-9.jpg 1080w\" data-sizes=\"(max-width: 1030px) 100vw, 1030px\" data-rel='gallery-1' data-prev-img='https:\/\/reciclador.green\/wp-content\/uploads\/2022\/08\/Recicla-dor-9-495x400.jpg' class='lightbox ' data-onclick='33' title='Recicla dor (9)'  itemprop=\"thumbnailUrl\"  ><img decoding=\"async\" fetchpriority=\"high\" class=\"wp-image-23400 avia-img-lazy-loading-not-23400\"   src=\"https:\/\/reciclador.green\/wp-content\/uploads\/2022\/08\/Recicla-dor-9-495x400.jpg\" width=\"495\" height=\"400\"  title='Recicla dor (9)' alt='' srcset=\"https:\/\/reciclador.green\/wp-content\/uploads\/2022\/08\/Recicla-dor-9-495x400.jpg 495w, https:\/\/reciclador.green\/wp-content\/uploads\/2022\/08\/Recicla-dor-9-845x684.jpg 845w\" sizes=\"(max-width: 495px) 100vw, 495px\" \/><div class='big-prev-fake'><img decoding=\"async\" loading=\"lazy\" class=\"wp-image-23400 avia-img-lazy-loading-23400\"  width=\"495\" height=\"400\" src=\"https:\/\/reciclador.green\/wp-content\/uploads\/2022\/08\/Recicla-dor-9-495x400.jpg\" title='Recicla dor (9)' alt='' srcset=\"https:\/\/reciclador.green\/wp-content\/uploads\/2022\/08\/Recicla-dor-9-495x400.jpg 495w, https:\/\/reciclador.green\/wp-content\/uploads\/2022\/08\/Recicla-dor-9-845x684.jpg 845w\" sizes=\"auto, (max-width: 495px) 100vw, 495px\" \/><\/div><\/a><a href=\"https:\/\/reciclador.green\/wp-content\/uploads\/2022\/08\/Recicla-dor-10-1030x687.jpg\" data-srcset=\"https:\/\/reciclador.green\/wp-content\/uploads\/2022\/08\/Recicla-dor-10-1030x687.jpg 1030w, https:\/\/reciclador.green\/wp-content\/uploads\/2022\/08\/Recicla-dor-10-300x200.jpg 300w, https:\/\/reciclador.green\/wp-content\/uploads\/2022\/08\/Recicla-dor-10-768x512.jpg 768w, https:\/\/reciclador.green\/wp-content\/uploads\/2022\/08\/Recicla-dor-10-600x400.jpg 600w, https:\/\/reciclador.green\/wp-content\/uploads\/2022\/08\/Recicla-dor-10-705x470.jpg 705w, https:\/\/reciclador.green\/wp-content\/uploads\/2022\/08\/Recicla-dor-10.jpg 1080w\" data-sizes=\"(max-width: 1030px) 100vw, 1030px\" data-rel='gallery-1' data-prev-img='https:\/\/reciclador.green\/wp-content\/uploads\/2022\/08\/Recicla-dor-10-495x400.jpg' class='first_thumb lightbox ' data-onclick='34' title='Recicla dor (10)'  itemprop=\"thumbnailUrl\"  ><img decoding=\"async\" fetchpriority=\"high\" class=\"wp-image-23402 avia-img-lazy-loading-not-23402\"   src=\"https:\/\/reciclador.green\/wp-content\/uploads\/2022\/08\/Recicla-dor-10-495x400.jpg\" width=\"495\" height=\"400\"  title='Recicla dor (10)' alt='' srcset=\"https:\/\/reciclador.green\/wp-content\/uploads\/2022\/08\/Recicla-dor-10-495x400.jpg 495w, https:\/\/reciclador.green\/wp-content\/uploads\/2022\/08\/Recicla-dor-10-845x684.jpg 845w\" sizes=\"(max-width: 495px) 100vw, 495px\" \/><div class='big-prev-fake'><img decoding=\"async\" loading=\"lazy\" class=\"wp-image-23402 avia-img-lazy-loading-23402\"  width=\"495\" height=\"400\" src=\"https:\/\/reciclador.green\/wp-content\/uploads\/2022\/08\/Recicla-dor-10-495x400.jpg\" title='Recicla dor (10)' alt='' srcset=\"https:\/\/reciclador.green\/wp-content\/uploads\/2022\/08\/Recicla-dor-10-495x400.jpg 495w, https:\/\/reciclador.green\/wp-content\/uploads\/2022\/08\/Recicla-dor-10-845x684.jpg 845w\" sizes=\"auto, (max-width: 495px) 100vw, 495px\" \/><\/div><\/a><a href=\"https:\/\/reciclador.green\/wp-content\/uploads\/2022\/08\/Recicla-dor-11-1030x687.jpg\" data-srcset=\"https:\/\/reciclador.green\/wp-content\/uploads\/2022\/08\/Recicla-dor-11-1030x687.jpg 1030w, https:\/\/reciclador.green\/wp-content\/uploads\/2022\/08\/Recicla-dor-11-300x200.jpg 300w, https:\/\/reciclador.green\/wp-content\/uploads\/2022\/08\/Recicla-dor-11-768x512.jpg 768w, https:\/\/reciclador.green\/wp-content\/uploads\/2022\/08\/Recicla-dor-11-600x400.jpg 600w, https:\/\/reciclador.green\/wp-content\/uploads\/2022\/08\/Recicla-dor-11-705x470.jpg 705w, https:\/\/reciclador.green\/wp-content\/uploads\/2022\/08\/Recicla-dor-11.jpg 1080w\" data-sizes=\"(max-width: 1030px) 100vw, 1030px\" data-rel='gallery-1' data-prev-img='https:\/\/reciclador.green\/wp-content\/uploads\/2022\/08\/Recicla-dor-11-495x400.jpg' class='lightbox ' data-onclick='35' title='Recicla dor (11)'  itemprop=\"thumbnailUrl\"  ><img decoding=\"async\" fetchpriority=\"high\" class=\"wp-image-23404 avia-img-lazy-loading-not-23404\"   src=\"https:\/\/reciclador.green\/wp-content\/uploads\/2022\/08\/Recicla-dor-11-495x400.jpg\" width=\"495\" height=\"400\"  title='Recicla dor (11)' alt='' srcset=\"https:\/\/reciclador.green\/wp-content\/uploads\/2022\/08\/Recicla-dor-11-495x400.jpg 495w, https:\/\/reciclador.green\/wp-content\/uploads\/2022\/08\/Recicla-dor-11-845x684.jpg 845w\" sizes=\"(max-width: 495px) 100vw, 495px\" \/><div class='big-prev-fake'><img decoding=\"async\" loading=\"lazy\" class=\"wp-image-23404 avia-img-lazy-loading-23404\"  width=\"495\" height=\"400\" src=\"https:\/\/reciclador.green\/wp-content\/uploads\/2022\/08\/Recicla-dor-11-495x400.jpg\" title='Recicla dor (11)' alt='' srcset=\"https:\/\/reciclador.green\/wp-content\/uploads\/2022\/08\/Recicla-dor-11-495x400.jpg 495w, https:\/\/reciclador.green\/wp-content\/uploads\/2022\/08\/Recicla-dor-11-845x684.jpg 845w\" sizes=\"auto, (max-width: 495px) 100vw, 495px\" \/><\/div><\/a><a href=\"https:\/\/reciclador.green\/wp-content\/uploads\/2022\/08\/Recicla-dor-12-1030x687.jpg\" data-srcset=\"https:\/\/reciclador.green\/wp-content\/uploads\/2022\/08\/Recicla-dor-12-1030x687.jpg 1030w, https:\/\/reciclador.green\/wp-content\/uploads\/2022\/08\/Recicla-dor-12-300x200.jpg 300w, https:\/\/reciclador.green\/wp-content\/uploads\/2022\/08\/Recicla-dor-12-768x512.jpg 768w, https:\/\/reciclador.green\/wp-content\/uploads\/2022\/08\/Recicla-dor-12-600x400.jpg 600w, https:\/\/reciclador.green\/wp-content\/uploads\/2022\/08\/Recicla-dor-12-705x470.jpg 705w, https:\/\/reciclador.green\/wp-content\/uploads\/2022\/08\/Recicla-dor-12.jpg 1080w\" data-sizes=\"(max-width: 1030px) 100vw, 1030px\" data-rel='gallery-1' data-prev-img='https:\/\/reciclador.green\/wp-content\/uploads\/2022\/08\/Recicla-dor-12-495x400.jpg' class='lightbox ' data-onclick='36' title='Recicla dor (12)'  itemprop=\"thumbnailUrl\"  ><img decoding=\"async\" fetchpriority=\"high\" class=\"wp-image-23406 avia-img-lazy-loading-not-23406\"   src=\"https:\/\/reciclador.green\/wp-content\/uploads\/2022\/08\/Recicla-dor-12-495x400.jpg\" width=\"495\" height=\"400\"  title='Recicla dor (12)' alt='' srcset=\"https:\/\/reciclador.green\/wp-content\/uploads\/2022\/08\/Recicla-dor-12-495x400.jpg 495w, https:\/\/reciclador.green\/wp-content\/uploads\/2022\/08\/Recicla-dor-12-845x684.jpg 845w\" sizes=\"(max-width: 495px) 100vw, 495px\" \/><div class='big-prev-fake'><img decoding=\"async\" loading=\"lazy\" class=\"wp-image-23406 avia-img-lazy-loading-23406\"  width=\"495\" height=\"400\" src=\"https:\/\/reciclador.green\/wp-content\/uploads\/2022\/08\/Recicla-dor-12-495x400.jpg\" title='Recicla dor (12)' alt='' srcset=\"https:\/\/reciclador.green\/wp-content\/uploads\/2022\/08\/Recicla-dor-12-495x400.jpg 495w, https:\/\/reciclador.green\/wp-content\/uploads\/2022\/08\/Recicla-dor-12-845x684.jpg 845w\" sizes=\"auto, (max-width: 495px) 100vw, 495px\" \/><\/div><\/a><a href=\"https:\/\/reciclador.green\/wp-content\/uploads\/2022\/08\/Recicla-dor-13-1030x687.jpg\" data-srcset=\"https:\/\/reciclador.green\/wp-content\/uploads\/2022\/08\/Recicla-dor-13-1030x687.jpg 1030w, https:\/\/reciclador.green\/wp-content\/uploads\/2022\/08\/Recicla-dor-13-300x200.jpg 300w, https:\/\/reciclador.green\/wp-content\/uploads\/2022\/08\/Recicla-dor-13-768x512.jpg 768w, https:\/\/reciclador.green\/wp-content\/uploads\/2022\/08\/Recicla-dor-13-600x400.jpg 600w, https:\/\/reciclador.green\/wp-content\/uploads\/2022\/08\/Recicla-dor-13-705x470.jpg 705w, https:\/\/reciclador.green\/wp-content\/uploads\/2022\/08\/Recicla-dor-13.jpg 1080w\" data-sizes=\"(max-width: 1030px) 100vw, 1030px\" data-rel='gallery-1' data-prev-img='https:\/\/reciclador.green\/wp-content\/uploads\/2022\/08\/Recicla-dor-13-495x400.jpg' class='first_thumb lightbox ' data-onclick='37' title='Recicla dor (13)'  itemprop=\"thumbnailUrl\"  ><img decoding=\"async\" fetchpriority=\"high\" class=\"wp-image-23408 avia-img-lazy-loading-not-23408\"   src=\"https:\/\/reciclador.green\/wp-content\/uploads\/2022\/08\/Recicla-dor-13-495x400.jpg\" width=\"495\" height=\"400\"  title='Recicla dor (13)' alt='' srcset=\"https:\/\/reciclador.green\/wp-content\/uploads\/2022\/08\/Recicla-dor-13-495x400.jpg 495w, https:\/\/reciclador.green\/wp-content\/uploads\/2022\/08\/Recicla-dor-13-845x684.jpg 845w\" sizes=\"(max-width: 495px) 100vw, 495px\" \/><div class='big-prev-fake'><img decoding=\"async\" loading=\"lazy\" class=\"wp-image-23408 avia-img-lazy-loading-23408\"  width=\"495\" height=\"400\" src=\"https:\/\/reciclador.green\/wp-content\/uploads\/2022\/08\/Recicla-dor-13-495x400.jpg\" title='Recicla dor (13)' alt='' srcset=\"https:\/\/reciclador.green\/wp-content\/uploads\/2022\/08\/Recicla-dor-13-495x400.jpg 495w, https:\/\/reciclador.green\/wp-content\/uploads\/2022\/08\/Recicla-dor-13-845x684.jpg 845w\" sizes=\"auto, (max-width: 495px) 100vw, 495px\" \/><\/div><\/a><a href=\"https:\/\/reciclador.green\/wp-content\/uploads\/2022\/08\/Recicla-dor-14-1030x687.jpg\" data-srcset=\"https:\/\/reciclador.green\/wp-content\/uploads\/2022\/08\/Recicla-dor-14-1030x687.jpg 1030w, https:\/\/reciclador.green\/wp-content\/uploads\/2022\/08\/Recicla-dor-14-300x200.jpg 300w, https:\/\/reciclador.green\/wp-content\/uploads\/2022\/08\/Recicla-dor-14-768x512.jpg 768w, https:\/\/reciclador.green\/wp-content\/uploads\/2022\/08\/Recicla-dor-14-600x400.jpg 600w, https:\/\/reciclador.green\/wp-content\/uploads\/2022\/08\/Recicla-dor-14-705x470.jpg 705w, https:\/\/reciclador.green\/wp-content\/uploads\/2022\/08\/Recicla-dor-14.jpg 1080w\" data-sizes=\"(max-width: 1030px) 100vw, 1030px\" data-rel='gallery-1' data-prev-img='https:\/\/reciclador.green\/wp-content\/uploads\/2022\/08\/Recicla-dor-14-495x400.jpg' class='lightbox ' data-onclick='38' title='Recicla dor (14)'  itemprop=\"thumbnailUrl\"  ><img decoding=\"async\" fetchpriority=\"high\" class=\"wp-image-23410 avia-img-lazy-loading-not-23410\"   src=\"https:\/\/reciclador.green\/wp-content\/uploads\/2022\/08\/Recicla-dor-14-495x400.jpg\" width=\"495\" height=\"400\"  title='Recicla dor (14)' alt='' srcset=\"https:\/\/reciclador.green\/wp-content\/uploads\/2022\/08\/Recicla-dor-14-495x400.jpg 495w, https:\/\/reciclador.green\/wp-content\/uploads\/2022\/08\/Recicla-dor-14-845x684.jpg 845w\" sizes=\"(max-width: 495px) 100vw, 495px\" \/><div class='big-prev-fake'><img decoding=\"async\" loading=\"lazy\" class=\"wp-image-23410 avia-img-lazy-loading-23410\"  width=\"495\" height=\"400\" src=\"https:\/\/reciclador.green\/wp-content\/uploads\/2022\/08\/Recicla-dor-14-495x400.jpg\" title='Recicla dor (14)' alt='' srcset=\"https:\/\/reciclador.green\/wp-content\/uploads\/2022\/08\/Recicla-dor-14-495x400.jpg 495w, https:\/\/reciclador.green\/wp-content\/uploads\/2022\/08\/Recicla-dor-14-845x684.jpg 845w\" sizes=\"auto, (max-width: 495px) 100vw, 495px\" \/><\/div><\/a><a href=\"https:\/\/reciclador.green\/wp-content\/uploads\/2022\/08\/Recicla-dor-15-1030x687.jpg\" data-srcset=\"https:\/\/reciclador.green\/wp-content\/uploads\/2022\/08\/Recicla-dor-15-1030x687.jpg 1030w, https:\/\/reciclador.green\/wp-content\/uploads\/2022\/08\/Recicla-dor-15-300x200.jpg 300w, https:\/\/reciclador.green\/wp-content\/uploads\/2022\/08\/Recicla-dor-15-768x512.jpg 768w, https:\/\/reciclador.green\/wp-content\/uploads\/2022\/08\/Recicla-dor-15-600x400.jpg 600w, https:\/\/reciclador.green\/wp-content\/uploads\/2022\/08\/Recicla-dor-15-705x470.jpg 705w, https:\/\/reciclador.green\/wp-content\/uploads\/2022\/08\/Recicla-dor-15.jpg 1080w\" data-sizes=\"(max-width: 1030px) 100vw, 1030px\" data-rel='gallery-1' data-prev-img='https:\/\/reciclador.green\/wp-content\/uploads\/2022\/08\/Recicla-dor-15-495x400.jpg' class='lightbox ' data-onclick='39' title='Recicla dor (15)'  itemprop=\"thumbnailUrl\"  ><img decoding=\"async\" fetchpriority=\"high\" class=\"wp-image-23412 avia-img-lazy-loading-not-23412\"   src=\"https:\/\/reciclador.green\/wp-content\/uploads\/2022\/08\/Recicla-dor-15-495x400.jpg\" width=\"495\" height=\"400\"  title='Recicla dor (15)' alt='' srcset=\"https:\/\/reciclador.green\/wp-content\/uploads\/2022\/08\/Recicla-dor-15-495x400.jpg 495w, https:\/\/reciclador.green\/wp-content\/uploads\/2022\/08\/Recicla-dor-15-845x684.jpg 845w\" sizes=\"(max-width: 495px) 100vw, 495px\" \/><div class='big-prev-fake'><img decoding=\"async\" loading=\"lazy\" class=\"wp-image-23412 avia-img-lazy-loading-23412\"  width=\"495\" height=\"400\" src=\"https:\/\/reciclador.green\/wp-content\/uploads\/2022\/08\/Recicla-dor-15-495x400.jpg\" title='Recicla dor (15)' alt='' srcset=\"https:\/\/reciclador.green\/wp-content\/uploads\/2022\/08\/Recicla-dor-15-495x400.jpg 495w, https:\/\/reciclador.green\/wp-content\/uploads\/2022\/08\/Recicla-dor-15-845x684.jpg 845w\" sizes=\"auto, (max-width: 495px) 100vw, 495px\" \/><\/div><\/a><a href=\"https:\/\/reciclador.green\/wp-content\/uploads\/2022\/08\/Recicla-dor-16-1030x687.jpg\" data-srcset=\"https:\/\/reciclador.green\/wp-content\/uploads\/2022\/08\/Recicla-dor-16-1030x687.jpg 1030w, https:\/\/reciclador.green\/wp-content\/uploads\/2022\/08\/Recicla-dor-16-300x200.jpg 300w, https:\/\/reciclador.green\/wp-content\/uploads\/2022\/08\/Recicla-dor-16-768x512.jpg 768w, https:\/\/reciclador.green\/wp-content\/uploads\/2022\/08\/Recicla-dor-16-600x400.jpg 600w, https:\/\/reciclador.green\/wp-content\/uploads\/2022\/08\/Recicla-dor-16-705x470.jpg 705w, https:\/\/reciclador.green\/wp-content\/uploads\/2022\/08\/Recicla-dor-16.jpg 1080w\" data-sizes=\"(max-width: 1030px) 100vw, 1030px\" data-rel='gallery-1' data-prev-img='https:\/\/reciclador.green\/wp-content\/uploads\/2022\/08\/Recicla-dor-16-495x400.jpg' class='first_thumb lightbox ' data-onclick='40' title='Recicla dor (16)'  itemprop=\"thumbnailUrl\"  ><img decoding=\"async\" fetchpriority=\"high\" class=\"wp-image-23415 avia-img-lazy-loading-not-23415\"   src=\"https:\/\/reciclador.green\/wp-content\/uploads\/2022\/08\/Recicla-dor-16-495x400.jpg\" width=\"495\" height=\"400\"  title='Recicla dor (16)' alt='' srcset=\"https:\/\/reciclador.green\/wp-content\/uploads\/2022\/08\/Recicla-dor-16-495x400.jpg 495w, https:\/\/reciclador.green\/wp-content\/uploads\/2022\/08\/Recicla-dor-16-845x684.jpg 845w\" sizes=\"(max-width: 495px) 100vw, 495px\" \/><div class='big-prev-fake'><img decoding=\"async\" loading=\"lazy\" class=\"wp-image-23415 avia-img-lazy-loading-23415\"  width=\"495\" height=\"400\" src=\"https:\/\/reciclador.green\/wp-content\/uploads\/2022\/08\/Recicla-dor-16-495x400.jpg\" title='Recicla dor (16)' alt='' srcset=\"https:\/\/reciclador.green\/wp-content\/uploads\/2022\/08\/Recicla-dor-16-495x400.jpg 495w, https:\/\/reciclador.green\/wp-content\/uploads\/2022\/08\/Recicla-dor-16-845x684.jpg 845w\" sizes=\"auto, (max-width: 495px) 100vw, 495px\" \/><\/div><\/a><a href=\"https:\/\/reciclador.green\/wp-content\/uploads\/2022\/08\/Recicla-dor-17-1030x687.jpg\" data-srcset=\"https:\/\/reciclador.green\/wp-content\/uploads\/2022\/08\/Recicla-dor-17-1030x687.jpg 1030w, https:\/\/reciclador.green\/wp-content\/uploads\/2022\/08\/Recicla-dor-17-300x200.jpg 300w, https:\/\/reciclador.green\/wp-content\/uploads\/2022\/08\/Recicla-dor-17-768x512.jpg 768w, https:\/\/reciclador.green\/wp-content\/uploads\/2022\/08\/Recicla-dor-17-600x400.jpg 600w, https:\/\/reciclador.green\/wp-content\/uploads\/2022\/08\/Recicla-dor-17-705x470.jpg 705w, https:\/\/reciclador.green\/wp-content\/uploads\/2022\/08\/Recicla-dor-17.jpg 1080w\" data-sizes=\"(max-width: 1030px) 100vw, 1030px\" data-rel='gallery-1' data-prev-img='https:\/\/reciclador.green\/wp-content\/uploads\/2022\/08\/Recicla-dor-17-495x400.jpg' class='lightbox ' data-onclick='41' title='Recicla dor (17)'  itemprop=\"thumbnailUrl\"  ><img decoding=\"async\" fetchpriority=\"high\" class=\"wp-image-23417 avia-img-lazy-loading-not-23417\"   src=\"https:\/\/reciclador.green\/wp-content\/uploads\/2022\/08\/Recicla-dor-17-495x400.jpg\" width=\"495\" height=\"400\"  title='Recicla dor (17)' alt='' srcset=\"https:\/\/reciclador.green\/wp-content\/uploads\/2022\/08\/Recicla-dor-17-495x400.jpg 495w, https:\/\/reciclador.green\/wp-content\/uploads\/2022\/08\/Recicla-dor-17-845x684.jpg 845w\" sizes=\"(max-width: 495px) 100vw, 495px\" \/><div class='big-prev-fake'><img decoding=\"async\" loading=\"lazy\" class=\"wp-image-23417 avia-img-lazy-loading-23417\"  width=\"495\" height=\"400\" src=\"https:\/\/reciclador.green\/wp-content\/uploads\/2022\/08\/Recicla-dor-17-495x400.jpg\" title='Recicla dor (17)' alt='' srcset=\"https:\/\/reciclador.green\/wp-content\/uploads\/2022\/08\/Recicla-dor-17-495x400.jpg 495w, https:\/\/reciclador.green\/wp-content\/uploads\/2022\/08\/Recicla-dor-17-845x684.jpg 845w\" sizes=\"auto, (max-width: 495px) 100vw, 495px\" \/><\/div><\/a><a href=\"https:\/\/reciclador.green\/wp-content\/uploads\/2022\/08\/Recicla-dor-18-1030x687.jpg\" data-srcset=\"https:\/\/reciclador.green\/wp-content\/uploads\/2022\/08\/Recicla-dor-18-1030x687.jpg 1030w, https:\/\/reciclador.green\/wp-content\/uploads\/2022\/08\/Recicla-dor-18-300x200.jpg 300w, https:\/\/reciclador.green\/wp-content\/uploads\/2022\/08\/Recicla-dor-18-768x512.jpg 768w, https:\/\/reciclador.green\/wp-content\/uploads\/2022\/08\/Recicla-dor-18-600x400.jpg 600w, https:\/\/reciclador.green\/wp-content\/uploads\/2022\/08\/Recicla-dor-18-705x470.jpg 705w, https:\/\/reciclador.green\/wp-content\/uploads\/2022\/08\/Recicla-dor-18.jpg 1080w\" data-sizes=\"(max-width: 1030px) 100vw, 1030px\" data-rel='gallery-1' data-prev-img='https:\/\/reciclador.green\/wp-content\/uploads\/2022\/08\/Recicla-dor-18-495x400.jpg' class='lightbox ' data-onclick='42' title='Recicla dor (18)'  itemprop=\"thumbnailUrl\"  ><img decoding=\"async\" fetchpriority=\"high\" class=\"wp-image-23419 avia-img-lazy-loading-not-23419\"   src=\"https:\/\/reciclador.green\/wp-content\/uploads\/2022\/08\/Recicla-dor-18-495x400.jpg\" width=\"495\" height=\"400\"  title='Recicla dor (18)' alt='' srcset=\"https:\/\/reciclador.green\/wp-content\/uploads\/2022\/08\/Recicla-dor-18-495x400.jpg 495w, https:\/\/reciclador.green\/wp-content\/uploads\/2022\/08\/Recicla-dor-18-845x684.jpg 845w\" sizes=\"(max-width: 495px) 100vw, 495px\" \/><div class='big-prev-fake'><img decoding=\"async\" loading=\"lazy\" class=\"wp-image-23419 avia-img-lazy-loading-23419\"  width=\"495\" height=\"400\" src=\"https:\/\/reciclador.green\/wp-content\/uploads\/2022\/08\/Recicla-dor-18-495x400.jpg\" title='Recicla dor (18)' alt='' srcset=\"https:\/\/reciclador.green\/wp-content\/uploads\/2022\/08\/Recicla-dor-18-495x400.jpg 495w, https:\/\/reciclador.green\/wp-content\/uploads\/2022\/08\/Recicla-dor-18-845x684.jpg 845w\" sizes=\"auto, (max-width: 495px) 100vw, 495px\" \/><\/div><\/a><a href=\"https:\/\/reciclador.green\/wp-content\/uploads\/2022\/08\/Recicla-dor-19-1030x687.jpg\" data-srcset=\"https:\/\/reciclador.green\/wp-content\/uploads\/2022\/08\/Recicla-dor-19-1030x687.jpg 1030w, https:\/\/reciclador.green\/wp-content\/uploads\/2022\/08\/Recicla-dor-19-300x200.jpg 300w, https:\/\/reciclador.green\/wp-content\/uploads\/2022\/08\/Recicla-dor-19-768x512.jpg 768w, https:\/\/reciclador.green\/wp-content\/uploads\/2022\/08\/Recicla-dor-19-600x400.jpg 600w, https:\/\/reciclador.green\/wp-content\/uploads\/2022\/08\/Recicla-dor-19-705x470.jpg 705w, https:\/\/reciclador.green\/wp-content\/uploads\/2022\/08\/Recicla-dor-19.jpg 1080w\" data-sizes=\"(max-width: 1030px) 100vw, 1030px\" data-rel='gallery-1' data-prev-img='https:\/\/reciclador.green\/wp-content\/uploads\/2022\/08\/Recicla-dor-19-495x400.jpg' class='first_thumb lightbox ' data-onclick='43' title='Recicla dor (19)'  itemprop=\"thumbnailUrl\"  ><img decoding=\"async\" fetchpriority=\"high\" class=\"wp-image-23421 avia-img-lazy-loading-not-23421\"   src=\"https:\/\/reciclador.green\/wp-content\/uploads\/2022\/08\/Recicla-dor-19-495x400.jpg\" width=\"495\" height=\"400\"  title='Recicla dor (19)' alt='' srcset=\"https:\/\/reciclador.green\/wp-content\/uploads\/2022\/08\/Recicla-dor-19-495x400.jpg 495w, https:\/\/reciclador.green\/wp-content\/uploads\/2022\/08\/Recicla-dor-19-845x684.jpg 845w\" sizes=\"(max-width: 495px) 100vw, 495px\" \/><div class='big-prev-fake'><img decoding=\"async\" loading=\"lazy\" class=\"wp-image-23421 avia-img-lazy-loading-23421\"  width=\"495\" height=\"400\" src=\"https:\/\/reciclador.green\/wp-content\/uploads\/2022\/08\/Recicla-dor-19-495x400.jpg\" title='Recicla dor (19)' alt='' srcset=\"https:\/\/reciclador.green\/wp-content\/uploads\/2022\/08\/Recicla-dor-19-495x400.jpg 495w, https:\/\/reciclador.green\/wp-content\/uploads\/2022\/08\/Recicla-dor-19-845x684.jpg 845w\" sizes=\"auto, (max-width: 495px) 100vw, 495px\" \/><\/div><\/a><a href=\"https:\/\/reciclador.green\/wp-content\/uploads\/2022\/08\/Recicla-dor-20-687x1030.jpg\" data-srcset=\"https:\/\/reciclador.green\/wp-content\/uploads\/2022\/08\/Recicla-dor-20-687x1030.jpg 687w, https:\/\/reciclador.green\/wp-content\/uploads\/2022\/08\/Recicla-dor-20-200x300.jpg 200w, https:\/\/reciclador.green\/wp-content\/uploads\/2022\/08\/Recicla-dor-20-470x705.jpg 470w, https:\/\/reciclador.green\/wp-content\/uploads\/2022\/08\/Recicla-dor-20.jpg 720w\" data-sizes=\"(max-width: 687px) 100vw, 687px\" data-rel='gallery-1' data-prev-img='https:\/\/reciclador.green\/wp-content\/uploads\/2022\/08\/Recicla-dor-20-495x400.jpg' class='lightbox ' data-onclick='44' title='Recicla dor (20)'  itemprop=\"thumbnailUrl\"  ><img decoding=\"async\" fetchpriority=\"high\" class=\"wp-image-23423 avia-img-lazy-loading-not-23423\"   src=\"https:\/\/reciclador.green\/wp-content\/uploads\/2022\/08\/Recicla-dor-20-495x400.jpg\" width=\"495\" height=\"400\"  title='Recicla dor (20)' alt='' \/><div class='big-prev-fake'><img decoding=\"async\" loading=\"lazy\" class=\"wp-image-23423 avia-img-lazy-loading-23423\"  width=\"495\" height=\"400\" src=\"https:\/\/reciclador.green\/wp-content\/uploads\/2022\/08\/Recicla-dor-20-495x400.jpg\" title='Recicla dor (20)' alt='' \/><\/div><\/a><a href=\"https:\/\/reciclador.green\/wp-content\/uploads\/2022\/08\/Recicla-dor-21-687x1030.jpg\" data-srcset=\"https:\/\/reciclador.green\/wp-content\/uploads\/2022\/08\/Recicla-dor-21-687x1030.jpg 687w, https:\/\/reciclador.green\/wp-content\/uploads\/2022\/08\/Recicla-dor-21-200x300.jpg 200w, https:\/\/reciclador.green\/wp-content\/uploads\/2022\/08\/Recicla-dor-21-470x705.jpg 470w, https:\/\/reciclador.green\/wp-content\/uploads\/2022\/08\/Recicla-dor-21.jpg 720w\" data-sizes=\"(max-width: 687px) 100vw, 687px\" data-rel='gallery-1' data-prev-img='https:\/\/reciclador.green\/wp-content\/uploads\/2022\/08\/Recicla-dor-21-495x400.jpg' class='lightbox ' data-onclick='45' title='Recicla dor (21)'  itemprop=\"thumbnailUrl\"  ><img decoding=\"async\" fetchpriority=\"high\" class=\"wp-image-23425 avia-img-lazy-loading-not-23425\"   src=\"https:\/\/reciclador.green\/wp-content\/uploads\/2022\/08\/Recicla-dor-21-495x400.jpg\" width=\"495\" height=\"400\"  title='Recicla dor (21)' alt='' \/><div class='big-prev-fake'><img decoding=\"async\" loading=\"lazy\" class=\"wp-image-23425 avia-img-lazy-loading-23425\"  width=\"495\" height=\"400\" src=\"https:\/\/reciclador.green\/wp-content\/uploads\/2022\/08\/Recicla-dor-21-495x400.jpg\" title='Recicla dor (21)' alt='' \/><\/div><\/a><a href=\"https:\/\/reciclador.green\/wp-content\/uploads\/2022\/08\/Recicla-dor-22-1030x687.jpg\" data-srcset=\"https:\/\/reciclador.green\/wp-content\/uploads\/2022\/08\/Recicla-dor-22-1030x687.jpg 1030w, https:\/\/reciclador.green\/wp-content\/uploads\/2022\/08\/Recicla-dor-22-300x200.jpg 300w, https:\/\/reciclador.green\/wp-content\/uploads\/2022\/08\/Recicla-dor-22-768x512.jpg 768w, https:\/\/reciclador.green\/wp-content\/uploads\/2022\/08\/Recicla-dor-22-600x400.jpg 600w, https:\/\/reciclador.green\/wp-content\/uploads\/2022\/08\/Recicla-dor-22-705x470.jpg 705w, https:\/\/reciclador.green\/wp-content\/uploads\/2022\/08\/Recicla-dor-22.jpg 1080w\" data-sizes=\"(max-width: 1030px) 100vw, 1030px\" data-rel='gallery-1' data-prev-img='https:\/\/reciclador.green\/wp-content\/uploads\/2022\/08\/Recicla-dor-22-495x400.jpg' class='first_thumb lightbox ' data-onclick='46' title='Recicla dor (22)'  itemprop=\"thumbnailUrl\"  ><img decoding=\"async\" fetchpriority=\"high\" class=\"wp-image-23427 avia-img-lazy-loading-not-23427\"   src=\"https:\/\/reciclador.green\/wp-content\/uploads\/2022\/08\/Recicla-dor-22-495x400.jpg\" width=\"495\" height=\"400\"  title='Recicla dor (22)' alt='' srcset=\"https:\/\/reciclador.green\/wp-content\/uploads\/2022\/08\/Recicla-dor-22-495x400.jpg 495w, https:\/\/reciclador.green\/wp-content\/uploads\/2022\/08\/Recicla-dor-22-845x684.jpg 845w\" sizes=\"(max-width: 495px) 100vw, 495px\" \/><div class='big-prev-fake'><img decoding=\"async\" loading=\"lazy\" class=\"wp-image-23427 avia-img-lazy-loading-23427\"  width=\"495\" height=\"400\" src=\"https:\/\/reciclador.green\/wp-content\/uploads\/2022\/08\/Recicla-dor-22-495x400.jpg\" title='Recicla dor (22)' alt='' srcset=\"https:\/\/reciclador.green\/wp-content\/uploads\/2022\/08\/Recicla-dor-22-495x400.jpg 495w, https:\/\/reciclador.green\/wp-content\/uploads\/2022\/08\/Recicla-dor-22-845x684.jpg 845w\" sizes=\"auto, (max-width: 495px) 100vw, 495px\" \/><\/div><\/a><a href=\"https:\/\/reciclador.green\/wp-content\/uploads\/2022\/08\/Recicla-dor-23-1030x687.jpg\" data-srcset=\"https:\/\/reciclador.green\/wp-content\/uploads\/2022\/08\/Recicla-dor-23-1030x687.jpg 1030w, https:\/\/reciclador.green\/wp-content\/uploads\/2022\/08\/Recicla-dor-23-300x200.jpg 300w, https:\/\/reciclador.green\/wp-content\/uploads\/2022\/08\/Recicla-dor-23-768x512.jpg 768w, https:\/\/reciclador.green\/wp-content\/uploads\/2022\/08\/Recicla-dor-23-600x400.jpg 600w, https:\/\/reciclador.green\/wp-content\/uploads\/2022\/08\/Recicla-dor-23-705x470.jpg 705w, https:\/\/reciclador.green\/wp-content\/uploads\/2022\/08\/Recicla-dor-23.jpg 1080w\" data-sizes=\"(max-width: 1030px) 100vw, 1030px\" data-rel='gallery-1' data-prev-img='https:\/\/reciclador.green\/wp-content\/uploads\/2022\/08\/Recicla-dor-23-495x400.jpg' class='lightbox ' data-onclick='47' title='Recicla dor (23)'  itemprop=\"thumbnailUrl\"  ><img decoding=\"async\" fetchpriority=\"high\" class=\"wp-image-23429 avia-img-lazy-loading-not-23429\"   src=\"https:\/\/reciclador.green\/wp-content\/uploads\/2022\/08\/Recicla-dor-23-495x400.jpg\" width=\"495\" height=\"400\"  title='Recicla dor (23)' alt='' srcset=\"https:\/\/reciclador.green\/wp-content\/uploads\/2022\/08\/Recicla-dor-23-495x400.jpg 495w, https:\/\/reciclador.green\/wp-content\/uploads\/2022\/08\/Recicla-dor-23-845x684.jpg 845w\" sizes=\"(max-width: 495px) 100vw, 495px\" \/><div class='big-prev-fake'><img decoding=\"async\" loading=\"lazy\" class=\"wp-image-23429 avia-img-lazy-loading-23429\"  width=\"495\" height=\"400\" src=\"https:\/\/reciclador.green\/wp-content\/uploads\/2022\/08\/Recicla-dor-23-495x400.jpg\" title='Recicla dor (23)' alt='' srcset=\"https:\/\/reciclador.green\/wp-content\/uploads\/2022\/08\/Recicla-dor-23-495x400.jpg 495w, https:\/\/reciclador.green\/wp-content\/uploads\/2022\/08\/Recicla-dor-23-845x684.jpg 845w\" sizes=\"auto, (max-width: 495px) 100vw, 495px\" \/><\/div><\/a><\/div><\/div>\n","protected":false},"excerpt":{"rendered":"","protected":false},"author":2,"featured_media":0,"parent":0,"menu_order":0,"comment_status":"closed","ping_status":"closed","template":"","meta":{"footnotes":"","_links_to":"","_links_to_target":""},"class_list":["post-25993","page","type-page","status-publish","hentry"],"yoast_head":"<!-- This site is optimized with the Yoast SEO plugin v27.4 - https:\/\/yoast.com\/product\/yoast-seo-wordpress\/ -->\n<title>2022 -L\u2019\u00c9tape Rom\u00e2nia by Tour de France - Reciclad&#039;OR - Recicleaz\u0103 inteligent<\/title>\n<meta name=\"robots\" content=\"index, follow, max-snippet:-1, max-image-preview:large, max-video-preview:-1\" \/>\n<link rel=\"canonical\" href=\"https:\/\/reciclador.green\/en\/photo-gallery__trashed\/2022-letape-romania-by-tour-de-france\/\" \/>\n<meta property=\"og:locale\" content=\"en_US\" \/>\n<meta property=\"og:type\" content=\"article\" \/>\n<meta property=\"og:title\" content=\"2022 -L\u2019\u00c9tape Rom\u00e2nia by Tour de France - Reciclad&#039;OR - Recicleaz\u0103 inteligent\" \/>\n<meta property=\"og:url\" content=\"https:\/\/reciclador.green\/en\/photo-gallery__trashed\/2022-letape-romania-by-tour-de-france\/\" \/>\n<meta property=\"og:site_name\" content=\"Reciclad&#039;OR - Recicleaz\u0103 inteligent\" \/>\n<meta property=\"article:publisher\" content=\"https:\/\/www.facebook.com\/reciclador.green\/\" \/>\n<meta property=\"article:modified_time\" content=\"2023-01-22T11:40:27+00:00\" \/>\n<meta property=\"og:image\" content=\"https:\/\/reciclador.green\/wp-content\/uploads\/2018\/03\/Pedaleaza-si-recicleaza-Reciclador-1.jpg\" \/>\n\t<meta property=\"og:image:width\" content=\"1200\" \/>\n\t<meta property=\"og:image:height\" content=\"800\" \/>\n\t<meta property=\"og:image:type\" content=\"image\/jpeg\" \/>\n<meta name=\"twitter:card\" content=\"summary_large_image\" \/>\n<script type=\"application\/ld+json\" class=\"yoast-schema-graph\">{\"@context\":\"https:\\\/\\\/schema.org\",\"@graph\":[{\"@type\":\"WebPage\",\"@id\":\"https:\\\/\\\/reciclador.green\\\/en\\\/photo-gallery__trashed\\\/2022-letape-romania-by-tour-de-france\\\/\",\"url\":\"https:\\\/\\\/reciclador.green\\\/en\\\/photo-gallery__trashed\\\/2022-letape-romania-by-tour-de-france\\\/\",\"name\":\"2022 -L\u2019\u00c9tape Rom\u00e2nia by Tour de France - Reciclad&#039;OR - Recicleaz\u0103 inteligent\",\"isPartOf\":{\"@id\":\"https:\\\/\\\/reciclador.green\\\/#website\"},\"datePublished\":\"2022-08-30T13:49:11+00:00\",\"dateModified\":\"2023-01-22T11:40:27+00:00\",\"breadcrumb\":{\"@id\":\"https:\\\/\\\/reciclador.green\\\/en\\\/photo-gallery__trashed\\\/2022-letape-romania-by-tour-de-france\\\/#breadcrumb\"},\"inLanguage\":\"en-US\",\"potentialAction\":[{\"@type\":\"ReadAction\",\"target\":[\"https:\\\/\\\/reciclador.green\\\/en\\\/photo-gallery__trashed\\\/2022-letape-romania-by-tour-de-france\\\/\"]}]},{\"@type\":\"BreadcrumbList\",\"@id\":\"https:\\\/\\\/reciclador.green\\\/en\\\/photo-gallery__trashed\\\/2022-letape-romania-by-tour-de-france\\\/#breadcrumb\",\"itemListElement\":[{\"@type\":\"ListItem\",\"position\":1,\"name\":\"Prima pagin\u0103\",\"item\":\"https:\\\/\\\/reciclador.green\\\/en\\\/\"},{\"@type\":\"ListItem\",\"position\":2,\"name\":\"2022 -L\u2019\u00c9tape Rom\u00e2nia by Tour de France\"}]},{\"@type\":\"WebSite\",\"@id\":\"https:\\\/\\\/reciclador.green\\\/#website\",\"url\":\"https:\\\/\\\/reciclador.green\\\/\",\"name\":\"Reciclad&#039;OR - Recicleaz\u0103 inteligent\",\"description\":\"Reciclare, protec\u021bia mediului, colectare selectiv\u0103\",\"publisher\":{\"@id\":\"https:\\\/\\\/reciclador.green\\\/#organization\"},\"potentialAction\":[{\"@type\":\"SearchAction\",\"target\":{\"@type\":\"EntryPoint\",\"urlTemplate\":\"https:\\\/\\\/reciclador.green\\\/?s={search_term_string}\"},\"query-input\":{\"@type\":\"PropertyValueSpecification\",\"valueRequired\":true,\"valueName\":\"search_term_string\"}}],\"inLanguage\":\"en-US\"},{\"@type\":\"Organization\",\"@id\":\"https:\\\/\\\/reciclador.green\\\/#organization\",\"name\":\"Reciclad'OR\",\"url\":\"https:\\\/\\\/reciclador.green\\\/\",\"logo\":{\"@type\":\"ImageObject\",\"inLanguage\":\"en-US\",\"@id\":\"https:\\\/\\\/reciclador.green\\\/#\\\/schema\\\/logo\\\/image\\\/\",\"url\":\"https:\\\/\\\/reciclador.green\\\/wp-content\\\/uploads\\\/2025\\\/12\\\/logo-reciclador.png\",\"contentUrl\":\"https:\\\/\\\/reciclador.green\\\/wp-content\\\/uploads\\\/2025\\\/12\\\/logo-reciclador.png\",\"width\":696,\"height\":696,\"caption\":\"Reciclad'OR\"},\"image\":{\"@id\":\"https:\\\/\\\/reciclador.green\\\/#\\\/schema\\\/logo\\\/image\\\/\"},\"sameAs\":[\"https:\\\/\\\/www.facebook.com\\\/reciclador.green\\\/\",\"https:\\\/\\\/www.instagram.com\\\/reciclador.green\\\/\",\"https:\\\/\\\/www.linkedin.com\\\/company\\\/reciclad-or\\\/\"]}]}<\/script>\n<!-- \/ Yoast SEO plugin. -->","yoast_head_json":{"title":"2022 -L\u2019\u00c9tape Rom\u00e2nia by Tour de France - Reciclad&#039;OR - Recicleaz\u0103 inteligent","robots":{"index":"index","follow":"follow","max-snippet":"max-snippet:-1","max-image-preview":"max-image-preview:large","max-video-preview":"max-video-preview:-1"},"canonical":"https:\/\/reciclador.green\/en\/photo-gallery__trashed\/2022-letape-romania-by-tour-de-france\/","og_locale":"en_US","og_type":"article","og_title":"2022 -L\u2019\u00c9tape Rom\u00e2nia by Tour de France - Reciclad&#039;OR - Recicleaz\u0103 inteligent","og_url":"https:\/\/reciclador.green\/en\/photo-gallery__trashed\/2022-letape-romania-by-tour-de-france\/","og_site_name":"Reciclad&#039;OR - Recicleaz\u0103 inteligent","article_publisher":"https:\/\/www.facebook.com\/reciclador.green\/","article_modified_time":"2023-01-22T11:40:27+00:00","og_image":[{"width":1200,"height":800,"url":"https:\/\/reciclador.green\/wp-content\/uploads\/2018\/03\/Pedaleaza-si-recicleaza-Reciclador-1.jpg","type":"image\/jpeg"}],"twitter_card":"summary_large_image","schema":{"@context":"https:\/\/schema.org","@graph":[{"@type":"WebPage","@id":"https:\/\/reciclador.green\/en\/photo-gallery__trashed\/2022-letape-romania-by-tour-de-france\/","url":"https:\/\/reciclador.green\/en\/photo-gallery__trashed\/2022-letape-romania-by-tour-de-france\/","name":"2022 -L\u2019\u00c9tape Rom\u00e2nia by Tour de France - Reciclad&#039;OR - Recicleaz\u0103 inteligent","isPartOf":{"@id":"https:\/\/reciclador.green\/#website"},"datePublished":"2022-08-30T13:49:11+00:00","dateModified":"2023-01-22T11:40:27+00:00","breadcrumb":{"@id":"https:\/\/reciclador.green\/en\/photo-gallery__trashed\/2022-letape-romania-by-tour-de-france\/#breadcrumb"},"inLanguage":"en-US","potentialAction":[{"@type":"ReadAction","target":["https:\/\/reciclador.green\/en\/photo-gallery__trashed\/2022-letape-romania-by-tour-de-france\/"]}]},{"@type":"BreadcrumbList","@id":"https:\/\/reciclador.green\/en\/photo-gallery__trashed\/2022-letape-romania-by-tour-de-france\/#breadcrumb","itemListElement":[{"@type":"ListItem","position":1,"name":"Prima pagin\u0103","item":"https:\/\/reciclador.green\/en\/"},{"@type":"ListItem","position":2,"name":"2022 -L\u2019\u00c9tape Rom\u00e2nia by Tour de France"}]},{"@type":"WebSite","@id":"https:\/\/reciclador.green\/#website","url":"https:\/\/reciclador.green\/","name":"Reciclad&#039;OR - Recicleaz\u0103 inteligent","description":"Reciclare, protec\u021bia mediului, colectare selectiv\u0103","publisher":{"@id":"https:\/\/reciclador.green\/#organization"},"potentialAction":[{"@type":"SearchAction","target":{"@type":"EntryPoint","urlTemplate":"https:\/\/reciclador.green\/?s={search_term_string}"},"query-input":{"@type":"PropertyValueSpecification","valueRequired":true,"valueName":"search_term_string"}}],"inLanguage":"en-US"},{"@type":"Organization","@id":"https:\/\/reciclador.green\/#organization","name":"Reciclad'OR","url":"https:\/\/reciclador.green\/","logo":{"@type":"ImageObject","inLanguage":"en-US","@id":"https:\/\/reciclador.green\/#\/schema\/logo\/image\/","url":"https:\/\/reciclador.green\/wp-content\/uploads\/2025\/12\/logo-reciclador.png","contentUrl":"https:\/\/reciclador.green\/wp-content\/uploads\/2025\/12\/logo-reciclador.png","width":696,"height":696,"caption":"Reciclad'OR"},"image":{"@id":"https:\/\/reciclador.green\/#\/schema\/logo\/image\/"},"sameAs":["https:\/\/www.facebook.com\/reciclador.green\/","https:\/\/www.instagram.com\/reciclador.green\/","https:\/\/www.linkedin.com\/company\/reciclad-or\/"]}]}},"_links":{"self":[{"href":"https:\/\/reciclador.green\/en\/wp-json\/wp\/v2\/pages\/25993","targetHints":{"allow":["GET"]}}],"collection":[{"href":"https:\/\/reciclador.green\/en\/wp-json\/wp\/v2\/pages"}],"about":[{"href":"https:\/\/reciclador.green\/en\/wp-json\/wp\/v2\/types\/page"}],"author":[{"embeddable":true,"href":"https:\/\/reciclador.green\/en\/wp-json\/wp\/v2\/users\/2"}],"replies":[{"embeddable":true,"href":"https:\/\/reciclador.green\/en\/wp-json\/wp\/v2\/comments?post=25993"}],"version-history":[{"count":3,"href":"https:\/\/reciclador.green\/en\/wp-json\/wp\/v2\/pages\/25993\/revisions"}],"predecessor-version":[{"id":25996,"href":"https:\/\/reciclador.green\/en\/wp-json\/wp\/v2\/pages\/25993\/revisions\/25996"}],"wp:attachment":[{"href":"https:\/\/reciclador.green\/en\/wp-json\/wp\/v2\/media?parent=25993"}],"curies":[{"name":"wp","href":"https:\/\/api.w.org\/{rel}","templated":true}]}}