{"id":12634,"date":"2020-10-01T16:07:04","date_gmt":"2020-10-01T13:07:04","guid":{"rendered":"https:\/\/reciclador.green\/testimoniale\/"},"modified":"2020-10-01T16:14:47","modified_gmt":"2020-10-01T13:14:47","slug":"testimonials","status":"publish","type":"page","link":"https:\/\/reciclador.green\/en\/testimonials\/","title":{"rendered":"Testimonials"},"content":{"rendered":"<div id='av_section_1'  class='avia-section av-6s906-9584a292807a5068497968307d813a3a alternate_color avia-section-large avia-shadow  avia-builder-el-0  el_before_av_one_full  avia-builder-el-first  avia-bg-style-scroll container_wrap sidebar_right'  ><div class='container av-section-cont-open' ><main  role=\"main\" itemprop=\"mainContentOfPage\"  class='template-page content  av-content-small alpha units'><div class='post-entry post-entry-type-page post-entry-12634'><div class='entry-content-wrapper clearfix'>\n<section  class='av_textblock_section av-1skply-6babc980db966568f36103e9e02c5a43 '   itemscope=\"itemscope\" itemtype=\"https:\/\/schema.org\/CreativeWork\" ><div class='avia_textblock'  itemprop=\"text\" ><h2 style=\"text-align: center;\">WHAT OUR CLIENTS SAY ABOUT US<\/h2>\n<\/div><\/section>\n<div  class='hr av-1m7ham-897f2b7ee9cada48654437501d819f8d hr-short  avia-builder-el-2  el_after_av_textblock  el_before_av_testimonials  hr-center'><span class='hr-inner '><span class=\"hr-inner-style\"><\/span><\/span><\/div>\n<div  class='avia-testimonial-wrapper av-1d2ovi-10bd83f98100ca1a18386a13d2218219 avia-grid-testimonials avia-grid-2-testimonials avia_animate_when_almost_visible' >\n<section class=\"avia-testimonial-row\"><div class='avia-testimonial av-k4p2ng-989d1298f271182fdaa0bd2e6ded96ff avia-testimonial-row-1 avia-first-testimonial flex_column no_margin av_one_half'><div class='avia-testimonial_inner'  itemscope=\"itemscope\" itemtype=\"https:\/\/schema.org\/CreativeWork\" ><div class='avia-testimonial-image'  itemprop=\"image\" ><img loading=\"lazy\" decoding=\"async\" width=\"80\" height=\"80\" src=\"https:\/\/reciclador.green\/wp-content\/uploads\/2020\/09\/sony.jpg\" class=\"attachment-square size-square\" alt=\"\" srcset=\"https:\/\/reciclador.green\/wp-content\/uploads\/2020\/09\/sony.jpg 80w, https:\/\/reciclador.green\/wp-content\/uploads\/2020\/09\/sony-36x36.jpg 36w\" sizes=\"auto, (max-width: 80px) 100vw, 80px\" \/><\/div><div class='avia-testimonial-content '><div class='avia-testimonial-markup-entry-content'  itemprop=\"text\" ><p>A young, professional team, full of enthusiasm and energy!\u00a0We appreciate you not only in terms of the services you provide us directly, month by month, in order to fulfil the legal obligations of recycling, but also for the efforts made in organising and supporting events and campaigns of education and awareness of civil society with on the need to protect the environment. These campaigns motivate changes in the behavior of waste generators, helping to understand the importance of recycling and more responsible use of products!<\/p>\n<\/div><\/div><div class=\"avia-testimonial-meta\"><div class=\"avia-testimonial-arrow-wrap\"><div class=\"avia-arrow\"><\/div><\/div><div class='avia-testimonial-meta-mini'  itemprop=\"author\" itemscope=\"itemscope\" itemtype=\"https:\/\/schema.org\/Person\" ><strong  class='avia-testimonial-name'  itemprop=\"name\" >Cristina Costescu<\/strong><span  class='avia-testimonial-subtitle '  itemprop=\"jobTitle\" >Service Delivery Manager SCSE<\/span><\/div><\/div><\/div><\/div>\n<div class='avia-testimonial av-11w8woc-57c09836126426f3112426bf07667a85 avia-testimonial-row-1 avia-last-testimonial flex_column no_margin av_one_half'><div class='avia-testimonial_inner'  itemscope=\"itemscope\" itemtype=\"https:\/\/schema.org\/CreativeWork\" ><div class='avia-testimonial-image'  itemprop=\"image\" ><img loading=\"lazy\" decoding=\"async\" width=\"145\" height=\"147\" src=\"https:\/\/reciclador.green\/wp-content\/uploads\/2020\/08\/Yves-Rocher.jpg\" class=\"attachment-square size-square\" alt=\"\" srcset=\"https:\/\/reciclador.green\/wp-content\/uploads\/2020\/08\/Yves-Rocher.jpg 145w, https:\/\/reciclador.green\/wp-content\/uploads\/2020\/08\/Yves-Rocher-80x80.jpg 80w, https:\/\/reciclador.green\/wp-content\/uploads\/2020\/08\/Yves-Rocher-36x36.jpg 36w\" sizes=\"auto, (max-width: 145px) 100vw, 145px\" \/><\/div><div class='avia-testimonial-content '><div class='avia-testimonial-markup-entry-content'  itemprop=\"text\" ><p>It was a real pleasure to collaborate with the Reciclad`OR team. Their involvement was professional, but at the same time I could see the dedication in organising every detail. Together with them we managed to launch a ZERO WASTE &#8211; Zero Trash greening campaign, which aimed to draw attention to the negative impact that waste has on the environment. Thus, the employees of Yves Rocher Romania and the gymnasium classes from the \u201cNicolae Grigorescu\u201d Gymnasium School, from S\u0103b\u0103reni, managed a wide action of greening the green area of the R\u00e2ioas\u0103 Forest, on World Environment Day. I really appreciated the speed of reaction and their ability to find solutions to new situations along the way. In the future, we will definitely resume the collaboration with Reciclad`OR for CSR campaigns.<\/p>\n<\/div><\/div><div class=\"avia-testimonial-meta\"><div class=\"avia-testimonial-arrow-wrap\"><div class=\"avia-arrow\"><\/div><\/div><div class='avia-testimonial-meta-mini'  itemprop=\"author\" itemscope=\"itemscope\" itemtype=\"https:\/\/schema.org\/Person\" ><strong  class='avia-testimonial-name'  itemprop=\"name\" >Daniela Savuica<\/strong><span  class='avia-testimonial-subtitle '  itemprop=\"jobTitle\" >Social Media &amp; Brand Manager<\/span><\/div><\/div><\/div><\/div><\/section>\n<section class=\"avia-testimonial-row\"><div class='avia-testimonial av-k7divg-c073ceff4b8b9760b6b902e1176c86c4 avia-testimonial-row-2 avia-first-testimonial flex_column no_margin av_one_half'><div class='avia-testimonial_inner'  itemscope=\"itemscope\" itemtype=\"https:\/\/schema.org\/CreativeWork\" ><div class='avia-testimonial-image'  itemprop=\"image\" ><img loading=\"lazy\" decoding=\"async\" width=\"170\" height=\"170\" src=\"https:\/\/reciclador.green\/wp-content\/uploads\/2020\/08\/ficosota-1.jpg\" class=\"attachment-square size-square\" alt=\"\" srcset=\"https:\/\/reciclador.green\/wp-content\/uploads\/2020\/08\/ficosota-1.jpg 170w, https:\/\/reciclador.green\/wp-content\/uploads\/2020\/08\/ficosota-1-80x80.jpg 80w, https:\/\/reciclador.green\/wp-content\/uploads\/2020\/08\/ficosota-1-36x36.jpg 36w\" sizes=\"auto, (max-width: 170px) 100vw, 170px\" \/><\/div><div class='avia-testimonial-content '><div class='avia-testimonial-markup-entry-content'  itemprop=\"text\" ><p>You are a wonderful team and the company has demonstrated to the collaboration with us an openness and a pro-activity that are rarely met.<\/p>\n<p>The communication with the Reciclad\u2019or team is very good, the team is young and wonderful and we thank you for the support offered throughout our collaboration, for the timely information and especially for the integrity.<\/p>\n<\/div><\/div><div class=\"avia-testimonial-meta\"><div class=\"avia-testimonial-arrow-wrap\"><div class=\"avia-arrow\"><\/div><\/div><div class='avia-testimonial-meta-mini'  itemprop=\"author\" itemscope=\"itemscope\" itemtype=\"https:\/\/schema.org\/Person\" ><strong  class='avia-testimonial-name'  itemprop=\"name\" >Andreea Dumitrache<\/strong><span  class='avia-testimonial-subtitle '  itemprop=\"jobTitle\" > Logistic Manager<\/span><\/div><\/div><\/div><\/div>\n<div class='avia-testimonial av-k9p44s-c60b561ca3d2e5acc0b1f93da7f3b735 avia-testimonial-row-2 avia-last-testimonial flex_column no_margin av_one_half'><div class='avia-testimonial_inner'  itemscope=\"itemscope\" itemtype=\"https:\/\/schema.org\/CreativeWork\" ><div class='avia-testimonial-image'  itemprop=\"image\" ><img loading=\"lazy\" decoding=\"async\" width=\"80\" height=\"80\" src=\"https:\/\/reciclador.green\/wp-content\/uploads\/2020\/09\/mars.png\" class=\"attachment-square size-square\" alt=\"\" srcset=\"https:\/\/reciclador.green\/wp-content\/uploads\/2020\/09\/mars.png 80w, https:\/\/reciclador.green\/wp-content\/uploads\/2020\/09\/mars-36x36.png 36w\" sizes=\"auto, (max-width: 80px) 100vw, 80px\" \/><\/div><div class='avia-testimonial-content '><div class='avia-testimonial-markup-entry-content'  itemprop=\"text\" ><p>My feedback is a positive one, I consider that we had a very good collaboration, a transparent and efficient communication, we really appreciated the fact that you alerted us as soon as you noticed various inadvertences.<\/p>\n<p>I like that you are always customer-oriented, you have a team of dedicated and professional people, very attentive to details, you took care to always bring to our attention various legislative aspects, news, events and actions organized by Reciclad&#8217;Or, you came in customer support by moving the applied tariffs and you have represented a point of stability in this difficult period and full of uncertainties.<\/p>\n<p>In addition, the online platform is friendly, easy to use and later helps us to easily complete the Environmental Fund Statement.<\/p>\n<p>Congratulations for everything you have managed to achieve so far, for the high quality of services provided and I wish you success !<\/p>\n<\/div><\/div><div class=\"avia-testimonial-meta\"><div class=\"avia-testimonial-arrow-wrap\"><div class=\"avia-arrow\"><\/div><\/div><div class='avia-testimonial-meta-mini'  itemprop=\"author\" itemscope=\"itemscope\" itemtype=\"https:\/\/schema.org\/Person\" ><strong  class='avia-testimonial-name'  itemprop=\"name\" >Cristina Elena Popa<\/strong><span  class='avia-testimonial-subtitle '  itemprop=\"jobTitle\" >Economist<\/span><\/div><\/div><\/div><\/div><\/section>\n<section class=\"avia-testimonial-row\"><div class='avia-testimonial av-11uir0s-f91ae165c4be0b73419457215f2d6cfb avia-testimonial-row-3 avia-first-testimonial flex_column no_margin av_one_half'><div class='avia-testimonial_inner'  itemscope=\"itemscope\" itemtype=\"https:\/\/schema.org\/CreativeWork\" ><div class='avia-testimonial-image'  itemprop=\"image\" ><img loading=\"lazy\" decoding=\"async\" width=\"81\" height=\"80\" src=\"https:\/\/reciclador.green\/wp-content\/uploads\/2020\/09\/oriflame.jpg\" class=\"attachment-square size-square\" alt=\"\" srcset=\"https:\/\/reciclador.green\/wp-content\/uploads\/2020\/09\/oriflame.jpg 81w, https:\/\/reciclador.green\/wp-content\/uploads\/2020\/09\/oriflame-36x36.jpg 36w\" sizes=\"auto, (max-width: 81px) 100vw, 81px\" \/><\/div><div class='avia-testimonial-content '><div class='avia-testimonial-markup-entry-content'  itemprop=\"text\" ><p>Reciclad\u2019OR, from the beginning of our collaboration, you have proved that you are a partner we can rely on, and for that we appreciate you!<\/p>\n<p>Thank you for your support, involvement, promptness, and the importance of handling each request!<\/p>\n<p>Thank you<\/p>\n<\/div><\/div><div class=\"avia-testimonial-meta\"><div class=\"avia-testimonial-arrow-wrap\"><div class=\"avia-arrow\"><\/div><\/div><div class='avia-testimonial-meta-mini'  itemprop=\"author\" itemscope=\"itemscope\" itemtype=\"https:\/\/schema.org\/Person\" ><strong  class='avia-testimonial-name'  itemprop=\"name\" >Elena Preda<\/strong><span  class='avia-testimonial-subtitle '  itemprop=\"jobTitle\" >Operation Specialist<\/span><\/div><\/div><\/div><\/div>\n<div class='avia-testimonial av-up9cj0-d84abc8742804c58d7f37c2cc99d15e1 avia-testimonial-row-3 avia-last-testimonial flex_column no_margin av_one_half'><div class='avia-testimonial_inner'  itemscope=\"itemscope\" itemtype=\"https:\/\/schema.org\/CreativeWork\" ><div class='avia-testimonial-image'  itemprop=\"image\" ><img loading=\"lazy\" decoding=\"async\" width=\"80\" height=\"80\" src=\"https:\/\/reciclador.green\/wp-content\/uploads\/2020\/09\/la-fantana.jpg\" class=\"attachment-square size-square\" alt=\"\" srcset=\"https:\/\/reciclador.green\/wp-content\/uploads\/2020\/09\/la-fantana.jpg 80w, https:\/\/reciclador.green\/wp-content\/uploads\/2020\/09\/la-fantana-36x36.jpg 36w\" sizes=\"auto, (max-width: 80px) 100vw, 80px\" \/><\/div><div class='avia-testimonial-content '><div class='avia-testimonial-markup-entry-content'  itemprop=\"text\" ><p>Regarding the collaboration with your company, I have only words of praise!<\/p>\n<p>You are a serious business partner, operative understanding and involved!<\/p>\n<\/div><\/div><div class=\"avia-testimonial-meta\"><div class=\"avia-testimonial-arrow-wrap\"><div class=\"avia-arrow\"><\/div><\/div><div class='avia-testimonial-meta-mini'  itemprop=\"author\" itemscope=\"itemscope\" itemtype=\"https:\/\/schema.org\/Person\" ><strong  class='avia-testimonial-name'  itemprop=\"name\" >Silvia Matei<\/strong><span  class='avia-testimonial-subtitle '  itemprop=\"jobTitle\" >Accountant<\/span><\/div><\/div><\/div><\/div><\/section>\n<\/div>\n<\/div><\/div><\/main><!-- close content main element --><\/div><\/div><div id='after_section_1'  class='main_color av_default_container_wrap container_wrap sidebar_right'  ><div class='container av-section-cont-open' ><div class='template-page content  av-content-small alpha units'><div class='post-entry post-entry-type-page post-entry-12634'><div class='entry-content-wrapper clearfix'>\n\n<style type=\"text\/css\" data-created_by=\"avia_inline_auto\" id=\"style-css-av-n34g81-8be7730e52efde1d402ff61597d5ba5e\">\n.flex_column.av-n34g81-8be7730e52efde1d402ff61597d5ba5e{\nborder-radius:0px 0px 0px 0px;\npadding:0px 0px 0px 0px;\n}\n<\/style>\n<div  class='flex_column av-n34g81-8be7730e52efde1d402ff61597d5ba5e av_one_full  avia-builder-el-4  el_after_av_section  avia-builder-el-no-sibling  first flex_column_div av-zero-column-padding  '     ><style type=\"text\/css\" data-created_by=\"avia_inline_auto\" id=\"style-css-av-kdu1gjjc-4e67dbf0981534316f0d80252becc89c\">\n#top .hr.hr-invisible.av-kdu1gjjc-4e67dbf0981534316f0d80252becc89c{\nheight:50px;\n}\n<\/style>\n<div  class='hr av-kdu1gjjc-4e67dbf0981534316f0d80252becc89c hr-invisible  avia-builder-el-5  avia-builder-el-no-sibling '><span class='hr-inner '><span class=\"hr-inner-style\"><\/span><\/span><\/div><\/div>\n","protected":false},"excerpt":{"rendered":"","protected":false},"author":2,"featured_media":0,"parent":0,"menu_order":0,"comment_status":"closed","ping_status":"closed","template":"","meta":{"footnotes":"","_links_to":"","_links_to_target":""},"class_list":["post-12634","page","type-page","status-publish","hentry"],"yoast_head":"<!-- This site is optimized with the Yoast SEO plugin v27.5 - https:\/\/yoast.com\/product\/yoast-seo-wordpress\/ -->\n<title>Testimonials - Reciclad&#039;OR - Recicleaz\u0103 inteligent<\/title>\n<meta name=\"robots\" content=\"index, follow, max-snippet:-1, max-image-preview:large, max-video-preview:-1\" \/>\n<link rel=\"canonical\" href=\"https:\/\/reciclador.green\/en\/testimonials\/\" \/>\n<meta property=\"og:locale\" content=\"en_US\" \/>\n<meta property=\"og:type\" content=\"article\" \/>\n<meta property=\"og:title\" content=\"Testimonials - Reciclad&#039;OR - Recicleaz\u0103 inteligent\" \/>\n<meta property=\"og:url\" content=\"https:\/\/reciclador.green\/en\/testimonials\/\" \/>\n<meta property=\"og:site_name\" content=\"Reciclad&#039;OR - Recicleaz\u0103 inteligent\" \/>\n<meta property=\"article:publisher\" content=\"https:\/\/www.facebook.com\/reciclador.green\/\" \/>\n<meta property=\"article:modified_time\" content=\"2020-10-01T13:14:47+00:00\" \/>\n<meta property=\"og:image\" content=\"https:\/\/reciclador.green\/wp-content\/uploads\/2018\/03\/Pedaleaza-si-recicleaza-Reciclador-1.jpg\" \/>\n\t<meta property=\"og:image:width\" content=\"1200\" \/>\n\t<meta property=\"og:image:height\" content=\"800\" \/>\n\t<meta property=\"og:image:type\" content=\"image\/jpeg\" \/>\n<meta name=\"twitter:card\" content=\"summary_large_image\" \/>\n<meta name=\"twitter:label1\" content=\"Est. reading time\" \/>\n\t<meta name=\"twitter:data1\" content=\"5 minutes\" \/>\n<script type=\"application\/ld+json\" class=\"yoast-schema-graph\">{\"@context\":\"https:\\\/\\\/schema.org\",\"@graph\":[{\"@type\":\"WebPage\",\"@id\":\"https:\\\/\\\/reciclador.green\\\/en\\\/testimonials\\\/\",\"url\":\"https:\\\/\\\/reciclador.green\\\/en\\\/testimonials\\\/\",\"name\":\"Testimonials - Reciclad&#039;OR - Recicleaz\u0103 inteligent\",\"isPartOf\":{\"@id\":\"https:\\\/\\\/reciclador.green\\\/#website\"},\"datePublished\":\"2020-10-01T13:07:04+00:00\",\"dateModified\":\"2020-10-01T13:14:47+00:00\",\"breadcrumb\":{\"@id\":\"https:\\\/\\\/reciclador.green\\\/en\\\/testimonials\\\/#breadcrumb\"},\"inLanguage\":\"en-US\",\"potentialAction\":[{\"@type\":\"ReadAction\",\"target\":[\"https:\\\/\\\/reciclador.green\\\/en\\\/testimonials\\\/\"]}]},{\"@type\":\"BreadcrumbList\",\"@id\":\"https:\\\/\\\/reciclador.green\\\/en\\\/testimonials\\\/#breadcrumb\",\"itemListElement\":[{\"@type\":\"ListItem\",\"position\":1,\"name\":\"Prima pagin\u0103\",\"item\":\"https:\\\/\\\/reciclador.green\\\/en\\\/\"},{\"@type\":\"ListItem\",\"position\":2,\"name\":\"Testimonials\"}]},{\"@type\":\"WebSite\",\"@id\":\"https:\\\/\\\/reciclador.green\\\/#website\",\"url\":\"https:\\\/\\\/reciclador.green\\\/\",\"name\":\"Reciclad&#039;OR - Recicleaz\u0103 inteligent\",\"description\":\"Reciclare, protec\u021bia mediului, colectare selectiv\u0103\",\"publisher\":{\"@id\":\"https:\\\/\\\/reciclador.green\\\/#organization\"},\"potentialAction\":[{\"@type\":\"SearchAction\",\"target\":{\"@type\":\"EntryPoint\",\"urlTemplate\":\"https:\\\/\\\/reciclador.green\\\/?s={search_term_string}\"},\"query-input\":{\"@type\":\"PropertyValueSpecification\",\"valueRequired\":true,\"valueName\":\"search_term_string\"}}],\"inLanguage\":\"en-US\"},{\"@type\":\"Organization\",\"@id\":\"https:\\\/\\\/reciclador.green\\\/#organization\",\"name\":\"Reciclad'OR\",\"url\":\"https:\\\/\\\/reciclador.green\\\/\",\"logo\":{\"@type\":\"ImageObject\",\"inLanguage\":\"en-US\",\"@id\":\"https:\\\/\\\/reciclador.green\\\/#\\\/schema\\\/logo\\\/image\\\/\",\"url\":\"https:\\\/\\\/reciclador.green\\\/wp-content\\\/uploads\\\/2025\\\/12\\\/logo-reciclador.png\",\"contentUrl\":\"https:\\\/\\\/reciclador.green\\\/wp-content\\\/uploads\\\/2025\\\/12\\\/logo-reciclador.png\",\"width\":696,\"height\":696,\"caption\":\"Reciclad'OR\"},\"image\":{\"@id\":\"https:\\\/\\\/reciclador.green\\\/#\\\/schema\\\/logo\\\/image\\\/\"},\"sameAs\":[\"https:\\\/\\\/www.facebook.com\\\/reciclador.green\\\/\",\"https:\\\/\\\/www.instagram.com\\\/reciclador.green\\\/\",\"https:\\\/\\\/www.linkedin.com\\\/company\\\/reciclad-or\\\/\"]}]}<\/script>\n<!-- \/ Yoast SEO plugin. -->","yoast_head_json":{"title":"Testimonials - Reciclad&#039;OR - Recicleaz\u0103 inteligent","robots":{"index":"index","follow":"follow","max-snippet":"max-snippet:-1","max-image-preview":"max-image-preview:large","max-video-preview":"max-video-preview:-1"},"canonical":"https:\/\/reciclador.green\/en\/testimonials\/","og_locale":"en_US","og_type":"article","og_title":"Testimonials - Reciclad&#039;OR - Recicleaz\u0103 inteligent","og_url":"https:\/\/reciclador.green\/en\/testimonials\/","og_site_name":"Reciclad&#039;OR - Recicleaz\u0103 inteligent","article_publisher":"https:\/\/www.facebook.com\/reciclador.green\/","article_modified_time":"2020-10-01T13:14:47+00:00","og_image":[{"width":1200,"height":800,"url":"https:\/\/reciclador.green\/wp-content\/uploads\/2018\/03\/Pedaleaza-si-recicleaza-Reciclador-1.jpg","type":"image\/jpeg"}],"twitter_card":"summary_large_image","twitter_misc":{"Est. reading time":"5 minutes"},"schema":{"@context":"https:\/\/schema.org","@graph":[{"@type":"WebPage","@id":"https:\/\/reciclador.green\/en\/testimonials\/","url":"https:\/\/reciclador.green\/en\/testimonials\/","name":"Testimonials - Reciclad&#039;OR - Recicleaz\u0103 inteligent","isPartOf":{"@id":"https:\/\/reciclador.green\/#website"},"datePublished":"2020-10-01T13:07:04+00:00","dateModified":"2020-10-01T13:14:47+00:00","breadcrumb":{"@id":"https:\/\/reciclador.green\/en\/testimonials\/#breadcrumb"},"inLanguage":"en-US","potentialAction":[{"@type":"ReadAction","target":["https:\/\/reciclador.green\/en\/testimonials\/"]}]},{"@type":"BreadcrumbList","@id":"https:\/\/reciclador.green\/en\/testimonials\/#breadcrumb","itemListElement":[{"@type":"ListItem","position":1,"name":"Prima pagin\u0103","item":"https:\/\/reciclador.green\/en\/"},{"@type":"ListItem","position":2,"name":"Testimonials"}]},{"@type":"WebSite","@id":"https:\/\/reciclador.green\/#website","url":"https:\/\/reciclador.green\/","name":"Reciclad&#039;OR - Recicleaz\u0103 inteligent","description":"Reciclare, protec\u021bia mediului, colectare selectiv\u0103","publisher":{"@id":"https:\/\/reciclador.green\/#organization"},"potentialAction":[{"@type":"SearchAction","target":{"@type":"EntryPoint","urlTemplate":"https:\/\/reciclador.green\/?s={search_term_string}"},"query-input":{"@type":"PropertyValueSpecification","valueRequired":true,"valueName":"search_term_string"}}],"inLanguage":"en-US"},{"@type":"Organization","@id":"https:\/\/reciclador.green\/#organization","name":"Reciclad'OR","url":"https:\/\/reciclador.green\/","logo":{"@type":"ImageObject","inLanguage":"en-US","@id":"https:\/\/reciclador.green\/#\/schema\/logo\/image\/","url":"https:\/\/reciclador.green\/wp-content\/uploads\/2025\/12\/logo-reciclador.png","contentUrl":"https:\/\/reciclador.green\/wp-content\/uploads\/2025\/12\/logo-reciclador.png","width":696,"height":696,"caption":"Reciclad'OR"},"image":{"@id":"https:\/\/reciclador.green\/#\/schema\/logo\/image\/"},"sameAs":["https:\/\/www.facebook.com\/reciclador.green\/","https:\/\/www.instagram.com\/reciclador.green\/","https:\/\/www.linkedin.com\/company\/reciclad-or\/"]}]}},"_links":{"self":[{"href":"https:\/\/reciclador.green\/en\/wp-json\/wp\/v2\/pages\/12634","targetHints":{"allow":["GET"]}}],"collection":[{"href":"https:\/\/reciclador.green\/en\/wp-json\/wp\/v2\/pages"}],"about":[{"href":"https:\/\/reciclador.green\/en\/wp-json\/wp\/v2\/types\/page"}],"author":[{"embeddable":true,"href":"https:\/\/reciclador.green\/en\/wp-json\/wp\/v2\/users\/2"}],"replies":[{"embeddable":true,"href":"https:\/\/reciclador.green\/en\/wp-json\/wp\/v2\/comments?post=12634"}],"version-history":[{"count":3,"href":"https:\/\/reciclador.green\/en\/wp-json\/wp\/v2\/pages\/12634\/revisions"}],"predecessor-version":[{"id":12638,"href":"https:\/\/reciclador.green\/en\/wp-json\/wp\/v2\/pages\/12634\/revisions\/12638"}],"wp:attachment":[{"href":"https:\/\/reciclador.green\/en\/wp-json\/wp\/v2\/media?parent=12634"}],"curies":[{"name":"wp","href":"https:\/\/api.w.org\/{rel}","templated":true}]}}