{"id":11828,"date":"2020-08-25T15:25:39","date_gmt":"2020-08-25T12:25:39","guid":{"rendered":"https:\/\/reciclador.vbank.ro\/news\/"},"modified":"2023-02-16T12:05:36","modified_gmt":"2023-02-16T10:05:36","slug":"news","status":"publish","type":"page","link":"https:\/\/reciclador.green\/en\/news\/","title":{"rendered":"News"},"content":{"rendered":"\n<style type=\"text\/css\" data-created_by=\"avia_inline_auto\" id=\"style-css-av-163coz5-16998928c2838ac1a1115e94d6d35504\">\n.flex_column.av-163coz5-16998928c2838ac1a1115e94d6d35504{\nborder-radius:0px 0px 0px 0px;\npadding:0px 0px 0px 0px;\n}\n<\/style>\n<div  class='flex_column av-163coz5-16998928c2838ac1a1115e94d6d35504 av_one_full  avia-builder-el-0  el_before_av_one_full  avia-builder-el-first  first flex_column_div av-zero-column-padding  '     ><\/div>\n\n<style type=\"text\/css\" data-created_by=\"avia_inline_auto\" id=\"style-css-av-var2fl-4e7779544a93a47d3df1f0f4deda5516\">\n.flex_column.av-var2fl-4e7779544a93a47d3df1f0f4deda5516{\nborder-radius:0px 0px 0px 0px;\npadding:0px 0px 0px 0px;\n}\n<\/style>\n<div  class='flex_column av-var2fl-4e7779544a93a47d3df1f0f4deda5516 av_one_full  avia-builder-el-2  el_after_av_one_full  avia-builder-el-last  first flex_column_div av-zero-column-padding  column-top-margin'     ><p>\n<style type=\"text\/css\" data-created_by=\"avia_inline_auto\" id=\"style-css-av-av_heading-b46cac10a2ff9140598c6f1cee4265ad\">\n#top .av-special-heading.av-av_heading-b46cac10a2ff9140598c6f1cee4265ad{\npadding-bottom:10px;\n}\nbody .av-special-heading.av-av_heading-b46cac10a2ff9140598c6f1cee4265ad .av-special-heading-tag .heading-char{\nfont-size:25px;\n}\n.av-special-heading.av-av_heading-b46cac10a2ff9140598c6f1cee4265ad .av-subheading{\nfont-size:15px;\n}\n<\/style>\n<div  class='av-special-heading av-av_heading-b46cac10a2ff9140598c6f1cee4265ad av-special-heading-h1 blockquote modern-quote modern-centered  avia-builder-el-3  el_before_av_blog  avia-builder-el-first '><h1 class='av-special-heading-tag '  itemprop=\"headline\"  >Latest News<\/h1><div class=\"special-heading-border\"><div class=\"special-heading-inner-border\"><\/div><\/div><\/div><br \/>\n<div  data-slideshow-options=\"{&quot;animation&quot;:&quot;fade&quot;,&quot;autoplay&quot;:false,&quot;loop_autoplay&quot;:&quot;once&quot;,&quot;interval&quot;:5,&quot;loop_manual&quot;:&quot;manual-endless&quot;,&quot;autoplay_stopper&quot;:false,&quot;noNavigation&quot;:false,&quot;show_slide_delay&quot;:90}\" class='avia-content-slider avia-content-grid-active avia-content-slider1 avia-content-slider-odd  avia-builder-el-4  el_after_av_heading  avia-builder-el-last  av-slideshow-ui av-control-default   av-no-slider-navigation av-slideshow-manual av-loop-once av-loop-manual-endless '  itemscope=\"itemscope\" itemtype=\"https:\/\/schema.org\/Blog\" ><div class=\"avia-content-slider-inner\"><div class=\"slide-entry-wrap\"><article class='slide-entry flex_column  post-entry post-entry-61160 slide-entry-overview slide-loop-1 slide-parity-odd  av_one_third first real-thumbnail posttype-post post-format-standard'  itemscope=\"itemscope\" itemtype=\"https:\/\/schema.org\/CreativeWork\" ><a href='https:\/\/reciclador.green\/en\/sapte-intrebari-un-singur-raspuns-ppwr-ul-explicat-live-la-iasi\/' data-rel='slide-1' class='slide-image' title='Seven Questions, One Answer: PPWR Explained Live in Ia\u0219i'><img decoding=\"async\" fetchpriority=\"high\" width=\"710\" height=\"375\" src=\"https:\/\/reciclador.green\/wp-content\/uploads\/2026\/09\/WEBSITE-710x375.png\" class=\"wp-image-61157 avia-img-lazy-loading-not-61157 attachment-magazine size-magazine wp-post-image\" alt=\"\" srcset=\"https:\/\/reciclador.green\/wp-content\/uploads\/2026\/09\/WEBSITE-710x375.png 710w, https:\/\/reciclador.green\/wp-content\/uploads\/2026\/09\/WEBSITE-300x157.png 300w\" sizes=\"(max-width: 710px) 100vw, 710px\" \/><\/a><div class=\"slide-content\"><header class=\"entry-content-header\" aria-label=\"Slide: Seven Questions, One Answer: PPWR Explained Live in Ia\u0219i\"><h3 class='slide-entry-title entry-title '  itemprop=\"headline\" ><a href='https:\/\/reciclador.green\/en\/sapte-intrebari-un-singur-raspuns-ppwr-ul-explicat-live-la-iasi\/' title='Seven Questions, One Answer: PPWR Explained Live in Ia\u0219i'>Seven Questions, One Answer: PPWR Explained Live in Ia\u0219i<\/a><\/h3><span class=\"av-vertical-delimiter\"><\/span><\/header><div class=\"slide-meta\"><time class='slide-meta-time updated'  itemprop=\"datePublished\" datetime=\"2026-09-01T12:57:55+03:00\" >01\/09\/2026<\/time><\/div><div class='slide-entry-excerpt entry-content'  itemprop=\"text\" >Pe data de 19 august, sediul Misavan Trading din Ia\u0219i s-a transformat, pentru c\u00e2teva ore, \u00een cea mai practic\u0103 sal\u0103 de clas\u0103 pe care o poate avea cineva care lucreaz\u0103 cu ambalaje \u00een 2026. Reciclad\u2019OR, prin intermediul facilitatorului workshopului, Marius Br\u00eenzea, Director de Strategie, a venit cu un singur obiectiv strategic: s\u0103 scoat\u0103 PPWR-ul din zona de \u201eregulament stufos, citit pe fug\u0103\u201d \u0219i s\u0103 \u00eel pun\u0103 pe mas\u0103<\/div><\/div><footer class=\"entry-footer\"><\/footer><span class='hidden'>\n\t\t\t\t<span class='av-structured-data'  itemprop=\"image\" itemscope=\"itemscope\" itemtype=\"https:\/\/schema.org\/ImageObject\" >\n\t\t\t\t\t\t<span itemprop='url'>https:\/\/reciclador.green\/wp-content\/uploads\/2026\/09\/WEBSITE.png<\/span>\n\t\t\t\t\t\t<span itemprop='height'>628<\/span>\n\t\t\t\t\t\t<span itemprop='width'>1200<\/span>\n\t\t\t\t<\/span>\n\t\t\t\t<span class='av-structured-data'  itemprop=\"publisher\" itemtype=\"https:\/\/schema.org\/Organization\" itemscope=\"itemscope\" >\n\t\t\t\t\t\t<span itemprop='name'>Turturica Ines<\/span>\n\t\t\t\t\t\t<span itemprop='logo' itemscope itemtype='https:\/\/schema.org\/ImageObject'>\n\t\t\t\t\t\t\t<span itemprop='url'>https:\/\/reciclador.green\/wp-content\/uploads\/2020\/08\/logo-reciclador.png<\/span>\n\t\t\t\t\t\t<\/span>\n\t\t\t\t<\/span><span class='av-structured-data'  itemprop=\"author\" itemscope=\"itemscope\" itemtype=\"https:\/\/schema.org\/Person\" ><span itemprop='name'>Turturica Ines<\/span><\/span><span class='av-structured-data'  itemprop=\"datePublished\" datetime=\"2020-08-25T15:25:39+03:00\" >2026-09-01 12:57:55<\/span><span class='av-structured-data'  itemprop=\"dateModified\" itemtype=\"https:\/\/schema.org\/dateModified\" >2026-09-01 13:09:09<\/span><span class='av-structured-data'  itemprop=\"mainEntityOfPage\" itemtype=\"https:\/\/schema.org\/mainEntityOfPage\" ><span itemprop='name'>Seven Questions, One Answer: PPWR Explained Live in Ia\u0219i<\/span><\/span><\/span><\/article><article class='slide-entry flex_column  post-entry post-entry-61085 slide-entry-overview slide-loop-2 slide-parity-even  av_one_third  real-thumbnail posttype-post post-format-standard'  itemscope=\"itemscope\" itemtype=\"https:\/\/schema.org\/CreativeWork\" ><a href='https:\/\/reciclador.green\/en\/yvora-ppwr-conformitate-piata-magazine-239\/' data-rel='slide-1' class='slide-image' title='Yvora- Pia\u021ba Magazine nr. 239, August 2026'><img decoding=\"async\" fetchpriority=\"high\" width=\"710\" height=\"375\" src=\"https:\/\/reciclador.green\/wp-content\/uploads\/2026\/08\/yvora-piata-pagina-44-710x375.jpg\" class=\"wp-image-61075 avia-img-lazy-loading-not-61075 attachment-magazine size-magazine wp-post-image\" alt=\"\" \/><\/a><div class=\"slide-content\"><header class=\"entry-content-header\" aria-label=\"Slide: Yvora- Pia\u021ba Magazine nr. 239, August 2026\"><h3 class='slide-entry-title entry-title '  itemprop=\"headline\" ><a href='https:\/\/reciclador.green\/en\/yvora-ppwr-conformitate-piata-magazine-239\/' title='Yvora- Pia\u021ba Magazine nr. 239, August 2026'>Yvora- Pia\u021ba Magazine nr. 239, August 2026<\/a><\/h3><span class=\"av-vertical-delimiter\"><\/span><\/header><div class=\"slide-meta\"><time class='slide-meta-time updated'  itemprop=\"datePublished\" datetime=\"2026-08-31T15:07:16+03:00\" >31\/08\/2026<\/time><\/div><div class='slide-entry-excerpt entry-content'  itemprop=\"text\" >\nYvora PPWR Suite is the answer to a major change: as of August\u2026<\/div><\/div><footer class=\"entry-footer\"><\/footer><span class='hidden'>\n\t\t\t\t<span class='av-structured-data'  itemprop=\"image\" itemscope=\"itemscope\" itemtype=\"https:\/\/schema.org\/ImageObject\" >\n\t\t\t\t\t\t<span itemprop='url'>https:\/\/reciclador.green\/wp-content\/uploads\/2026\/08\/yvora-piata-pagina-44-e1788178171459.jpg<\/span>\n\t\t\t\t\t\t<span itemprop='height'>2376<\/span>\n\t\t\t\t\t\t<span itemprop='width'>1836<\/span>\n\t\t\t\t<\/span>\n\t\t\t\t<span class='av-structured-data'  itemprop=\"publisher\" itemtype=\"https:\/\/schema.org\/Organization\" itemscope=\"itemscope\" >\n\t\t\t\t\t\t<span itemprop='name'>Turturica Ines<\/span>\n\t\t\t\t\t\t<span itemprop='logo' itemscope itemtype='https:\/\/schema.org\/ImageObject'>\n\t\t\t\t\t\t\t<span itemprop='url'>https:\/\/reciclador.green\/wp-content\/uploads\/2020\/08\/logo-reciclador.png<\/span>\n\t\t\t\t\t\t<\/span>\n\t\t\t\t<\/span><span class='av-structured-data'  itemprop=\"author\" itemscope=\"itemscope\" itemtype=\"https:\/\/schema.org\/Person\" ><span itemprop='name'>Turturica Ines<\/span><\/span><span class='av-structured-data'  itemprop=\"datePublished\" datetime=\"2020-08-25T15:25:39+03:00\" >2026-08-31 15:07:16<\/span><span class='av-structured-data'  itemprop=\"dateModified\" itemtype=\"https:\/\/schema.org\/dateModified\" >2026-08-31 15:17:43<\/span><span class='av-structured-data'  itemprop=\"mainEntityOfPage\" itemtype=\"https:\/\/schema.org\/mainEntityOfPage\" ><span itemprop='name'>Yvora- Pia\u021ba Magazine nr. 239, August 2026<\/span><\/span><\/span><\/article><article class='slide-entry flex_column  post-entry post-entry-61030 slide-entry-overview slide-loop-3 slide-parity-odd  av_one_third  real-thumbnail posttype-post post-format-standard'  itemscope=\"itemscope\" itemtype=\"https:\/\/schema.org\/CreativeWork\" ><a href='https:\/\/reciclador.green\/en\/yvora-ppwr-compliance-platform\/' data-rel='slide-1' class='slide-image' title='Over 100 companies in Romania are already using the Yvora platform for compliance with the European Packaging Regulation (PPWR).'><img decoding=\"async\" fetchpriority=\"high\" width=\"710\" height=\"375\" src=\"https:\/\/reciclador.green\/wp-content\/uploads\/2026\/08\/7-zile-de-la-lansare-peste-100-de-companii-optimizat-710x375.png\" class=\"wp-image-61029 avia-img-lazy-loading-not-61029 attachment-magazine size-magazine wp-post-image\" alt=\"\" \/><\/a><div class=\"slide-content\"><header class=\"entry-content-header\" aria-label=\"Slide: Over 100 companies in Romania are already using the Yvora platform for compliance with the European Packaging Regulation (PPWR).\"><h3 class='slide-entry-title entry-title '  itemprop=\"headline\" ><a href='https:\/\/reciclador.green\/en\/yvora-ppwr-compliance-platform\/' title='Over 100 companies in Romania are already using the Yvora platform for compliance with the European Packaging Regulation (PPWR).'>Over 100 companies in Romania are already using the Yvora platform for compliance with the European Packaging Regulation (PPWR).<\/a><\/h3><span class=\"av-vertical-delimiter\"><\/span><\/header><div class=\"slide-meta\"><time class='slide-meta-time updated'  itemprop=\"datePublished\" datetime=\"2026-08-05T11:15:44+03:00\" >05\/08\/2026<\/time><\/div><div class='slide-entry-excerpt entry-content'  itemprop=\"text\" >La o s\u0103pt\u0103m\u00e2n\u0103 de la lansarea oficial\u0103 din 29 iulie 2026, platforma Yvora (www.yvora.ro), platform\u0103 dezvoltat\u0103 de Circulad\u2019OR cu sprijinul consultativ al Reciclad\u2019O, este folosit\u0103 deja de peste 100 de companii din Rom\u00e2nia, care emit zilnic fi\u0219e de ambalaj, documenta\u021bii tehnice \u0219i declara\u021bii de conformitate pentru peste 500 de coduri de ambalaj.<\/div><\/div><footer class=\"entry-footer\"><\/footer><span class='hidden'>\n\t\t\t\t<span class='av-structured-data'  itemprop=\"image\" itemscope=\"itemscope\" itemtype=\"https:\/\/schema.org\/ImageObject\" >\n\t\t\t\t\t\t<span itemprop='url'>https:\/\/reciclador.green\/wp-content\/uploads\/2026\/08\/7-zile-de-la-lansare-peste-100-de-companii-optimizat.png<\/span>\n\t\t\t\t\t\t<span itemprop='height'>1725<\/span>\n\t\t\t\t\t\t<span itemprop='width'>2500<\/span>\n\t\t\t\t<\/span>\n\t\t\t\t<span class='av-structured-data'  itemprop=\"publisher\" itemtype=\"https:\/\/schema.org\/Organization\" itemscope=\"itemscope\" >\n\t\t\t\t\t\t<span itemprop='name'>Turturica Ines<\/span>\n\t\t\t\t\t\t<span itemprop='logo' itemscope itemtype='https:\/\/schema.org\/ImageObject'>\n\t\t\t\t\t\t\t<span itemprop='url'>https:\/\/reciclador.green\/wp-content\/uploads\/2020\/08\/logo-reciclador.png<\/span>\n\t\t\t\t\t\t<\/span>\n\t\t\t\t<\/span><span class='av-structured-data'  itemprop=\"author\" itemscope=\"itemscope\" itemtype=\"https:\/\/schema.org\/Person\" ><span itemprop='name'>Turturica Ines<\/span><\/span><span class='av-structured-data'  itemprop=\"datePublished\" datetime=\"2020-08-25T15:25:39+03:00\" >2026-08-05 11:15:44<\/span><span class='av-structured-data'  itemprop=\"dateModified\" itemtype=\"https:\/\/schema.org\/dateModified\" >2026-08-05 12:09:43<\/span><span class='av-structured-data'  itemprop=\"mainEntityOfPage\" itemtype=\"https:\/\/schema.org\/mainEntityOfPage\" ><span itemprop='name'>Over 100 companies in Romania are already using the Yvora platform for compliance with the European Packaging Regulation (PPWR).<\/span><\/span><\/span><\/article><\/div><div class=\"slide-entry-wrap\"><article class='slide-entry flex_column  post-entry post-entry-60999 slide-entry-overview slide-loop-4 slide-parity-odd  av_one_third first real-thumbnail posttype-post post-format-standard'  itemscope=\"itemscope\" itemtype=\"https:\/\/schema.org\/CreativeWork\" ><a href='https:\/\/reciclador.green\/en\/yvora-ppwrapp-circulador\/' data-rel='slide-1' class='slide-image' title='Circulad&#8217;OR launches Yvora: the 100% Romanian app for PPWR compliance'><img decoding=\"async\" fetchpriority=\"high\" width=\"710\" height=\"375\" src=\"https:\/\/reciclador.green\/wp-content\/uploads\/2026\/07\/Yvora-Banner-Website-Crop-Safe-selection-3-710x375.png\" class=\"wp-image-60998 avia-img-lazy-loading-not-60998 attachment-magazine size-magazine wp-post-image\" alt=\"\" \/><\/a><div class=\"slide-content\"><header class=\"entry-content-header\" aria-label=\"Slide: Circulad&#039;OR launches Yvora: the 100% Romanian app for PPWR compliance\"><h3 class='slide-entry-title entry-title '  itemprop=\"headline\" ><a href='https:\/\/reciclador.green\/en\/yvora-ppwrapp-circulador\/' title='Circulad&#8217;OR launches Yvora: the 100% Romanian app for PPWR compliance'>Circulad&#8217;OR launches Yvora: the 100% Romanian app for PPWR compliance<\/a><\/h3><span class=\"av-vertical-delimiter\"><\/span><\/header><div class=\"slide-meta\"><time class='slide-meta-time updated'  itemprop=\"datePublished\" datetime=\"2026-07-30T12:08:21+03:00\" >30\/07\/2026<\/time><\/div><div class='slide-entry-excerpt entry-content'  itemprop=\"text\" >Din 12 august 2026, PPWR devine obligatoriu, iar niciun ambalaj nu mai poate fi introdus legal pe pia\u021ba Uniunii Europene f\u0103r\u0103 documenta\u021bie tehnic\u0103 \u0219i declara\u021bie de conformitate. Circulad\u2019OR a construit, cu sprijinul consultativ direct al Reciclad\u2019OR S.A, Yvora, exact pentru acest moment: o aplica\u021bie 100% rom\u00e2neasc\u0103, disponibil\u0103 pe yvora.ro, care genereaz\u0103 automat \u00eentregul dosar de conformitate PPWR<\/div><\/div><footer class=\"entry-footer\"><\/footer><span class='hidden'>\n\t\t\t\t<span class='av-structured-data'  itemprop=\"image\" itemscope=\"itemscope\" itemtype=\"https:\/\/schema.org\/ImageObject\" >\n\t\t\t\t\t\t<span itemprop='url'>https:\/\/reciclador.green\/wp-content\/uploads\/2026\/07\/Yvora-Banner-Website-Crop-Safe-selection-3-scaled.png<\/span>\n\t\t\t\t\t\t<span itemprop='height'>1600<\/span>\n\t\t\t\t\t\t<span itemprop='width'>2560<\/span>\n\t\t\t\t<\/span>\n\t\t\t\t<span class='av-structured-data'  itemprop=\"publisher\" itemtype=\"https:\/\/schema.org\/Organization\" itemscope=\"itemscope\" >\n\t\t\t\t\t\t<span itemprop='name'>Turturica Ines<\/span>\n\t\t\t\t\t\t<span itemprop='logo' itemscope itemtype='https:\/\/schema.org\/ImageObject'>\n\t\t\t\t\t\t\t<span itemprop='url'>https:\/\/reciclador.green\/wp-content\/uploads\/2020\/08\/logo-reciclador.png<\/span>\n\t\t\t\t\t\t<\/span>\n\t\t\t\t<\/span><span class='av-structured-data'  itemprop=\"author\" itemscope=\"itemscope\" itemtype=\"https:\/\/schema.org\/Person\" ><span itemprop='name'>Turturica Ines<\/span><\/span><span class='av-structured-data'  itemprop=\"datePublished\" datetime=\"2020-08-25T15:25:39+03:00\" >2026-07-30 12:08:21<\/span><span class='av-structured-data'  itemprop=\"dateModified\" itemtype=\"https:\/\/schema.org\/dateModified\" >2026-07-30 12:55:42<\/span><span class='av-structured-data'  itemprop=\"mainEntityOfPage\" itemtype=\"https:\/\/schema.org\/mainEntityOfPage\" ><span itemprop='name'>Circulad&#8217;OR launches Yvora: the 100% Romanian app for PPWR compliance<\/span><\/span><\/span><\/article><article class='slide-entry flex_column  post-entry post-entry-60923 slide-entry-overview slide-loop-5 slide-parity-even  av_one_third  real-thumbnail posttype-post post-format-standard'  itemscope=\"itemscope\" itemtype=\"https:\/\/schema.org\/CreativeWork\" ><a href='https:\/\/reciclador.green\/en\/responsabilitate-extinsa-a-producatorilor-en\/' data-rel='slide-1' class='slide-image' title='Iuliana Anghel: Extended Producer Responsibility requires transparency, traceability, and real impact'><img decoding=\"async\" fetchpriority=\"high\" width=\"710\" height=\"375\" src=\"https:\/\/reciclador.green\/wp-content\/uploads\/2026\/07\/iuliana-anghel-recicladOR-interviu-CCIFER-710x375.png\" class=\"wp-image-60915 avia-img-lazy-loading-not-60915 attachment-magazine size-magazine wp-post-image\" alt=\"\" \/><\/a><div class=\"slide-content\"><header class=\"entry-content-header\" aria-label=\"Slide: Iuliana Anghel: Extended Producer Responsibility requires transparency, traceability, and real impact\"><h3 class='slide-entry-title entry-title '  itemprop=\"headline\" ><a href='https:\/\/reciclador.green\/en\/responsabilitate-extinsa-a-producatorilor-en\/' title='Iuliana Anghel: Extended Producer Responsibility requires transparency, traceability, and real impact'>Iuliana Anghel: Extended Producer Responsibility requires transparency, traceability, and real impact<\/a><\/h3><span class=\"av-vertical-delimiter\"><\/span><\/header><div class=\"slide-meta\"><time class='slide-meta-time updated'  itemprop=\"datePublished\" datetime=\"2026-07-22T11:05:17+03:00\" >22\/07\/2026<\/time><\/div><div class='slide-entry-excerpt entry-content'  itemprop=\"text\" >In an interview for CCIFER, Iuliana Anghel, Business Development Manager, discusses the directions shaping the present and future of the EPR sector, the real challenges of the market, and the role a mature OIREP plays within the circularity ecosystem.<\/div><\/div><footer class=\"entry-footer\"><\/footer><span class='hidden'>\n\t\t\t\t<span class='av-structured-data'  itemprop=\"image\" itemscope=\"itemscope\" itemtype=\"https:\/\/schema.org\/ImageObject\" >\n\t\t\t\t\t\t<span itemprop='url'>https:\/\/reciclador.green\/wp-content\/uploads\/2026\/07\/iuliana-anghel-recicladOR-interviu-CCIFER.png<\/span>\n\t\t\t\t\t\t<span itemprop='height'>768<\/span>\n\t\t\t\t\t\t<span itemprop='width'>1366<\/span>\n\t\t\t\t<\/span>\n\t\t\t\t<span class='av-structured-data'  itemprop=\"publisher\" itemtype=\"https:\/\/schema.org\/Organization\" itemscope=\"itemscope\" >\n\t\t\t\t\t\t<span itemprop='name'>Turturica Ines<\/span>\n\t\t\t\t\t\t<span itemprop='logo' itemscope itemtype='https:\/\/schema.org\/ImageObject'>\n\t\t\t\t\t\t\t<span itemprop='url'>https:\/\/reciclador.green\/wp-content\/uploads\/2020\/08\/logo-reciclador.png<\/span>\n\t\t\t\t\t\t<\/span>\n\t\t\t\t<\/span><span class='av-structured-data'  itemprop=\"author\" itemscope=\"itemscope\" itemtype=\"https:\/\/schema.org\/Person\" ><span itemprop='name'>Turturica Ines<\/span><\/span><span class='av-structured-data'  itemprop=\"datePublished\" datetime=\"2020-08-25T15:25:39+03:00\" >2026-07-22 11:05:17<\/span><span class='av-structured-data'  itemprop=\"dateModified\" itemtype=\"https:\/\/schema.org\/dateModified\" >2026-07-22 11:13:09<\/span><span class='av-structured-data'  itemprop=\"mainEntityOfPage\" itemtype=\"https:\/\/schema.org\/mainEntityOfPage\" ><span itemprop='name'>Iuliana Anghel: Extended Producer Responsibility requires transparency, traceability, and real impact<\/span><\/span><\/span><\/article><article class='slide-entry flex_column  post-entry post-entry-60843 slide-entry-overview slide-loop-6 slide-parity-odd  av_one_third  real-thumbnail posttype-post post-format-standard'  itemscope=\"itemscope\" itemtype=\"https:\/\/schema.org\/CreativeWork\" ><a href='https:\/\/reciclador.green\/en\/oirep-reciclador-denise-deleanu-interview\/' data-rel='slide-1' class='slide-image' title='OIREP 2026: Strategic Preparation, the Competitive Advantage of Reciclad&#8217;OR'><img decoding=\"async\" fetchpriority=\"high\" width=\"710\" height=\"375\" src=\"https:\/\/reciclador.green\/wp-content\/uploads\/2026\/07\/reciclador-denise-deleanu-sustainability-today2-710x375.jpg\" class=\"wp-image-60837 avia-img-lazy-loading-not-60837 attachment-magazine size-magazine wp-post-image\" alt=\"\" \/><\/a><div class=\"slide-content\"><header class=\"entry-content-header\" aria-label=\"Slide: OIREP 2026: Strategic Preparation, the Competitive Advantage of Reciclad&#039;OR\"><h3 class='slide-entry-title entry-title '  itemprop=\"headline\" ><a href='https:\/\/reciclador.green\/en\/oirep-reciclador-denise-deleanu-interview\/' title='OIREP 2026: Strategic Preparation, the Competitive Advantage of Reciclad&#8217;OR'>OIREP 2026: Strategic Preparation, the Competitive Advantage of Reciclad&#8217;OR<\/a><\/h3><span class=\"av-vertical-delimiter\"><\/span><\/header><div class=\"slide-meta\"><time class='slide-meta-time updated'  itemprop=\"datePublished\" datetime=\"2026-07-15T11:47:09+03:00\" >15\/07\/2026<\/time><\/div><div class='slide-entry-excerpt entry-content'  itemprop=\"text\" >\nRomania's market of extended producer responsibility (EPR) organisations\u2026<\/div><\/div><footer class=\"entry-footer\"><\/footer><span class='hidden'>\n\t\t\t\t<span class='av-structured-data'  itemprop=\"image\" itemscope=\"itemscope\" itemtype=\"https:\/\/schema.org\/ImageObject\" >\n\t\t\t\t\t\t<span itemprop='url'>https:\/\/reciclador.green\/wp-content\/uploads\/2026\/07\/reciclador-denise-deleanu-sustainability-today2-e1784105432891.jpg<\/span>\n\t\t\t\t\t\t<span itemprop='height'>490<\/span>\n\t\t\t\t\t\t<span itemprop='width'>884<\/span>\n\t\t\t\t<\/span>\n\t\t\t\t<span class='av-structured-data'  itemprop=\"publisher\" itemtype=\"https:\/\/schema.org\/Organization\" itemscope=\"itemscope\" >\n\t\t\t\t\t\t<span itemprop='name'>Turturica Ines<\/span>\n\t\t\t\t\t\t<span itemprop='logo' itemscope itemtype='https:\/\/schema.org\/ImageObject'>\n\t\t\t\t\t\t\t<span itemprop='url'>https:\/\/reciclador.green\/wp-content\/uploads\/2020\/08\/logo-reciclador.png<\/span>\n\t\t\t\t\t\t<\/span>\n\t\t\t\t<\/span><span class='av-structured-data'  itemprop=\"author\" itemscope=\"itemscope\" itemtype=\"https:\/\/schema.org\/Person\" ><span itemprop='name'>Turturica Ines<\/span><\/span><span class='av-structured-data'  itemprop=\"datePublished\" datetime=\"2020-08-25T15:25:39+03:00\" >2026-07-15 11:47:09<\/span><span class='av-structured-data'  itemprop=\"dateModified\" itemtype=\"https:\/\/schema.org\/dateModified\" >2026-07-15 12:35:29<\/span><span class='av-structured-data'  itemprop=\"mainEntityOfPage\" itemtype=\"https:\/\/schema.org\/mainEntityOfPage\" ><span itemprop='name'>OIREP 2026: Strategic Preparation, the Competitive Advantage of Reciclad&#8217;OR<\/span><\/span><\/span><\/article><\/div><div class=\"slide-entry-wrap\"><article class='slide-entry flex_column  post-entry post-entry-60819 slide-entry-overview slide-loop-7 slide-parity-odd  av_one_third first real-thumbnail posttype-post post-format-standard'  itemscope=\"itemscope\" itemtype=\"https:\/\/schema.org\/CreativeWork\" ><a href='https:\/\/reciclador.green\/en\/sabon-recycle-extindere-nationala-reciclador\/' data-rel='slide-1' class='slide-image' title='Two years after launch, SABON RECycle expands nationwide'><img decoding=\"async\" fetchpriority=\"high\" width=\"710\" height=\"375\" src=\"https:\/\/reciclador.green\/wp-content\/uploads\/2026\/07\/EX_Sabon-710x375.jpg\" class=\"wp-image-60817 avia-img-lazy-loading-not-60817 attachment-magazine size-magazine wp-post-image\" alt=\"\" \/><\/a><div class=\"slide-content\"><header class=\"entry-content-header\" aria-label=\"Slide: Two years after launch, SABON RECycle expands nationwide\"><h3 class='slide-entry-title entry-title '  itemprop=\"headline\" ><a href='https:\/\/reciclador.green\/en\/sabon-recycle-extindere-nationala-reciclador\/' title='Two years after launch, SABON RECycle expands nationwide'>Two years after launch, SABON RECycle expands nationwide<\/a><\/h3><span class=\"av-vertical-delimiter\"><\/span><\/header><div class=\"slide-meta\"><time class='slide-meta-time updated'  itemprop=\"datePublished\" datetime=\"2026-07-13T13:24:26+03:00\" >13\/07\/2026<\/time><\/div><div class='slide-entry-excerpt entry-content'  itemprop=\"text\" >SABON RECycle, proiectul de reciclare dezvoltat \u00eempreun\u0103 cu RECICLAD\u2019OR, se extinde la nivel na\u021bional cu 11 noi puncte de colectare \u00een 8 ora\u0219e din Rom\u00e2nia, dup\u0103 doi ani de succes \u00een Bucure\u0219ti.<\/div><\/div><footer class=\"entry-footer\"><\/footer><span class='hidden'>\n\t\t\t\t<span class='av-structured-data'  itemprop=\"image\" itemscope=\"itemscope\" itemtype=\"https:\/\/schema.org\/ImageObject\" >\n\t\t\t\t\t\t<span itemprop='url'>https:\/\/reciclador.green\/wp-content\/uploads\/2026\/07\/EX_Sabon.jpg<\/span>\n\t\t\t\t\t\t<span itemprop='height'>579<\/span>\n\t\t\t\t\t\t<span itemprop='width'>1030<\/span>\n\t\t\t\t<\/span>\n\t\t\t\t<span class='av-structured-data'  itemprop=\"publisher\" itemtype=\"https:\/\/schema.org\/Organization\" itemscope=\"itemscope\" >\n\t\t\t\t\t\t<span itemprop='name'>Turturica Ines<\/span>\n\t\t\t\t\t\t<span itemprop='logo' itemscope itemtype='https:\/\/schema.org\/ImageObject'>\n\t\t\t\t\t\t\t<span itemprop='url'>https:\/\/reciclador.green\/wp-content\/uploads\/2020\/08\/logo-reciclador.png<\/span>\n\t\t\t\t\t\t<\/span>\n\t\t\t\t<\/span><span class='av-structured-data'  itemprop=\"author\" itemscope=\"itemscope\" itemtype=\"https:\/\/schema.org\/Person\" ><span itemprop='name'>Turturica Ines<\/span><\/span><span class='av-structured-data'  itemprop=\"datePublished\" datetime=\"2020-08-25T15:25:39+03:00\" >2026-07-13 13:24:26<\/span><span class='av-structured-data'  itemprop=\"dateModified\" itemtype=\"https:\/\/schema.org\/dateModified\" >2026-07-13 13:29:19<\/span><span class='av-structured-data'  itemprop=\"mainEntityOfPage\" itemtype=\"https:\/\/schema.org\/mainEntityOfPage\" ><span itemprop='name'>Two years after launch, SABON RECycle expands nationwide<\/span><\/span><\/span><\/article><article class='slide-entry flex_column  post-entry post-entry-60753 slide-entry-overview slide-loop-8 slide-parity-even  av_one_third  real-thumbnail posttype-post post-format-standard'  itemscope=\"itemscope\" itemtype=\"https:\/\/schema.org\/CreativeWork\" ><a href='https:\/\/reciclador.green\/en\/reciclador-ccifer-grupul-de-lucru-tranzitia-verde-hr\/' data-rel='slide-1' class='slide-image' title='Reciclad&#8217;OR at the CCIFER Green Transition &#038; HR Working Group: what committed sustainability truly means'><img decoding=\"async\" fetchpriority=\"high\" width=\"710\" height=\"375\" src=\"https:\/\/reciclador.green\/wp-content\/uploads\/2026\/07\/CCIFER-grupul-de-lucru-HR-Tranzitie-Verde-iunie026-710x375.png\" class=\"wp-image-60750 avia-img-lazy-loading-not-60750 attachment-magazine size-magazine wp-post-image\" alt=\"\" \/><\/a><div class=\"slide-content\"><header class=\"entry-content-header\" aria-label=\"Slide: Reciclad&#039;OR at the CCIFER Green Transition &amp; HR Working Group: what committed sustainability truly means\"><h3 class='slide-entry-title entry-title '  itemprop=\"headline\" ><a href='https:\/\/reciclador.green\/en\/reciclador-ccifer-grupul-de-lucru-tranzitia-verde-hr\/' title='Reciclad&#8217;OR at the CCIFER Green Transition &#038; HR Working Group: what committed sustainability truly means'>Reciclad&#8217;OR at the CCIFER Green Transition &#038; HR Working Group: what committed sustainability truly means<\/a><\/h3><span class=\"av-vertical-delimiter\"><\/span><\/header><div class=\"slide-meta\"><time class='slide-meta-time updated'  itemprop=\"datePublished\" datetime=\"2026-07-01T11:32:49+03:00\" >01\/07\/2026<\/time><\/div><div class='slide-entry-excerpt entry-content'  itemprop=\"text\" >On June 25, 2026, I attended the meeting of the Green Transition & HR Working Group at CCIFER. The evening\u2019s theme: People and sustainability: from compliance to commitment. Venue: Adecco Romania headquarters.<\/div><\/div><footer class=\"entry-footer\"><\/footer><span class='hidden'>\n\t\t\t\t<span class='av-structured-data'  itemprop=\"image\" itemscope=\"itemscope\" itemtype=\"https:\/\/schema.org\/ImageObject\" >\n\t\t\t\t\t\t<span itemprop='url'>https:\/\/reciclador.green\/wp-content\/uploads\/2026\/07\/CCIFER-grupul-de-lucru-HR-Tranzitie-Verde-iunie026.png<\/span>\n\t\t\t\t\t\t<span itemprop='height'>768<\/span>\n\t\t\t\t\t\t<span itemprop='width'>1366<\/span>\n\t\t\t\t<\/span>\n\t\t\t\t<span class='av-structured-data'  itemprop=\"publisher\" itemtype=\"https:\/\/schema.org\/Organization\" itemscope=\"itemscope\" >\n\t\t\t\t\t\t<span itemprop='name'>Turturica Ines<\/span>\n\t\t\t\t\t\t<span itemprop='logo' itemscope itemtype='https:\/\/schema.org\/ImageObject'>\n\t\t\t\t\t\t\t<span itemprop='url'>https:\/\/reciclador.green\/wp-content\/uploads\/2020\/08\/logo-reciclador.png<\/span>\n\t\t\t\t\t\t<\/span>\n\t\t\t\t<\/span><span class='av-structured-data'  itemprop=\"author\" itemscope=\"itemscope\" itemtype=\"https:\/\/schema.org\/Person\" ><span itemprop='name'>Turturica Ines<\/span><\/span><span class='av-structured-data'  itemprop=\"datePublished\" datetime=\"2020-08-25T15:25:39+03:00\" >2026-07-01 11:32:49<\/span><span class='av-structured-data'  itemprop=\"dateModified\" itemtype=\"https:\/\/schema.org\/dateModified\" >2026-07-01 12:15:48<\/span><span class='av-structured-data'  itemprop=\"mainEntityOfPage\" itemtype=\"https:\/\/schema.org\/mainEntityOfPage\" ><span itemprop='name'>Reciclad&#8217;OR at the CCIFER Green Transition &#038; HR Working Group: what committed sustainability truly means<\/span><\/span><\/span><\/article><article class='slide-entry flex_column  post-entry post-entry-60616 slide-entry-overview slide-loop-9 slide-parity-odd  post-entry-last  av_one_third  real-thumbnail posttype-post post-format-standard'  itemscope=\"itemscope\" itemtype=\"https:\/\/schema.org\/CreativeWork\" ><a href='https:\/\/reciclador.green\/en\/reciclador-at-forbes-kids-festival-2026\/' data-rel='slide-1' class='slide-image' title='Reciclad\u2019OR at Forbes Kids Festival 2026: 200+ children, 8 hours of green fun, and the Recycling Superhero at Mogo\u0219oaia Palace'><img decoding=\"async\" fetchpriority=\"high\" width=\"710\" height=\"375\" src=\"https:\/\/reciclador.green\/wp-content\/uploads\/2026\/06\/Colaj-cu-fetita-si-vata-de-zahar-Website-710x375.png\" class=\"wp-image-60613 avia-img-lazy-loading-not-60613 attachment-magazine size-magazine wp-post-image\" alt=\"Reciclad&#039;OR la Forbes Kids Festival 2026\" \/><\/a><div class=\"slide-content\"><header class=\"entry-content-header\" aria-label=\"Slide: Reciclad\u2019OR at Forbes Kids Festival 2026: 200+ children, 8 hours of green fun, and the Recycling Superhero at Mogo\u0219oaia Palace\"><h3 class='slide-entry-title entry-title '  itemprop=\"headline\" ><a href='https:\/\/reciclador.green\/en\/reciclador-at-forbes-kids-festival-2026\/' title='Reciclad\u2019OR at Forbes Kids Festival 2026: 200+ children, 8 hours of green fun, and the Recycling Superhero at Mogo\u0219oaia Palace'>Reciclad\u2019OR at Forbes Kids Festival 2026: 200+ children, 8 hours of green fun, and the Recycling Superhero at Mogo\u0219oaia Palace<\/a><\/h3><span class=\"av-vertical-delimiter\"><\/span><\/header><div class=\"slide-meta\"><time class='slide-meta-time updated'  itemprop=\"datePublished\" datetime=\"2026-06-30T11:54:16+03:00\" >30\/06\/2026<\/time><\/div><div class='slide-entry-excerpt entry-content'  itemprop=\"text\" >On Saturday, June 27th, 2026, in the heart of the fairytale grounds of Mogo\u0219oaia Palace, under the sunny sky and the shade of century-old trees, Reciclad\u2019OR turned a weekend day into a living lesson on how to save the planet \u2014 with a smile and a cotton candy in hand. Forbes Kids 2026 \u00d7 Reciclad\u2019OR \u2014 a winning combination for environmental education.<\/div><\/div><footer class=\"entry-footer\"><\/footer><span class='hidden'>\n\t\t\t\t<span class='av-structured-data'  itemprop=\"image\" itemscope=\"itemscope\" itemtype=\"https:\/\/schema.org\/ImageObject\" >\n\t\t\t\t\t\t<span itemprop='url'>https:\/\/reciclador.green\/wp-content\/uploads\/2026\/06\/Colaj-cu-fetita-si-vata-de-zahar-Website.png<\/span>\n\t\t\t\t\t\t<span itemprop='height'>768<\/span>\n\t\t\t\t\t\t<span itemprop='width'>1366<\/span>\n\t\t\t\t<\/span>\n\t\t\t\t<span class='av-structured-data'  itemprop=\"publisher\" itemtype=\"https:\/\/schema.org\/Organization\" itemscope=\"itemscope\" >\n\t\t\t\t\t\t<span itemprop='name'>Turturica Ines<\/span>\n\t\t\t\t\t\t<span itemprop='logo' itemscope itemtype='https:\/\/schema.org\/ImageObject'>\n\t\t\t\t\t\t\t<span itemprop='url'>https:\/\/reciclador.green\/wp-content\/uploads\/2020\/08\/logo-reciclador.png<\/span>\n\t\t\t\t\t\t<\/span>\n\t\t\t\t<\/span><span class='av-structured-data'  itemprop=\"author\" itemscope=\"itemscope\" itemtype=\"https:\/\/schema.org\/Person\" ><span itemprop='name'>Turturica Ines<\/span><\/span><span class='av-structured-data'  itemprop=\"datePublished\" datetime=\"2020-08-25T15:25:39+03:00\" >2026-06-30 11:54:16<\/span><span class='av-structured-data'  itemprop=\"dateModified\" itemtype=\"https:\/\/schema.org\/dateModified\" >2026-06-30 12:11:37<\/span><span class='av-structured-data'  itemprop=\"mainEntityOfPage\" itemtype=\"https:\/\/schema.org\/mainEntityOfPage\" ><span itemprop='name'>Reciclad\u2019OR at Forbes Kids Festival 2026: 200+ children, 8 hours of green fun, and the Recycling Superhero at Mogo\u0219oaia Palace<\/span><\/span><\/span><\/article><\/div><\/div><div class='pagination-wrap pagination-slider'><nav class='pagination'><span class='pagination-meta'>Page 1 of 30<\/span><span class='current'>1<\/span><a href='https:\/\/reciclador.green\/en\/wp-json\/wp\/v2\/pages\/11828\/?avia-element-paging=2' class='inactive next_page' >2<\/a><a href='https:\/\/reciclador.green\/en\/wp-json\/wp\/v2\/pages\/11828\/?avia-element-paging=3' class='inactive' >3<\/a><a href='https:\/\/reciclador.green\/en\/wp-json\/wp\/v2\/pages\/11828\/?avia-element-paging=2'>&rsaquo;<\/a><a href='https:\/\/reciclador.green\/en\/wp-json\/wp\/v2\/pages\/11828\/?avia-element-paging=30'>&raquo;<\/a><\/nav>\n<\/div><\/div><\/p><\/div>\n","protected":false},"excerpt":{"rendered":"","protected":false},"author":2,"featured_media":0,"parent":0,"menu_order":0,"comment_status":"closed","ping_status":"closed","template":"","meta":{"footnotes":"","_links_to":"","_links_to_target":""},"class_list":["post-11828","page","type-page","status-publish","hentry"],"yoast_head":"<!-- This site is optimized with the Yoast SEO plugin v28.4 - https:\/\/yoast.com\/product\/yoast-seo-wordpress\/ -->\n<title>News - Reciclad&#039;OR - Recicleaz\u0103 inteligent<\/title>\n<meta name=\"robots\" content=\"index, follow, max-snippet:-1, max-image-preview:large, max-video-preview:-1\" \/>\n<link rel=\"canonical\" href=\"https:\/\/reciclador.green\/en\/news\/\" \/>\n<meta property=\"og:locale\" content=\"en_US\" \/>\n<meta property=\"og:type\" content=\"article\" \/>\n<meta property=\"og:title\" content=\"News - Reciclad&#039;OR - Recicleaz\u0103 inteligent\" \/>\n<meta property=\"og:url\" content=\"https:\/\/reciclador.green\/en\/news\/\" \/>\n<meta property=\"og:site_name\" content=\"Reciclad&#039;OR - Recicleaz\u0103 inteligent\" \/>\n<meta property=\"article:publisher\" content=\"https:\/\/www.facebook.com\/reciclador.green\/\" \/>\n<meta property=\"article:modified_time\" content=\"2023-02-16T10:05:36+00:00\" \/>\n<meta property=\"og:image\" content=\"https:\/\/reciclador.green\/wp-content\/uploads\/2018\/03\/Pedaleaza-si-recicleaza-Reciclador-1.jpg\" \/>\n\t<meta property=\"og:image:width\" content=\"1200\" \/>\n\t<meta property=\"og:image:height\" content=\"800\" \/>\n\t<meta property=\"og:image:type\" content=\"image\/jpeg\" \/>\n<meta name=\"twitter:card\" content=\"summary_large_image\" \/>\n<meta name=\"twitter:label1\" content=\"Est. reading time\" \/>\n\t<meta name=\"twitter:data1\" content=\"1 minute\" \/>\n<script type=\"application\/ld+json\" class=\"yoast-schema-graph\">{\"@context\":\"https:\\\/\\\/schema.org\",\"@graph\":[{\"@type\":\"WebPage\",\"@id\":\"https:\\\/\\\/reciclador.green\\\/en\\\/news\\\/\",\"url\":\"https:\\\/\\\/reciclador.green\\\/en\\\/news\\\/\",\"name\":\"News - Reciclad&#039;OR - Recicleaz\u0103 inteligent\",\"isPartOf\":{\"@id\":\"https:\\\/\\\/reciclador.green\\\/#website\"},\"datePublished\":\"2020-08-25T12:25:39+00:00\",\"dateModified\":\"2023-02-16T10:05:36+00:00\",\"breadcrumb\":{\"@id\":\"https:\\\/\\\/reciclador.green\\\/en\\\/news\\\/#breadcrumb\"},\"inLanguage\":\"en-US\",\"potentialAction\":[{\"@type\":\"ReadAction\",\"target\":[\"https:\\\/\\\/reciclador.green\\\/en\\\/news\\\/\"]}]},{\"@type\":\"BreadcrumbList\",\"@id\":\"https:\\\/\\\/reciclador.green\\\/en\\\/news\\\/#breadcrumb\",\"itemListElement\":[{\"@type\":\"ListItem\",\"position\":1,\"name\":\"Prima pagin\u0103\",\"item\":\"https:\\\/\\\/reciclador.green\\\/en\\\/\"},{\"@type\":\"ListItem\",\"position\":2,\"name\":\"News\"}]},{\"@type\":\"WebSite\",\"@id\":\"https:\\\/\\\/reciclador.green\\\/#website\",\"url\":\"https:\\\/\\\/reciclador.green\\\/\",\"name\":\"Reciclad&#039;OR - Recicleaz\u0103 inteligent\",\"description\":\"Reciclare, protec\u021bia mediului, colectare selectiv\u0103\",\"publisher\":{\"@id\":\"https:\\\/\\\/reciclador.green\\\/#organization\"},\"potentialAction\":[{\"@type\":\"SearchAction\",\"target\":{\"@type\":\"EntryPoint\",\"urlTemplate\":\"https:\\\/\\\/reciclador.green\\\/?s={search_term_string}\"},\"query-input\":{\"@type\":\"PropertyValueSpecification\",\"valueRequired\":true,\"valueName\":\"search_term_string\"}}],\"inLanguage\":\"en-US\"},{\"@type\":\"Organization\",\"@id\":\"https:\\\/\\\/reciclador.green\\\/#organization\",\"name\":\"Reciclad'OR\",\"url\":\"https:\\\/\\\/reciclador.green\\\/\",\"logo\":{\"@type\":\"ImageObject\",\"inLanguage\":\"en-US\",\"@id\":\"https:\\\/\\\/reciclador.green\\\/#\\\/schema\\\/logo\\\/image\\\/\",\"url\":\"https:\\\/\\\/reciclador.green\\\/wp-content\\\/uploads\\\/2025\\\/12\\\/logo-reciclador.png\",\"contentUrl\":\"https:\\\/\\\/reciclador.green\\\/wp-content\\\/uploads\\\/2025\\\/12\\\/logo-reciclador.png\",\"width\":696,\"height\":696,\"caption\":\"Reciclad'OR\"},\"image\":{\"@id\":\"https:\\\/\\\/reciclador.green\\\/#\\\/schema\\\/logo\\\/image\\\/\"},\"sameAs\":[\"https:\\\/\\\/www.facebook.com\\\/reciclador.green\\\/\",\"https:\\\/\\\/www.instagram.com\\\/reciclador.green\\\/\",\"https:\\\/\\\/www.linkedin.com\\\/company\\\/reciclad-or\\\/\"]}]}<\/script>\n<!-- \/ Yoast SEO plugin. -->","yoast_head_json":{"title":"News - Reciclad&#039;OR - Recicleaz\u0103 inteligent","robots":{"index":"index","follow":"follow","max-snippet":"max-snippet:-1","max-image-preview":"max-image-preview:large","max-video-preview":"max-video-preview:-1"},"canonical":"https:\/\/reciclador.green\/en\/news\/","og_locale":"en_US","og_type":"article","og_title":"News - Reciclad&#039;OR - Recicleaz\u0103 inteligent","og_url":"https:\/\/reciclador.green\/en\/news\/","og_site_name":"Reciclad&#039;OR - Recicleaz\u0103 inteligent","article_publisher":"https:\/\/www.facebook.com\/reciclador.green\/","article_modified_time":"2023-02-16T10:05:36+00:00","og_image":[{"width":1200,"height":800,"url":"https:\/\/reciclador.green\/wp-content\/uploads\/2018\/03\/Pedaleaza-si-recicleaza-Reciclador-1.jpg","type":"image\/jpeg"}],"twitter_card":"summary_large_image","twitter_misc":{"Est. reading time":"1 minute"},"schema":{"@context":"https:\/\/schema.org","@graph":[{"@type":"WebPage","@id":"https:\/\/reciclador.green\/en\/news\/","url":"https:\/\/reciclador.green\/en\/news\/","name":"News - Reciclad&#039;OR - Recicleaz\u0103 inteligent","isPartOf":{"@id":"https:\/\/reciclador.green\/#website"},"datePublished":"2020-08-25T12:25:39+00:00","dateModified":"2023-02-16T10:05:36+00:00","breadcrumb":{"@id":"https:\/\/reciclador.green\/en\/news\/#breadcrumb"},"inLanguage":"en-US","potentialAction":[{"@type":"ReadAction","target":["https:\/\/reciclador.green\/en\/news\/"]}]},{"@type":"BreadcrumbList","@id":"https:\/\/reciclador.green\/en\/news\/#breadcrumb","itemListElement":[{"@type":"ListItem","position":1,"name":"Prima pagin\u0103","item":"https:\/\/reciclador.green\/en\/"},{"@type":"ListItem","position":2,"name":"News"}]},{"@type":"WebSite","@id":"https:\/\/reciclador.green\/#website","url":"https:\/\/reciclador.green\/","name":"Reciclad&#039;OR - Recicleaz\u0103 inteligent","description":"Reciclare, protec\u021bia mediului, colectare selectiv\u0103","publisher":{"@id":"https:\/\/reciclador.green\/#organization"},"potentialAction":[{"@type":"SearchAction","target":{"@type":"EntryPoint","urlTemplate":"https:\/\/reciclador.green\/?s={search_term_string}"},"query-input":{"@type":"PropertyValueSpecification","valueRequired":true,"valueName":"search_term_string"}}],"inLanguage":"en-US"},{"@type":"Organization","@id":"https:\/\/reciclador.green\/#organization","name":"Reciclad'OR","url":"https:\/\/reciclador.green\/","logo":{"@type":"ImageObject","inLanguage":"en-US","@id":"https:\/\/reciclador.green\/#\/schema\/logo\/image\/","url":"https:\/\/reciclador.green\/wp-content\/uploads\/2025\/12\/logo-reciclador.png","contentUrl":"https:\/\/reciclador.green\/wp-content\/uploads\/2025\/12\/logo-reciclador.png","width":696,"height":696,"caption":"Reciclad'OR"},"image":{"@id":"https:\/\/reciclador.green\/#\/schema\/logo\/image\/"},"sameAs":["https:\/\/www.facebook.com\/reciclador.green\/","https:\/\/www.instagram.com\/reciclador.green\/","https:\/\/www.linkedin.com\/company\/reciclad-or\/"]}]}},"_links":{"self":[{"href":"https:\/\/reciclador.green\/en\/wp-json\/wp\/v2\/pages\/11828","targetHints":{"allow":["GET"]}}],"collection":[{"href":"https:\/\/reciclador.green\/en\/wp-json\/wp\/v2\/pages"}],"about":[{"href":"https:\/\/reciclador.green\/en\/wp-json\/wp\/v2\/types\/page"}],"author":[{"embeddable":true,"href":"https:\/\/reciclador.green\/en\/wp-json\/wp\/v2\/users\/2"}],"replies":[{"embeddable":true,"href":"https:\/\/reciclador.green\/en\/wp-json\/wp\/v2\/comments?post=11828"}],"version-history":[{"count":5,"href":"https:\/\/reciclador.green\/en\/wp-json\/wp\/v2\/pages\/11828\/revisions"}],"predecessor-version":[{"id":26416,"href":"https:\/\/reciclador.green\/en\/wp-json\/wp\/v2\/pages\/11828\/revisions\/26416"}],"wp:attachment":[{"href":"https:\/\/reciclador.green\/en\/wp-json\/wp\/v2\/media?parent=11828"}],"curies":[{"name":"wp","href":"https:\/\/api.w.org\/{rel}","templated":true}]}}